{"id":28704,"date":"2021-09-02T18:20:29","date_gmt":"2021-09-02T17:20:29","guid":{"rendered":"https:\/\/artizar.es\/new-%c2%b7-final-de-temporada-20-21\/"},"modified":"2022-07-21T11:25:26","modified_gmt":"2022-07-21T10:25:26","slug":"new-%c2%b7-final-de-temporada-20-21","status":"publish","type":"page","link":"https:\/\/artizar.es\/en\/new-%c2%b7-final-de-temporada-20-21\/","title":{"rendered":"NEW \u00b7 Final de temporada 20-21"},"content":{"rendered":"\t\t<div data-elementor-type=\"wp-page\" data-elementor-id=\"28704\" class=\"elementor elementor-28704 elementor-28624\" data-elementor-settings=\"{&quot;element_pack_global_tooltip_width&quot;:{&quot;unit&quot;:&quot;px&quot;,&quot;size&quot;:&quot;&quot;,&quot;sizes&quot;:[]},&quot;element_pack_global_tooltip_width_tablet&quot;:{&quot;unit&quot;:&quot;px&quot;,&quot;size&quot;:&quot;&quot;,&quot;sizes&quot;:[]},&quot;element_pack_global_tooltip_width_mobile&quot;:{&quot;unit&quot;:&quot;px&quot;,&quot;size&quot;:&quot;&quot;,&quot;sizes&quot;:[]},&quot;element_pack_global_tooltip_padding&quot;:{&quot;unit&quot;:&quot;px&quot;,&quot;top&quot;:&quot;&quot;,&quot;right&quot;:&quot;&quot;,&quot;bottom&quot;:&quot;&quot;,&quot;left&quot;:&quot;&quot;,&quot;isLinked&quot;:true},&quot;element_pack_global_tooltip_padding_tablet&quot;:{&quot;unit&quot;:&quot;px&quot;,&quot;top&quot;:&quot;&quot;,&quot;right&quot;:&quot;&quot;,&quot;bottom&quot;:&quot;&quot;,&quot;left&quot;:&quot;&quot;,&quot;isLinked&quot;:true},&quot;element_pack_global_tooltip_padding_mobile&quot;:{&quot;unit&quot;:&quot;px&quot;,&quot;top&quot;:&quot;&quot;,&quot;right&quot;:&quot;&quot;,&quot;bottom&quot;:&quot;&quot;,&quot;left&quot;:&quot;&quot;,&quot;isLinked&quot;:true},&quot;element_pack_global_tooltip_border_radius&quot;:{&quot;unit&quot;:&quot;px&quot;,&quot;top&quot;:&quot;&quot;,&quot;right&quot;:&quot;&quot;,&quot;bottom&quot;:&quot;&quot;,&quot;left&quot;:&quot;&quot;,&quot;isLinked&quot;:true},&quot;element_pack_global_tooltip_border_radius_tablet&quot;:{&quot;unit&quot;:&quot;px&quot;,&quot;top&quot;:&quot;&quot;,&quot;right&quot;:&quot;&quot;,&quot;bottom&quot;:&quot;&quot;,&quot;left&quot;:&quot;&quot;,&quot;isLinked&quot;:true},&quot;element_pack_global_tooltip_border_radius_mobile&quot;:{&quot;unit&quot;:&quot;px&quot;,&quot;top&quot;:&quot;&quot;,&quot;right&quot;:&quot;&quot;,&quot;bottom&quot;:&quot;&quot;,&quot;left&quot;:&quot;&quot;,&quot;isLinked&quot;:true}}\" data-elementor-post-type=\"page\">\n\t\t\t\t\t\t<section class=\"elementor-section elementor-top-section elementor-element elementor-element-6a2089a3 elementor-section-height-min-height elementor-section-content-middle elementor-section-boxed elementor-section-height-default elementor-section-items-middle\" data-id=\"6a2089a3\" data-element_type=\"section\" data-e-type=\"section\" data-settings=\"{&quot;background_background&quot;:&quot;classic&quot;}\">\n\t\t\t\t\t\t\t<div class=\"elementor-background-overlay\"><\/div>\n\t\t\t\t\t\t\t<div class=\"elementor-container elementor-column-gap-no\">\n\t\t\t\t\t<div class=\"elementor-column elementor-col-100 elementor-top-column elementor-element elementor-element-4f91479c\" data-id=\"4f91479c\" data-element_type=\"column\" data-e-type=\"column\">\n\t\t\t<div class=\"elementor-widget-wrap elementor-element-populated\">\n\t\t\t\t\t\t<div class=\"elementor-element elementor-element-547c0837 elementor-widget elementor-widget-heading\" data-id=\"547c0837\" data-element_type=\"widget\" data-e-type=\"widget\" data-widget_type=\"heading.default\">\n\t\t\t\t<div class=\"elementor-widget-container\">\n\t\t\t\t\t<h2 class=\"elementor-heading-title elementor-size-default\">Final de temporada 2020\u00b72021 en Artizar<\/h2>\t\t\t\t<\/div>\n\t\t\t\t<\/div>\n\t\t\t\t\t<\/div>\n\t\t<\/div>\n\t\t\t\t\t<\/div>\n\t\t<\/section>\n\t\t\t\t<section class=\"elementor-section elementor-top-section elementor-element elementor-element-571b46cb elementor-section-boxed elementor-section-height-default elementor-section-height-default\" data-id=\"571b46cb\" data-element_type=\"section\" data-e-type=\"section\">\n\t\t\t\t\t\t<div class=\"elementor-container elementor-column-gap-default\">\n\t\t\t\t\t<div class=\"elementor-column elementor-col-100 elementor-top-column elementor-element elementor-element-45b58217\" data-id=\"45b58217\" data-element_type=\"column\" data-e-type=\"column\">\n\t\t\t<div class=\"elementor-widget-wrap elementor-element-populated\">\n\t\t\t\t\t\t<div class=\"elementor-element elementor-element-67d2574 elementor-widget elementor-widget-text-editor\" data-id=\"67d2574\" data-element_type=\"widget\" data-e-type=\"widget\" data-widget_type=\"text-editor.default\">\n\t\t\t\t<div class=\"elementor-widget-container\">\n\t\t\t\t\t\t\t\t\t<p class=\"has-text-color\">Empieza el verano y con \u00e9l el final de la temporada art\u00edstica 2020-2021, una \u201cespecial\u201d temporada debido a las condiciones en las que nos encontramos todos desde que llegase a nuestras vidas esta pandemia sanitaria.<\/p>\n<p class=\"has-text-color\">Desde la <strong>Galer\u00eda Artizar<\/strong> no hemos cesado de trabajar ni un minuto, pues durante el confinamiento aprovechamos el tiempo para inventariar, organizar y poner a punto nuestros fondos y colecci\u00f3n de obras y tambi\u00e9n para digitalizar y mejorar las plataformas online con las que trabajamos estrechamente. Terminado este periodo de encierro forzoso en nuestros hogares nos lanzamos a presentar proyectos y seguir adelante con toda la normalidad con la que se pod\u00eda.<\/p>\n<p class=\"has-text-color\">Iniciamos la temporada en septiembre de 2020 con la exposici\u00f3n <em>Viento madera<\/em> de <strong>Luis Palmero<\/strong>, seguida de <em>Pero no el mundo<\/em> la primera individual de <strong>Laura Mesa<\/strong>. Despu\u00e9s lleg\u00f3 <em>Nitrato<\/em> del brit\u00e1nico <strong>Dave McKean<\/strong>, con la que se parti\u00f3 el a\u00f1o. <em>Canarias XIX-XX<\/em> reuni\u00f3 una importante colecci\u00f3n de obras de artistas canarios de los siglos XIX y XX y tras ella, llegaron a nuestras salas las exposiciones <em>Morfolog\u00eda del encuentro<\/em> de <strong>Jos\u00e9 Luis Serzo<\/strong> y <em>P\u00f3lenes<\/em> de<strong> Jes\u00fas Zurita.<\/strong><\/p>\n\t\t\t\t\t\t\t\t<\/div>\n\t\t\t\t<\/div>\n\t\t\t\t\t<\/div>\n\t\t<\/div>\n\t\t\t\t\t<\/div>\n\t\t<\/section>\n\t\t\t\t<section class=\"elementor-section elementor-top-section elementor-element elementor-element-28e9036d elementor-section-content-middle elementor-section-boxed elementor-section-height-default elementor-section-height-default\" data-id=\"28e9036d\" data-element_type=\"section\" data-e-type=\"section\">\n\t\t\t\t\t\t<div class=\"elementor-container elementor-column-gap-no\">\n\t\t\t\t\t<div class=\"elementor-column elementor-col-100 elementor-top-column elementor-element elementor-element-49bf8657\" data-id=\"49bf8657\" data-element_type=\"column\" data-e-type=\"column\">\n\t\t\t<div class=\"elementor-widget-wrap elementor-element-populated\">\n\t\t\t\t\t\t<div class=\"elementor-element elementor-element-2dccab13 elementor--h-position-center elementor--v-position-middle elementor-arrows-position-inside elementor-pagination-position-inside elementor-widget elementor-widget-slides\" data-id=\"2dccab13\" data-element_type=\"widget\" data-e-type=\"widget\" data-settings=\"{&quot;transition&quot;:&quot;fade&quot;,&quot;navigation&quot;:&quot;both&quot;,&quot;autoplay&quot;:&quot;yes&quot;,&quot;pause_on_hover&quot;:&quot;yes&quot;,&quot;pause_on_interaction&quot;:&quot;yes&quot;,&quot;autoplay_speed&quot;:5000,&quot;infinite&quot;:&quot;yes&quot;,&quot;transition_speed&quot;:500}\" data-widget_type=\"slides.default\">\n\t\t\t\t<div class=\"elementor-widget-container\">\n\t\t\t\t\t\t\t\t\t<div class=\"elementor-swiper\">\n\t\t\t\t\t<div class=\"elementor-slides-wrapper elementor-main-swiper swiper\" role=\"region\" aria-roledescription=\"carousel\" aria-label=\"Slides\" dir=\"ltr\" data-animation=\"fadeInUp\">\n\t\t\t\t<div class=\"swiper-wrapper elementor-slides\">\n\t\t\t\t\t\t\t\t\t\t<div class=\"elementor-repeater-item-32fceef swiper-slide\" role=\"group\" aria-roledescription=\"slide\"><div class=\"swiper-slide-bg\" role=\"img\" aria-label=\"34\"><\/div><div class=\"swiper-slide-inner\" ><div class=\"swiper-slide-contents\"><\/div><\/div><\/div><div class=\"elementor-repeater-item-b818ae6 swiper-slide\" role=\"group\" aria-roledescription=\"slide\"><div class=\"swiper-slide-bg\" role=\"img\" aria-label=\"04\"><\/div><div class=\"swiper-slide-inner\" ><div class=\"swiper-slide-contents\"><\/div><\/div><\/div><div class=\"elementor-repeater-item-186b1be swiper-slide\" role=\"group\" aria-roledescription=\"slide\"><div class=\"swiper-slide-bg\" role=\"img\" aria-label=\"20210514_091053\"><\/div><div class=\"swiper-slide-inner\" ><div class=\"swiper-slide-contents\"><\/div><\/div><\/div><div class=\"elementor-repeater-item-de617e8 swiper-slide\" role=\"group\" aria-roledescription=\"slide\"><div class=\"swiper-slide-bg\" role=\"img\" aria-label=\"12\"><\/div><div class=\"swiper-slide-inner\" ><div class=\"swiper-slide-contents\"><\/div><\/div><\/div>\t\t\t\t<\/div>\n\t\t\t\t\t\t\t\t\t\t\t\t\t\t\t<div class=\"elementor-swiper-button elementor-swiper-button-prev\" role=\"button\" tabindex=\"0\" aria-label=\"Previous slide\">\n\t\t\t\t\t\t\t<i aria-hidden=\"true\" class=\"eicon-chevron-left\"><\/i>\t\t\t\t\t\t<\/div>\n\t\t\t\t\t\t<div class=\"elementor-swiper-button elementor-swiper-button-next\" role=\"button\" tabindex=\"0\" aria-label=\"Next slide\">\n\t\t\t\t\t\t\t<i aria-hidden=\"true\" class=\"eicon-chevron-right\"><\/i>\t\t\t\t\t\t<\/div>\n\t\t\t\t\t\t\t\t\t\t\t\t\t\t\t\t<div class=\"swiper-pagination\"><\/div>\n\t\t\t\t\t\t\t\t\t\t\t\t<\/div>\n\t\t\t\t<\/div>\n\t\t\t\t\t\t\t\t<\/div>\n\t\t\t\t<\/div>\n\t\t\t\t\t<\/div>\n\t\t<\/div>\n\t\t\t\t\t<\/div>\n\t\t<\/section>\n\t\t\t\t<section class=\"elementor-section elementor-top-section elementor-element elementor-element-34f54b5d elementor-section-boxed elementor-section-height-default elementor-section-height-default\" data-id=\"34f54b5d\" data-element_type=\"section\" data-e-type=\"section\">\n\t\t\t\t\t\t<div class=\"elementor-container elementor-column-gap-default\">\n\t\t\t\t\t<div class=\"elementor-column elementor-col-100 elementor-top-column elementor-element elementor-element-25ebbee7\" data-id=\"25ebbee7\" data-element_type=\"column\" data-e-type=\"column\">\n\t\t\t<div class=\"elementor-widget-wrap elementor-element-populated\">\n\t\t\t\t\t\t<div class=\"elementor-element elementor-element-23bae1d4 elementor-widget elementor-widget-text-editor\" data-id=\"23bae1d4\" data-element_type=\"widget\" data-e-type=\"widget\" data-widget_type=\"text-editor.default\">\n\t\t\t\t<div class=\"elementor-widget-container\">\n\t\t\t\t\t\t\t\t\t<p class=\"has-text-color\">Actualmente tenemos en cartel la primera muestra individual de la artista tinerfe\u00f1a <strong>Romina Rivero<\/strong> bajo el t\u00edtulo <em>IKIGAI. Anatom\u00eda de las luci\u00e9rnagas<\/em>, que se podr\u00e1 visitar hasta el pr\u00f3ximo 31 de julio. Y como broche final a la temporada participaremos en dos ferias de arte nacionales, <strong>JUSTMAD<\/strong> que se celebra en Madrid del 8 al 11 de julio y a la que acudiremos con un \u201cduo Project\u201d de <strong>Romina Rivero<\/strong> y <strong>Esther Elena Pea<\/strong> (ganadora de la beca NOW 2020), y <strong>ARTESANTANDER<\/strong> a la que nos presentamos con un \u201cone Project\u201d de <strong>Marco Alom<\/strong> y que se podr\u00e1 visitar en la capital c\u00e1ntabra del 24 al 28 de julio.<\/p>\n<p class=\"has-text-color\">Con esto nos despediremos hasta septiembre, pero no descansaremos, y esto se debe a que la pr\u00f3xima temporada que estamos organizando ser\u00e1 con mucha diferencia la m\u00e1s ambiciosa de Artizar hasta la fecha. Exposiciones de <strong>Ra\u00fal Cordero<\/strong>, <strong>Amparo Sard<\/strong> o <strong>Juan Roberto Diago <\/strong>antes de final de a\u00f1o (2021), e importantes proyectos feriales, como nuestra participaci\u00f3n en la feria <strong>EXPO CHGO <\/strong>que se celebrar\u00e1 en el mes de abril en Chicago y a la que iremos con una importante representaci\u00f3n de nuestros artistas. Tambi\u00e9n estaremos presentes en la pr\u00f3xima <strong>Bienal de La Habana<\/strong> que tiene previsto realizarse en abril de 2022.<\/p>\n<p class=\"has-text-color\">En resumen, que esto no para de crecer y que cada d\u00eda tenemos m\u00e1s ganas y estamos m\u00e1s arropados por nuestros artistas, amigos y seguidores. \u00a1\u00a1\u00a1SEGUIMOS!!!<\/p>\n<\/p>\n<p class=\"has-text-align-right has-text-color\"><strong>FELIZ VERANO<\/strong><\/p>\n<p class=\"has-text-align-right has-text-color has-small-font-size\"><strong>Frasco Pinto y Pedro Pinto<\/strong><\/p>\n\t\t\t\t\t\t\t\t<\/div>\n\t\t\t\t<\/div>\n\t\t\t\t\t<\/div>\n\t\t<\/div>\n\t\t\t\t\t<\/div>\n\t\t<\/section>\n\t\t\t\t<section class=\"elementor-section elementor-top-section elementor-element elementor-element-62dcc34e elementor-section-boxed elementor-section-height-default elementor-section-height-default\" data-id=\"62dcc34e\" data-element_type=\"section\" data-e-type=\"section\">\n\t\t\t\t\t\t<div class=\"elementor-container elementor-column-gap-default\">\n\t\t\t\t\t<div class=\"elementor-column elementor-col-100 elementor-top-column elementor-element elementor-element-39ab97c6\" data-id=\"39ab97c6\" data-element_type=\"column\" data-e-type=\"column\">\n\t\t\t<div class=\"elementor-widget-wrap elementor-element-populated\">\n\t\t\t\t\t\t<div class=\"elementor-element elementor-element-3583e1c9 elementor-widget elementor-widget-image\" data-id=\"3583e1c9\" data-element_type=\"widget\" data-e-type=\"widget\" data-widget_type=\"image.default\">\n\t\t\t\t<div class=\"elementor-widget-container\">\n\t\t\t\t\t\t\t\t\t\t\t\t\t\t\t<img fetchpriority=\"high\" decoding=\"async\" width=\"1024\" height=\"576\" src=\"https:\/\/artizar.es\/wp-content\/uploads\/2021\/08\/20201126_122643-1024x576.jpg\" class=\"attachment-large size-large wp-image-27475\" alt=\"\" srcset=\"https:\/\/artizar.es\/wp-content\/uploads\/2021\/08\/20201126_122643-1024x576.jpg 1024w, https:\/\/artizar.es\/wp-content\/uploads\/2021\/08\/20201126_122643-300x169.jpg 300w, https:\/\/artizar.es\/wp-content\/uploads\/2021\/08\/20201126_122643-768x432.jpg 768w, https:\/\/artizar.es\/wp-content\/uploads\/2021\/08\/20201126_122643-1536x864.jpg 1536w, https:\/\/artizar.es\/wp-content\/uploads\/2021\/08\/20201126_122643-scaled.jpg 2048w, https:\/\/artizar.es\/wp-content\/uploads\/2021\/08\/20201126_122643-600x338.jpg 600w\" sizes=\"(max-width: 1024px) 100vw, 1024px\" \/>\t\t\t\t\t\t\t\t\t\t\t\t\t\t\t<\/div>\n\t\t\t\t<\/div>\n\t\t\t\t\t<\/div>\n\t\t<\/div>\n\t\t\t\t\t<\/div>\n\t\t<\/section>\n\t\t\t\t<\/div>\n\t\t","protected":false},"excerpt":{"rendered":"<p>Final de temporada 2020\u00b72021 en Artizar Empieza el verano y con \u00e9l el final de la temporada art\u00edstica&#8230;<\/p>\n","protected":false},"author":3,"featured_media":0,"parent":0,"menu_order":0,"comment_status":"closed","ping_status":"closed","template":"","meta":{"footnotes":""},"class_list":["post-28704","page","type-page","status-publish","hentry"],"_links":{"self":[{"href":"https:\/\/artizar.es\/en\/wp-json\/wp\/v2\/pages\/28704","targetHints":{"allow":["GET"]}}],"collection":[{"href":"https:\/\/artizar.es\/en\/wp-json\/wp\/v2\/pages"}],"about":[{"href":"https:\/\/artizar.es\/en\/wp-json\/wp\/v2\/types\/page"}],"author":[{"embeddable":true,"href":"https:\/\/artizar.es\/en\/wp-json\/wp\/v2\/users\/3"}],"replies":[{"embeddable":true,"href":"https:\/\/artizar.es\/en\/wp-json\/wp\/v2\/comments?post=28704"}],"version-history":[{"count":0,"href":"https:\/\/artizar.es\/en\/wp-json\/wp\/v2\/pages\/28704\/revisions"}],"wp:attachment":[{"href":"https:\/\/artizar.es\/en\/wp-json\/wp\/v2\/media?parent=28704"}],"curies":[{"name":"wp","href":"https:\/\/api.w.org\/{rel}","templated":true}]}}