{"id":29343,"date":"2021-09-13T12:24:02","date_gmt":"2021-09-13T11:24:02","guid":{"rendered":"https:\/\/artizar.es\/new-laura-mesa-sac\/"},"modified":"2021-09-13T12:54:56","modified_gmt":"2021-09-13T11:54:56","slug":"new-laura-mesa-sac","status":"publish","type":"page","link":"https:\/\/artizar.es\/en\/new-laura-mesa-sac\/","title":{"rendered":"New &#8211; Laura Mesa &#8211; SAC"},"content":{"rendered":"\t\t<div data-elementor-type=\"wp-page\" data-elementor-id=\"29343\" class=\"elementor elementor-29343 elementor-29306\" data-elementor-settings=\"{&quot;element_pack_global_tooltip_width&quot;:{&quot;unit&quot;:&quot;px&quot;,&quot;size&quot;:&quot;&quot;,&quot;sizes&quot;:[]},&quot;element_pack_global_tooltip_width_tablet&quot;:{&quot;unit&quot;:&quot;px&quot;,&quot;size&quot;:&quot;&quot;,&quot;sizes&quot;:[]},&quot;element_pack_global_tooltip_width_mobile&quot;:{&quot;unit&quot;:&quot;px&quot;,&quot;size&quot;:&quot;&quot;,&quot;sizes&quot;:[]},&quot;element_pack_global_tooltip_padding&quot;:{&quot;unit&quot;:&quot;px&quot;,&quot;top&quot;:&quot;&quot;,&quot;right&quot;:&quot;&quot;,&quot;bottom&quot;:&quot;&quot;,&quot;left&quot;:&quot;&quot;,&quot;isLinked&quot;:true},&quot;element_pack_global_tooltip_padding_tablet&quot;:{&quot;unit&quot;:&quot;px&quot;,&quot;top&quot;:&quot;&quot;,&quot;right&quot;:&quot;&quot;,&quot;bottom&quot;:&quot;&quot;,&quot;left&quot;:&quot;&quot;,&quot;isLinked&quot;:true},&quot;element_pack_global_tooltip_padding_mobile&quot;:{&quot;unit&quot;:&quot;px&quot;,&quot;top&quot;:&quot;&quot;,&quot;right&quot;:&quot;&quot;,&quot;bottom&quot;:&quot;&quot;,&quot;left&quot;:&quot;&quot;,&quot;isLinked&quot;:true},&quot;element_pack_global_tooltip_border_radius&quot;:{&quot;unit&quot;:&quot;px&quot;,&quot;top&quot;:&quot;&quot;,&quot;right&quot;:&quot;&quot;,&quot;bottom&quot;:&quot;&quot;,&quot;left&quot;:&quot;&quot;,&quot;isLinked&quot;:true},&quot;element_pack_global_tooltip_border_radius_tablet&quot;:{&quot;unit&quot;:&quot;px&quot;,&quot;top&quot;:&quot;&quot;,&quot;right&quot;:&quot;&quot;,&quot;bottom&quot;:&quot;&quot;,&quot;left&quot;:&quot;&quot;,&quot;isLinked&quot;:true},&quot;element_pack_global_tooltip_border_radius_mobile&quot;:{&quot;unit&quot;:&quot;px&quot;,&quot;top&quot;:&quot;&quot;,&quot;right&quot;:&quot;&quot;,&quot;bottom&quot;:&quot;&quot;,&quot;left&quot;:&quot;&quot;,&quot;isLinked&quot;:true}}\" data-elementor-post-type=\"page\">\n\t\t\t\t\t\t<section class=\"elementor-section elementor-top-section elementor-element elementor-element-60ddedc5 elementor-section-height-min-height elementor-section-content-middle elementor-section-boxed elementor-section-height-default elementor-section-items-middle\" data-id=\"60ddedc5\" data-element_type=\"section\" data-e-type=\"section\" data-settings=\"{&quot;background_background&quot;:&quot;classic&quot;}\">\n\t\t\t\t\t\t\t<div class=\"elementor-background-overlay\"><\/div>\n\t\t\t\t\t\t\t<div class=\"elementor-container elementor-column-gap-no\">\n\t\t\t\t\t<div class=\"elementor-column elementor-col-100 elementor-top-column elementor-element elementor-element-76d3d6f6\" data-id=\"76d3d6f6\" data-element_type=\"column\" data-e-type=\"column\">\n\t\t\t<div class=\"elementor-widget-wrap elementor-element-populated\">\n\t\t\t\t\t\t<div class=\"elementor-element elementor-element-606e335f elementor-widget elementor-widget-heading\" data-id=\"606e335f\" data-element_type=\"widget\" data-e-type=\"widget\" data-widget_type=\"heading.default\">\n\t\t\t\t<div class=\"elementor-widget-container\">\n\t\t\t\t\t<h2 class=\"elementor-heading-title elementor-size-default\">LAURA MESA<\/h2>\t\t\t\t<\/div>\n\t\t\t\t<\/div>\n\t\t\t\t<div class=\"elementor-element elementor-element-f1f413c elementor-widget elementor-widget-heading\" data-id=\"f1f413c\" data-element_type=\"widget\" data-e-type=\"widget\" data-widget_type=\"heading.default\">\n\t\t\t\t<div class=\"elementor-widget-container\">\n\t\t\t\t\t<h2 class=\"elementor-heading-title elementor-size-default\">PEnsar el final compromete el final<\/h2>\t\t\t\t<\/div>\n\t\t\t\t<\/div>\n\t\t\t\t<div class=\"elementor-element elementor-element-3f3f4934 elementor-widget elementor-widget-text-editor\" data-id=\"3f3f4934\" data-element_type=\"widget\" data-e-type=\"widget\" data-widget_type=\"text-editor.default\">\n\t\t\t\t<div class=\"elementor-widget-container\">\n\t\t\t\t\t\t\t\t\t<p>Sala de Arte Contempor\u00e1neo (SAC) \u00b7 Santa Cruz de Tenerife<\/p>\n<p>10 septiembre &#8211; 26 octubre<\/p>\n\t\t\t\t\t\t\t\t<\/div>\n\t\t\t\t<\/div>\n\t\t\t\t\t<\/div>\n\t\t<\/div>\n\t\t\t\t\t<\/div>\n\t\t<\/section>\n\t\t\t\t<section class=\"elementor-section elementor-top-section elementor-element elementor-element-23610987 elementor-section-boxed elementor-section-height-default elementor-section-height-default\" data-id=\"23610987\" data-element_type=\"section\" data-e-type=\"section\">\n\t\t\t\t\t\t<div class=\"elementor-container elementor-column-gap-default\">\n\t\t\t\t\t<div class=\"elementor-column elementor-col-100 elementor-top-column elementor-element elementor-element-19ebc1c5\" data-id=\"19ebc1c5\" data-element_type=\"column\" data-e-type=\"column\">\n\t\t\t<div class=\"elementor-widget-wrap elementor-element-populated\">\n\t\t\t\t\t\t<div class=\"elementor-element elementor-element-745cd07d elementor-widget elementor-widget-text-editor\" data-id=\"745cd07d\" data-element_type=\"widget\" data-e-type=\"widget\" data-widget_type=\"text-editor.default\">\n\t\t\t\t<div class=\"elementor-widget-container\">\n\t\t\t\t\t\t\t\t\t<p><em>Pensar el final compromete el final<\/em> invita a pensar sobre la contingencia de un final que se nos plantea como \u00fanico y predeterminado, buscando evidenciar que cualquier posibilidad de cambio pasa necesariamente por el pensamiento, colocando en la reflexi\u00f3n una capacidad de transformaci\u00f3n que, en el arte, ha de atravesar todo el proceso creativo. El proyecto plantea una intervenci\u00f3n consistente en reposicionar la propia sala de arte, rotando toda su estructura arquitect\u00f3nica con el fin de poner en cuesti\u00f3n su veracidad, creando un nuevo dentro-fuera y buscando se\u00f1alar su condici\u00f3n de base de un edificio que es un potente espacio simb\u00f3lico, como sede de importantes estructuras culturales, entre otras la Biblioteca P\u00fablica del Estado. <\/p>\n<p>La intervenci\u00f3n implica redibujar no solo la sala, sino todo un simulacro de aceptaciones de verdad, en un proceso que, l\u00f3gicamente, cuestiona tambi\u00e9n el propio concepto de dibujo. Con una intenci\u00f3n clara de tensionar un espacio que normalmente funciona como soporte \u2013a priori neutro y blanco\u2013 para las construcciones culturales que lo ocupan y las personas que lo transitan, se replantean sus l\u00edmites con el objetivo de dibujar <em>otro<\/em> espacio, escenario, territorio, contexto, como una invitaci\u00f3n a pensar en la articulaci\u00f3n de otras posibilidades. Porque si \u201cpensar el final compromete el final, pero no el mundo\u201d, solo cabe construir tentativas que nos ayuden a dibujar otro desenlace posible.   <\/p>\n\t\t\t\t\t\t\t\t<\/div>\n\t\t\t\t<\/div>\n\t\t\t\t\t<\/div>\n\t\t<\/div>\n\t\t\t\t\t<\/div>\n\t\t<\/section>\n\t\t\t\t<section class=\"elementor-section elementor-top-section elementor-element elementor-element-7fdf96b2 elementor-section-content-middle elementor-section-boxed elementor-section-height-default elementor-section-height-default\" data-id=\"7fdf96b2\" data-element_type=\"section\" data-e-type=\"section\">\n\t\t\t\t\t\t<div class=\"elementor-container elementor-column-gap-no\">\n\t\t\t\t\t<div class=\"elementor-column elementor-col-100 elementor-top-column elementor-element elementor-element-7473a76b\" data-id=\"7473a76b\" data-element_type=\"column\" data-e-type=\"column\">\n\t\t\t<div class=\"elementor-widget-wrap elementor-element-populated\">\n\t\t\t\t\t\t<div class=\"elementor-element elementor-element-12163191 elementor--h-position-center elementor--v-position-middle elementor-arrows-position-inside elementor-pagination-position-inside elementor-widget elementor-widget-slides\" data-id=\"12163191\" data-element_type=\"widget\" data-e-type=\"widget\" data-settings=\"{&quot;transition&quot;:&quot;fade&quot;,&quot;navigation&quot;:&quot;both&quot;,&quot;autoplay&quot;:&quot;yes&quot;,&quot;pause_on_hover&quot;:&quot;yes&quot;,&quot;pause_on_interaction&quot;:&quot;yes&quot;,&quot;autoplay_speed&quot;:5000,&quot;infinite&quot;:&quot;yes&quot;,&quot;transition_speed&quot;:500}\" data-widget_type=\"slides.default\">\n\t\t\t\t<div class=\"elementor-widget-container\">\n\t\t\t\t\t\t\t\t\t<div class=\"elementor-swiper\">\n\t\t\t\t\t<div class=\"elementor-slides-wrapper elementor-main-swiper swiper\" role=\"region\" aria-roledescription=\"carousel\" aria-label=\"Slides\" dir=\"ltr\" data-animation=\"fadeInUp\">\n\t\t\t\t<div class=\"swiper-wrapper elementor-slides\">\n\t\t\t\t\t\t\t\t\t\t<div class=\"elementor-repeater-item-32fceef swiper-slide\" role=\"group\" aria-roledescription=\"slide\"><div class=\"swiper-slide-bg\" role=\"img\" aria-label=\"pefcef_Fragmeto-2\"><\/div><div class=\"swiper-slide-inner\" ><div class=\"swiper-slide-contents\"><\/div><\/div><\/div><div class=\"elementor-repeater-item-b818ae6 swiper-slide\" role=\"group\" aria-roledescription=\"slide\"><div class=\"swiper-slide-bg\" role=\"img\" aria-label=\"pefcef_Fragmeto-3\"><\/div><div class=\"swiper-slide-inner\" ><div class=\"swiper-slide-contents\"><\/div><\/div><\/div><div class=\"elementor-repeater-item-186b1be swiper-slide\" role=\"group\" aria-roledescription=\"slide\"><div class=\"swiper-slide-bg\" role=\"img\" aria-label=\"pefcef_Fragmeto-6\"><\/div><div class=\"swiper-slide-inner\" ><div class=\"swiper-slide-contents\"><\/div><\/div><\/div><div class=\"elementor-repeater-item-de617e8 swiper-slide\" role=\"group\" aria-roledescription=\"slide\"><div class=\"swiper-slide-bg\" role=\"img\" aria-label=\"pefcef_Fragmeto-7\"><\/div><div class=\"swiper-slide-inner\" ><div class=\"swiper-slide-contents\"><\/div><\/div><\/div>\t\t\t\t<\/div>\n\t\t\t\t\t\t\t\t\t\t\t\t\t\t\t<div class=\"elementor-swiper-button elementor-swiper-button-prev\" role=\"button\" tabindex=\"0\" aria-label=\"Previous slide\">\n\t\t\t\t\t\t\t<i aria-hidden=\"true\" class=\"eicon-chevron-left\"><\/i>\t\t\t\t\t\t<\/div>\n\t\t\t\t\t\t<div class=\"elementor-swiper-button elementor-swiper-button-next\" role=\"button\" tabindex=\"0\" aria-label=\"Next slide\">\n\t\t\t\t\t\t\t<i aria-hidden=\"true\" class=\"eicon-chevron-right\"><\/i>\t\t\t\t\t\t<\/div>\n\t\t\t\t\t\t\t\t\t\t\t\t\t\t\t\t<div class=\"swiper-pagination\"><\/div>\n\t\t\t\t\t\t\t\t\t\t\t\t<\/div>\n\t\t\t\t<\/div>\n\t\t\t\t\t\t\t\t<\/div>\n\t\t\t\t<\/div>\n\t\t\t\t\t<\/div>\n\t\t<\/div>\n\t\t\t\t\t<\/div>\n\t\t<\/section>\n\t\t\t\t<section class=\"elementor-section elementor-top-section elementor-element elementor-element-69b46bb9 elementor-section-boxed elementor-section-height-default elementor-section-height-default\" data-id=\"69b46bb9\" data-element_type=\"section\" data-e-type=\"section\">\n\t\t\t\t\t\t<div class=\"elementor-container elementor-column-gap-default\">\n\t\t\t\t\t<div class=\"elementor-column elementor-col-100 elementor-top-column elementor-element elementor-element-4d30598\" data-id=\"4d30598\" data-element_type=\"column\" data-e-type=\"column\">\n\t\t\t<div class=\"elementor-widget-wrap elementor-element-populated\">\n\t\t\t\t\t\t<div class=\"elementor-element elementor-element-333d989b elementor-widget elementor-widget-text-editor\" data-id=\"333d989b\" data-element_type=\"widget\" data-e-type=\"widget\" data-widget_type=\"text-editor.default\">\n\t\t\t\t<div class=\"elementor-widget-container\">\n\t\t\t\t\t\t\t\t\t<p>De esta manera, la intervenci\u00f3n supone un reposicionamiento de la sala de arte \u201ccreando as\u00ed un \u00e1rea interna y otra externa en el interior, desterritorializando el espacio\u201d como dice la comisaria y cr\u00edtica de arte portuguesa Joana P. R. Neves, en su texto para esta exposici\u00f3n, proponiendo a los y las espectadoras \u201creterritorializar en otro lugar, y se sugiere fuertemente que podr\u00eda ser el cuerpo fragmentado\u201d. Como apunta Neves, el espacio y el cuerpo son elementos centrales en esta obra. <\/p>\n<p>Como es habitual en el trabajo de la artista, la instalaci\u00f3n aborda las problem\u00e1ticas entre la realidad y su representaci\u00f3n, entre materia e imagen, a trav\u00e9s de la investigaci\u00f3n sobre los procesos y conceptos del dibujo. Mesa es una autora que destaca por trabajar habitualmente con materiales y t\u00e9cnicas del dibujo, no solo investigando sus posibilidades -desarrollando muchos procesos t\u00e9cnicos innovadores y espec\u00edficos para sus obras- sino, sobre todo, trabajando en los l\u00edmites del propio concepto de dibujo con el fin de explorar las complejas relaciones que se establecen entre la realidad y su representaci\u00f3n. Como apunta Neves, los materiales que emplea Mesa, \u201chojas de papel, grafito y tinta son utilizados como herramientas de dibujo, pero tambi\u00e9n como conceptos que pertenecen a la carne, a la superficie y al pensamiento din\u00e1mico\u201d.  <\/p>\n<p>Su obra, por otra parte, destaca por ser resultado de procesos extremadamente laboriosos: En su m\u00e1s reciente exposici\u00f3n individual, <em>Pero no el mundo<\/em> (Galer\u00eda Artizar, 2020) Mesa realiz\u00f3 una instalaci\u00f3n con un conjunto de unos 800 apilamientos de m\u00e1s de 27.000 peque\u00f1as hojas de papel de seda, tratadas y aglutinadas manualmente una a una. Para la instalaci\u00f3n <em>Pensar el final compromete el final<\/em> ha realizado a mano m\u00e1s de 5000 hojas grafito aglomerado, un desconcertante material que es, a la vez, papel y l\u00e1piz, en un proceso que le ha llevado dos a\u00f1os de trabajo. Este tiempo de elaboraci\u00f3n de las obras es lo que Neves considera el \u201ctiempo del dibujo\u201d, que tiene una importancia decisiva en la obra de Mesa puesto que entra en relaci\u00f3n cr\u00edtica con \u201cel tiempo del mundo y el tiempo del esp\u00edritu\u201d. En opini\u00f3n de Neves, en su obra \u201cel espacio ocupado por la materia equivale al tiempo que Mesa ha pasado agregando materiales, trabajando en su alquimia personal que lo mantiene todo unido\u201d. De ah\u00ed que la propia artista destaque que, en sus obras, tan importante como los objetos finales es el propio proceso del dibujo, consistente en \u201cuna acci\u00f3n repetida un ingente n\u00famero de veces\u201d. Sus obras son, por tanto, el resultado de verdaderos \u201cprocesos de resistencia\u201d que la artista pone en valor de manera cr\u00edtica: en un mundo cada vez m\u00e1s virtualizado y tecnificado, los procesos manuales se han convertido, de alguna manera, en la reserva para ejercitar la escala de lo humano, para el tiempo que necesitan la reflexi\u00f3n y el pensamiento.      <\/p>\n\t\t\t\t\t\t\t\t<\/div>\n\t\t\t\t<\/div>\n\t\t\t\t\t<\/div>\n\t\t<\/div>\n\t\t\t\t\t<\/div>\n\t\t<\/section>\n\t\t\t\t<section class=\"elementor-section elementor-top-section elementor-element elementor-element-7db9027d elementor-section-boxed elementor-section-height-default elementor-section-height-default\" data-id=\"7db9027d\" data-element_type=\"section\" data-e-type=\"section\">\n\t\t\t\t\t\t<div class=\"elementor-container elementor-column-gap-default\">\n\t\t\t\t\t<div class=\"elementor-column elementor-col-100 elementor-top-column elementor-element elementor-element-c5e53f8\" data-id=\"c5e53f8\" data-element_type=\"column\" data-e-type=\"column\">\n\t\t\t<div class=\"elementor-widget-wrap elementor-element-populated\">\n\t\t\t\t\t\t<div class=\"elementor-element elementor-element-5d49f5c4 elementor-widget elementor-widget-image\" data-id=\"5d49f5c4\" data-element_type=\"widget\" data-e-type=\"widget\" data-widget_type=\"image.default\">\n\t\t\t\t<div class=\"elementor-widget-container\">\n\t\t\t\t\t\t\t\t\t\t\t\t\t\t\t<img fetchpriority=\"high\" decoding=\"async\" width=\"1024\" height=\"503\" src=\"https:\/\/artizar.es\/wp-content\/uploads\/2021\/09\/20210910_112048-1024x503.jpg\" class=\"attachment-large size-large wp-image-29325\" alt=\"\" srcset=\"https:\/\/artizar.es\/wp-content\/uploads\/2021\/09\/20210910_112048-1024x503.jpg 1024w, https:\/\/artizar.es\/wp-content\/uploads\/2021\/09\/20210910_112048-300x147.jpg 300w, https:\/\/artizar.es\/wp-content\/uploads\/2021\/09\/20210910_112048-768x377.jpg 768w, https:\/\/artizar.es\/wp-content\/uploads\/2021\/09\/20210910_112048-1536x754.jpg 1536w, https:\/\/artizar.es\/wp-content\/uploads\/2021\/09\/20210910_112048-scaled.jpg 2048w\" sizes=\"(max-width: 1024px) 100vw, 1024px\" \/>\t\t\t\t\t\t\t\t\t\t\t\t\t\t\t<\/div>\n\t\t\t\t<\/div>\n\t\t\t\t\t<\/div>\n\t\t<\/div>\n\t\t\t\t\t<\/div>\n\t\t<\/section>\n\t\t\t\t<section class=\"elementor-section elementor-top-section elementor-element elementor-element-4b54a70b elementor-section-boxed elementor-section-height-default elementor-section-height-default\" data-id=\"4b54a70b\" data-element_type=\"section\" data-e-type=\"section\">\n\t\t\t\t\t\t<div class=\"elementor-container elementor-column-gap-default\">\n\t\t\t\t\t<div class=\"elementor-column elementor-col-50 elementor-top-column elementor-element elementor-element-11a78e2b\" data-id=\"11a78e2b\" data-element_type=\"column\" data-e-type=\"column\">\n\t\t\t<div class=\"elementor-widget-wrap elementor-element-populated\">\n\t\t\t\t\t\t<div class=\"elementor-element elementor-element-6c9c0e8f elementor-widget elementor-widget-text-editor\" data-id=\"6c9c0e8f\" data-element_type=\"widget\" data-e-type=\"widget\" data-widget_type=\"text-editor.default\">\n\t\t\t\t<div class=\"elementor-widget-container\">\n\t\t\t\t\t\t\t\t\t<div class=\"et_pb_row et_pb_row_0\">\n<div class=\"et_pb_column et_pb_column_4_4 et_pb_column_0 et_pb_css_mix_blend_mode_passthrough et-last-child\">\n<div class=\"et_pb_module et_pb_text et_pb_text_1 et_pb_text_align_left et_pb_bg_layout_light\">\n<div class=\"et_pb_text_inner\">\n<p style=\"text-align: left;\"><strong>LAURA MESA<\/strong><\/p>\n<p>En un momento hist\u00f3rico que nos obliga a redefinir nuestra relaci\u00f3n con lo real y su representaci\u00f3n, mi trabajo se centra en una investigaci\u00f3n te\u00f3rico-formal que reflexiona acerca de esta necesidad. Desde diferentes puntos de partida, que abordan distintas categorizaciones acerca de la ficci\u00f3n de lo real, trabajo en la tensi\u00f3n que se generan entre ambos conceptos. <\/p>\n<p>Para ello utilizo el dibujo, que considero la expresi\u00f3n pl\u00e1stica m\u00e1s elemental, austera y, en cierto modo, honesta. Planteo una relectura de sus procesos y materiales en paralelo a una reflexi\u00f3n basada en Deleuze, Heidegger o Danto, para derivar, como resultado, en la producci\u00f3n de unas obras articuladas formalmente en torno a la densidad del grafito y la tinta china. Con esos materiales te\u00f3ricos y f\u00edsicos construyo dibujos s\u00f3lidos que buscan tensionar -y cuestionar- la realidad del propio dibujo y, por tanto, el dibujo de la propia realidad.  <\/p>\n<\/div>\n<\/div>\n<\/div>\n<\/div>\n<div class=\"et_pb_row et_pb_row_1\">\n<div class=\"et_pb_column et_pb_column_4_4 et_pb_column_1 et_pb_css_mix_blend_mode_passthrough et-last-child\">\n<div class=\"et_pb_module et_pb_text et_pb_text_2 et_pb_text_align_left et_pb_bg_layout_light\">\n<div class=\"et_pb_text_inner\">_______________________________<\/div>\n<div> <\/div>\n<\/div>\n<div class=\"et_pb_module et_pb_text et_pb_text_3 et_pb_text_align_left et_pb_bg_layout_light\">\n<div class=\"et_pb_text_inner\">\n<p>1975, Tenerife (Islas Canarias).<\/p>\n<p>Licenciada en Bellas Artes con doble especialidad, pintura y escultura, en 1998. Doctora Cum Laude en Bellas Artes por la especialidad de Dibujo en 2008 y graduada en Filosof\u00eda en 2018. <\/p>\n<p>Tras 20 a\u00f1os de experiencia como profesora de Dibujo Art\u00edstico en las Escuelas de Arte y Superior de Dise\u00f1o actualmente soy docente en la Facultad de Bellas Artes de la ULL.<\/p>\n<p>Paralelamente he desarrollado una investigaci\u00f3n art\u00edstica que cuenta con 19 exposiciones colectivas \u2013en distintos espacios de Tenerife, Gran Canaria y Madrid\u2013 y 5 exposiciones individuales.<\/p>\n<\/p>\n<p><strong>\u00daltimas exposiciones individuales<\/strong><\/p>\n<\/p>\n<p>2021 <em>Pensar el final compromete el final<\/em>. SAC. Tenerife.  <\/p>\n<p>2020 <em>Pero no el mundo<\/em>. Galer\u00eda Artizar. Tenerife.  <\/p>\n<p>2019 <em>Laura Mesa<\/em>. EXHIBITLab. Santander.  <\/p>\n<p>2018-19 <em>Los m\u00f3viles y el dibujo<\/em>. CIC El Almac\u00e9n. Lanzarote.  <\/p>\n<p>2017 <em>1364<\/em>. Ateneo de La Laguna. Tenerife.  <\/p>\n<\/p>\n<\/div>\n<\/div>\n<\/div>\n<div class=\"et_pb_column et_pb_column_4_4 et_pb_column_1 et_pb_css_mix_blend_mode_passthrough et-last-child\">\n<div class=\"et_pb_module et_pb_text et_pb_text_3 et_pb_text_align_left et_pb_bg_layout_light\">\n<div class=\"et_pb_text_inner\">\n<p><strong>\u00daltimas exposiciones colectivas<\/strong><\/p>\n<\/p>\n<p>2019 <em>Deformaciones.<\/em> Galer\u00eda Artizar. Tenerife.  <\/p>\n<p>2019 <em>Equivalencia II<\/em>. S\/T Espacio Cultural. Las Palmas de Gran Canaria.  <\/p>\n<p>2018 <em>El azar objetivo.<\/em> TEA Tenerife Espacio de las Artes.<\/p>\n<p>2017-18 <em>Papeles<\/em>. Galer\u00eda Bibli. Santa Cruz de Tenerife.  <\/p>\n<p>2017-18 <em>Lancelot 28\u00ba 7\u00ba<\/em>. 9\u00aa Bienal de Lanzarote. Museo Internacional de Arte Contempor\u00e1neo. Lanzarote.   <\/p>\n<\/div>\n<\/div>\n<\/div>\n<\/div>\n\t\t\t\t\t\t\t\t<\/div>\n\t\t\t\t<\/div>\n\t\t\t\t\t<\/div>\n\t\t<\/div>\n\t\t\t\t<div class=\"elementor-column elementor-col-50 elementor-top-column elementor-element elementor-element-420df722\" data-id=\"420df722\" data-element_type=\"column\" data-e-type=\"column\">\n\t\t\t<div class=\"elementor-widget-wrap elementor-element-populated\">\n\t\t\t\t\t\t<div class=\"elementor-element elementor-element-751945d5 elementor-widget elementor-widget-image\" data-id=\"751945d5\" data-element_type=\"widget\" data-e-type=\"widget\" data-widget_type=\"image.default\">\n\t\t\t\t<div class=\"elementor-widget-container\">\n\t\t\t\t\t\t\t\t\t\t\t\t\t\t\t<img decoding=\"async\" width=\"536\" height=\"1024\" src=\"https:\/\/artizar.es\/wp-content\/uploads\/2021\/09\/Laura-Mesa-Artizar-536x1024.jpg\" class=\"attachment-large size-large wp-image-29327\" alt=\"\" srcset=\"https:\/\/artizar.es\/wp-content\/uploads\/2021\/09\/Laura-Mesa-Artizar-536x1024.jpg 536w, https:\/\/artizar.es\/wp-content\/uploads\/2021\/09\/Laura-Mesa-Artizar-157x300.jpg 157w, https:\/\/artizar.es\/wp-content\/uploads\/2021\/09\/Laura-Mesa-Artizar-768x1468.jpg 768w, https:\/\/artizar.es\/wp-content\/uploads\/2021\/09\/Laura-Mesa-Artizar-804x1536.jpg 804w, https:\/\/artizar.es\/wp-content\/uploads\/2021\/09\/Laura-Mesa-Artizar.jpg 837w\" sizes=\"(max-width: 536px) 100vw, 536px\" \/>\t\t\t\t\t\t\t\t\t\t\t\t\t\t\t<\/div>\n\t\t\t\t<\/div>\n\t\t\t\t\t<\/div>\n\t\t<\/div>\n\t\t\t\t\t<\/div>\n\t\t<\/section>\n\t\t\t\t<section class=\"elementor-section elementor-top-section elementor-element elementor-element-898d643 elementor-section-boxed elementor-section-height-default elementor-section-height-default\" data-id=\"898d643\" data-element_type=\"section\" data-e-type=\"section\">\n\t\t\t\t\t\t<div class=\"elementor-container elementor-column-gap-default\">\n\t\t\t\t\t<div class=\"elementor-column elementor-col-100 elementor-top-column elementor-element elementor-element-b819a27\" data-id=\"b819a27\" data-element_type=\"column\" data-e-type=\"column\">\n\t\t\t<div class=\"elementor-widget-wrap elementor-element-populated\">\n\t\t\t\t\t\t<div class=\"elementor-element elementor-element-c52a583 elementor-widget elementor-widget-heading\" data-id=\"c52a583\" data-element_type=\"widget\" data-e-type=\"widget\" data-widget_type=\"heading.default\">\n\t\t\t\t<div class=\"elementor-widget-container\">\n\t\t\t\t\t<h2 class=\"elementor-heading-title elementor-size-default\">Enlaces de inter\u00e9s<\/h2>\t\t\t\t<\/div>\n\t\t\t\t<\/div>\n\t\t\t\t\t<\/div>\n\t\t<\/div>\n\t\t\t\t\t<\/div>\n\t\t<\/section>\n\t\t\t\t<section class=\"elementor-section elementor-top-section elementor-element elementor-element-ecf2454 elementor-section-boxed elementor-section-height-default elementor-section-height-default\" data-id=\"ecf2454\" data-element_type=\"section\" data-e-type=\"section\">\n\t\t\t\t\t\t<div class=\"elementor-container elementor-column-gap-default\">\n\t\t\t\t\t<div class=\"elementor-column elementor-col-100 elementor-top-column elementor-element elementor-element-3402e69\" data-id=\"3402e69\" data-element_type=\"column\" data-e-type=\"column\">\n\t\t\t<div class=\"elementor-widget-wrap elementor-element-populated\">\n\t\t\t\t\t\t<div class=\"elementor-element elementor-element-63569f9 elementor-widget elementor-widget-text-editor\" data-id=\"63569f9\" data-element_type=\"widget\" data-e-type=\"widget\" data-widget_type=\"text-editor.default\">\n\t\t\t\t<div class=\"elementor-widget-container\">\n\t\t\t\t\t\t\t\t\t<p style=\"text-align: right;\"><a href=\"http:\/\/www.gobiernodecanarias.org\/cultura\/sac\/eventos\/LMesa\"><span style=\"color: #ff0000;\"><strong>\u2192 Web del Gobierno de Canarias (SAC)<\/strong><\/span><\/a><\/p>\n<p style=\"text-align: right;\"><a href=\"http:\/\/www.lauramesa.art\/\"><span style=\"color: #ff0000;\"><strong>\u2192 Web de la artista Laura Mesa<\/strong><\/span><\/a><\/p>\n\t\t\t\t\t\t\t\t<\/div>\n\t\t\t\t<\/div>\n\t\t\t\t\t<\/div>\n\t\t<\/div>\n\t\t\t\t\t<\/div>\n\t\t<\/section>\n\t\t\t\t<\/div>\n\t\t","protected":false},"excerpt":{"rendered":"<p>LAURA MESA PEnsar el final compromete el final Sala de Arte Contempor\u00e1neo (SAC) \u00b7 Santa Cruz de Tenerife&#8230;<\/p>\n","protected":false},"author":3,"featured_media":29320,"parent":0,"menu_order":0,"comment_status":"closed","ping_status":"closed","template":"","meta":{"footnotes":""},"class_list":["post-29343","page","type-page","status-publish","has-post-thumbnail","hentry"],"_links":{"self":[{"href":"https:\/\/artizar.es\/en\/wp-json\/wp\/v2\/pages\/29343","targetHints":{"allow":["GET"]}}],"collection":[{"href":"https:\/\/artizar.es\/en\/wp-json\/wp\/v2\/pages"}],"about":[{"href":"https:\/\/artizar.es\/en\/wp-json\/wp\/v2\/types\/page"}],"author":[{"embeddable":true,"href":"https:\/\/artizar.es\/en\/wp-json\/wp\/v2\/users\/3"}],"replies":[{"embeddable":true,"href":"https:\/\/artizar.es\/en\/wp-json\/wp\/v2\/comments?post=29343"}],"version-history":[{"count":0,"href":"https:\/\/artizar.es\/en\/wp-json\/wp\/v2\/pages\/29343\/revisions"}],"wp:featuredmedia":[{"embeddable":true,"href":"https:\/\/artizar.es\/en\/wp-json\/wp\/v2\/media\/29320"}],"wp:attachment":[{"href":"https:\/\/artizar.es\/en\/wp-json\/wp\/v2\/media?parent=29343"}],"curies":[{"name":"wp","href":"https:\/\/api.w.org\/{rel}","templated":true}]}}