{"id":30385,"date":"2021-10-01T17:47:20","date_gmt":"2021-10-01T16:47:20","guid":{"rendered":"https:\/\/artizar.es\/new-hans-lemmen-caji\/"},"modified":"2021-10-02T10:48:45","modified_gmt":"2021-10-02T09:48:45","slug":"new-hans-lemmen-caji","status":"publish","type":"page","link":"https:\/\/artizar.es\/en\/new-hans-lemmen-caji\/","title":{"rendered":"NEW &#8211; Hans Lemmen &#8211; CAJI"},"content":{"rendered":"\t\t<div data-elementor-type=\"wp-page\" data-elementor-id=\"30385\" class=\"elementor elementor-30385 elementor-30283\" data-elementor-settings=\"{&quot;element_pack_global_tooltip_width&quot;:{&quot;unit&quot;:&quot;px&quot;,&quot;size&quot;:&quot;&quot;,&quot;sizes&quot;:[]},&quot;element_pack_global_tooltip_width_tablet&quot;:{&quot;unit&quot;:&quot;px&quot;,&quot;size&quot;:&quot;&quot;,&quot;sizes&quot;:[]},&quot;element_pack_global_tooltip_width_mobile&quot;:{&quot;unit&quot;:&quot;px&quot;,&quot;size&quot;:&quot;&quot;,&quot;sizes&quot;:[]},&quot;element_pack_global_tooltip_padding&quot;:{&quot;unit&quot;:&quot;px&quot;,&quot;top&quot;:&quot;&quot;,&quot;right&quot;:&quot;&quot;,&quot;bottom&quot;:&quot;&quot;,&quot;left&quot;:&quot;&quot;,&quot;isLinked&quot;:true},&quot;element_pack_global_tooltip_padding_tablet&quot;:{&quot;unit&quot;:&quot;px&quot;,&quot;top&quot;:&quot;&quot;,&quot;right&quot;:&quot;&quot;,&quot;bottom&quot;:&quot;&quot;,&quot;left&quot;:&quot;&quot;,&quot;isLinked&quot;:true},&quot;element_pack_global_tooltip_padding_mobile&quot;:{&quot;unit&quot;:&quot;px&quot;,&quot;top&quot;:&quot;&quot;,&quot;right&quot;:&quot;&quot;,&quot;bottom&quot;:&quot;&quot;,&quot;left&quot;:&quot;&quot;,&quot;isLinked&quot;:true},&quot;element_pack_global_tooltip_border_radius&quot;:{&quot;unit&quot;:&quot;px&quot;,&quot;top&quot;:&quot;&quot;,&quot;right&quot;:&quot;&quot;,&quot;bottom&quot;:&quot;&quot;,&quot;left&quot;:&quot;&quot;,&quot;isLinked&quot;:true},&quot;element_pack_global_tooltip_border_radius_tablet&quot;:{&quot;unit&quot;:&quot;px&quot;,&quot;top&quot;:&quot;&quot;,&quot;right&quot;:&quot;&quot;,&quot;bottom&quot;:&quot;&quot;,&quot;left&quot;:&quot;&quot;,&quot;isLinked&quot;:true},&quot;element_pack_global_tooltip_border_radius_mobile&quot;:{&quot;unit&quot;:&quot;px&quot;,&quot;top&quot;:&quot;&quot;,&quot;right&quot;:&quot;&quot;,&quot;bottom&quot;:&quot;&quot;,&quot;left&quot;:&quot;&quot;,&quot;isLinked&quot;:true}}\" data-elementor-post-type=\"page\">\n\t\t\t\t\t\t<section class=\"elementor-section elementor-top-section elementor-element elementor-element-41396986 elementor-section-height-min-height elementor-section-content-middle elementor-section-boxed elementor-section-height-default elementor-section-items-middle\" data-id=\"41396986\" data-element_type=\"section\" data-e-type=\"section\" data-settings=\"{&quot;background_background&quot;:&quot;classic&quot;}\">\n\t\t\t\t\t\t\t<div class=\"elementor-background-overlay\"><\/div>\n\t\t\t\t\t\t\t<div class=\"elementor-container elementor-column-gap-no\">\n\t\t\t\t\t<div class=\"elementor-column elementor-col-100 elementor-top-column elementor-element elementor-element-2219a577\" data-id=\"2219a577\" data-element_type=\"column\" data-e-type=\"column\">\n\t\t\t<div class=\"elementor-widget-wrap elementor-element-populated\">\n\t\t\t\t\t\t<div class=\"elementor-element elementor-element-6834c028 elementor-widget elementor-widget-heading\" data-id=\"6834c028\" data-element_type=\"widget\" data-e-type=\"widget\" data-widget_type=\"heading.default\">\n\t\t\t\t<div class=\"elementor-widget-container\">\n\t\t\t\t\t<h2 class=\"elementor-heading-title elementor-size-default\">Hans Lemmen<\/h2>\t\t\t\t<\/div>\n\t\t\t\t<\/div>\n\t\t\t\t<div class=\"elementor-element elementor-element-d9f5a70 elementor-widget elementor-widget-heading\" data-id=\"d9f5a70\" data-element_type=\"widget\" data-e-type=\"widget\" data-widget_type=\"heading.default\">\n\t\t\t\t<div class=\"elementor-widget-container\">\n\t\t\t\t\t<h2 class=\"elementor-heading-title elementor-size-default\">tierra cifrada<\/h2>\t\t\t\t<\/div>\n\t\t\t\t<\/div>\n\t\t\t\t<div class=\"elementor-element elementor-element-482b71fb elementor-widget elementor-widget-text-editor\" data-id=\"482b71fb\" data-element_type=\"widget\" data-e-type=\"widget\" data-widget_type=\"text-editor.default\">\n\t\t\t\t<div class=\"elementor-widget-container\">\n\t\t\t\t\t\t\t\t\t<p>Centro de Arte Juan Ismael \u00b7 Puerto del Rosario, Fuerteventura<\/p>\n<p>30 September &#8211; 20 November<\/p>\n\t\t\t\t\t\t\t\t<\/div>\n\t\t\t\t<\/div>\n\t\t\t\t\t<\/div>\n\t\t<\/div>\n\t\t\t\t\t<\/div>\n\t\t<\/section>\n\t\t\t\t<section class=\"elementor-section elementor-top-section elementor-element elementor-element-9a46c75 elementor-section-boxed elementor-section-height-default elementor-section-height-default\" data-id=\"9a46c75\" data-element_type=\"section\" data-e-type=\"section\">\n\t\t\t\t\t\t<div class=\"elementor-container elementor-column-gap-default\">\n\t\t\t\t\t<div class=\"elementor-column elementor-col-100 elementor-top-column elementor-element elementor-element-a76b01c\" data-id=\"a76b01c\" data-element_type=\"column\" data-e-type=\"column\">\n\t\t\t<div class=\"elementor-widget-wrap elementor-element-populated\">\n\t\t\t\t\t\t<div class=\"elementor-element elementor-element-af78f92 elementor-widget elementor-widget-text-editor\" data-id=\"af78f92\" data-element_type=\"widget\" data-e-type=\"widget\" data-widget_type=\"text-editor.default\">\n\t\t\t\t<div class=\"elementor-widget-container\">\n\t\t\t\t\t\t\t\t\t<p class=\"p1\">Coded region of undeciphered clods, impregnable furrows, esoteric scarps sculpted in large flat boulders and claypits. You open your eyes. You see a book of whitish earth sealed in chests of rock. Pages of barren solitary plots which, some evenings, a humped houbara bustard crosses striding over the dust.<\/p>\n<p class=\"p1\">Coded earth. Made of tough precious stone and loose stubborn rock.<\/p>\n<p class=\"p1\">Calligraphic expanse of salty brambles which the bearded old sun of the dead has ploughed up with a yoke of obsidian.<\/p>\n<p class=\"p1\">You open your eyes: bare skinned writing. Illegible work of the gale; a toppled literary monument.<\/p>\n<p class=\"p1\">A manuscript of torn-out pages, erased and abolished by the insomniac simoom. A Zurbaran-like still-life of nothingness.<\/p>\n<p class=\"p1\">Land \u2013or cypher\u2013 of the book.<\/p>\n<p style=\"text-align: right;\">\u00b7 Francisco Le\u00f3n \u00b7<\/p>\n\t\t\t\t\t\t\t\t<\/div>\n\t\t\t\t<\/div>\n\t\t\t\t\t<\/div>\n\t\t<\/div>\n\t\t\t\t\t<\/div>\n\t\t<\/section>\n\t\t\t\t<section class=\"elementor-section elementor-top-section elementor-element elementor-element-a526d3b elementor-section-boxed elementor-section-height-default elementor-section-height-default\" data-id=\"a526d3b\" data-element_type=\"section\" data-e-type=\"section\">\n\t\t\t\t\t\t<div class=\"elementor-container elementor-column-gap-default\">\n\t\t\t\t\t<div class=\"elementor-column elementor-col-100 elementor-top-column elementor-element elementor-element-6884c14\" data-id=\"6884c14\" data-element_type=\"column\" data-e-type=\"column\">\n\t\t\t<div class=\"elementor-widget-wrap elementor-element-populated\">\n\t\t\t\t\t\t<div class=\"elementor-element elementor-element-5408713 elementor-widget elementor-widget-image\" data-id=\"5408713\" data-element_type=\"widget\" data-e-type=\"widget\" data-widget_type=\"image.default\">\n\t\t\t\t<div class=\"elementor-widget-container\">\n\t\t\t\t\t\t\t\t\t\t\t\t\t\t\t<img fetchpriority=\"high\" decoding=\"async\" width=\"1024\" height=\"489\" src=\"https:\/\/artizar.es\/wp-content\/uploads\/2021\/10\/20210929_173344-1024x489.jpg\" class=\"attachment-large size-large wp-image-30409\" alt=\"\" srcset=\"https:\/\/artizar.es\/wp-content\/uploads\/2021\/10\/20210929_173344-1024x489.jpg 1024w, https:\/\/artizar.es\/wp-content\/uploads\/2021\/10\/20210929_173344-300x143.jpg 300w, https:\/\/artizar.es\/wp-content\/uploads\/2021\/10\/20210929_173344-768x367.jpg 768w, https:\/\/artizar.es\/wp-content\/uploads\/2021\/10\/20210929_173344.jpg 1200w\" sizes=\"(max-width: 1024px) 100vw, 1024px\" \/>\t\t\t\t\t\t\t\t\t\t\t\t\t\t\t<\/div>\n\t\t\t\t<\/div>\n\t\t\t\t\t<\/div>\n\t\t<\/div>\n\t\t\t\t\t<\/div>\n\t\t<\/section>\n\t\t\t\t<section class=\"elementor-section elementor-top-section elementor-element elementor-element-62ad0e37 elementor-section-boxed elementor-section-height-default elementor-section-height-default\" data-id=\"62ad0e37\" data-element_type=\"section\" data-e-type=\"section\">\n\t\t\t\t\t\t<div class=\"elementor-container elementor-column-gap-default\">\n\t\t\t\t\t<div class=\"elementor-column elementor-col-100 elementor-top-column elementor-element elementor-element-5a2920a2\" data-id=\"5a2920a2\" data-element_type=\"column\" data-e-type=\"column\">\n\t\t\t<div class=\"elementor-widget-wrap elementor-element-populated\">\n\t\t\t\t\t\t<div class=\"elementor-element elementor-element-5513ccac elementor-widget elementor-widget-text-editor\" data-id=\"5513ccac\" data-element_type=\"widget\" data-e-type=\"widget\" data-widget_type=\"text-editor.default\">\n\t\t\t\t<div class=\"elementor-widget-container\">\n\t\t\t\t\t\t\t\t\t<p>Some perspectives call for agreement and silence. Others encourage inquiry and leave open questions. The perspective developed by Hans Lemmen (Venlo, Holland, 1959) is among the latter. His creative complexity, which has diversified since the mid-1980s into various disciplines, is rooted essentially in drawing: the drawn line produces and releases images that seek to explore the emotional geography of the human being. The meanings of his drawings are not formed through fixed codes, as in language, but from the joins and connections that the creative process itself generates. His images are born of a tension between controlled execution and a need, pointed out by the artist himself, for the result to always <em>surprise him<\/em>. In this regard, Lemmen understands drawing as a process of birthing that struggles to find its form: the drawn line on paper offers him the possibility to break through the barrier of the everyday and light the way to the unexpected, the unsayable, and the revealing.<\/p>\n<p>&nbsp;<\/p>\n<p>Hence, drawing, understood as an experience of transformation and as a place of questioning, cannot possibly be complacent towards reality. The emphatic nature of the line exists alongside an imaginary that translates the psychic dimension of the human being; it also places us in landscapes where the horizons of his native Limburg reverberate and activate strange, enigmatic, and unsettling situations. It is not, in any way, a case of hieroglyphics that are meant to be solved, but rather of scenes capable of picking out what the conscious mind is unable to recognise: mythical paths that, without obeying strict orders that could be regulated by science, we understand as essential in the construction of our societies.<\/p>\n<p>&nbsp;<\/p>\n<p>For Lemmen, therefore, drawing is not a means with which to communicate certainties or specific knowledge; it is the raw material through which doubts, desires and memory are staged. We are faced with a process of reflection that takes shape through subjective experience, but in search of a possible common reason. Lemmen&#8217;s visual imaginary comes from contact with a mythical memory and sets up the possibility of questioning emotions, affections, and collective conflicts. This formulation has given rise to numerous series and working groups: it is unfurled on paper through symbolic scenes, equipped with narrativity, where closed endings are never established. Their images are therefore not placed in the realm of the story, but in a conceptually more complex one: that of myth.<\/p>\n\t\t\t\t\t\t\t\t<\/div>\n\t\t\t\t<\/div>\n\t\t\t\t\t<\/div>\n\t\t<\/div>\n\t\t\t\t\t<\/div>\n\t\t<\/section>\n\t\t\t\t<section class=\"elementor-section elementor-top-section elementor-element elementor-element-38846ac0 elementor-section-content-middle elementor-section-boxed elementor-section-height-default elementor-section-height-default\" data-id=\"38846ac0\" data-element_type=\"section\" data-e-type=\"section\">\n\t\t\t\t\t\t<div class=\"elementor-container elementor-column-gap-no\">\n\t\t\t\t\t<div class=\"elementor-column elementor-col-100 elementor-top-column elementor-element elementor-element-1cfc6a04\" data-id=\"1cfc6a04\" data-element_type=\"column\" data-e-type=\"column\">\n\t\t\t<div class=\"elementor-widget-wrap elementor-element-populated\">\n\t\t\t\t\t\t<div class=\"elementor-element elementor-element-cd7c306 elementor--h-position-center elementor--v-position-middle elementor-arrows-position-inside elementor-pagination-position-inside elementor-widget elementor-widget-slides\" data-id=\"cd7c306\" data-element_type=\"widget\" data-e-type=\"widget\" data-settings=\"{&quot;transition&quot;:&quot;fade&quot;,&quot;navigation&quot;:&quot;both&quot;,&quot;autoplay&quot;:&quot;yes&quot;,&quot;pause_on_hover&quot;:&quot;yes&quot;,&quot;pause_on_interaction&quot;:&quot;yes&quot;,&quot;autoplay_speed&quot;:5000,&quot;infinite&quot;:&quot;yes&quot;,&quot;transition_speed&quot;:500}\" data-widget_type=\"slides.default\">\n\t\t\t\t<div class=\"elementor-widget-container\">\n\t\t\t\t\t\t\t\t\t<div class=\"elementor-swiper\">\n\t\t\t\t\t<div class=\"elementor-slides-wrapper elementor-main-swiper swiper\" role=\"region\" aria-roledescription=\"carousel\" aria-label=\"Slides\" dir=\"ltr\" data-animation=\"fadeInUp\">\n\t\t\t\t<div class=\"swiper-wrapper elementor-slides\">\n\t\t\t\t\t\t\t\t\t\t<div class=\"elementor-repeater-item-32fceef swiper-slide\" role=\"group\" aria-roledescription=\"slide\"><div class=\"swiper-slide-bg\" role=\"img\" aria-label=\"Hans Lemmen - Artizar 2\"><\/div><div class=\"swiper-slide-inner\" ><div class=\"swiper-slide-contents\"><\/div><\/div><\/div><div class=\"elementor-repeater-item-8a68fae swiper-slide\" role=\"group\" aria-roledescription=\"slide\"><div class=\"swiper-slide-bg\" role=\"img\" aria-label=\"Hans Lemmen - Artizar 3\"><\/div><div class=\"swiper-slide-inner\" ><div class=\"swiper-slide-contents\"><\/div><\/div><\/div><div class=\"elementor-repeater-item-3448699 swiper-slide\" role=\"group\" aria-roledescription=\"slide\"><div class=\"swiper-slide-bg\" role=\"img\" aria-label=\"Hans Lemmen - Artizar 4\"><\/div><div class=\"swiper-slide-inner\" ><div class=\"swiper-slide-contents\"><\/div><\/div><\/div><div class=\"elementor-repeater-item-a416517 swiper-slide\" role=\"group\" aria-roledescription=\"slide\"><div class=\"swiper-slide-bg\" role=\"img\" aria-label=\"Hans Lemmen - Artizar 5\"><\/div><div class=\"swiper-slide-inner\" ><div class=\"swiper-slide-contents\"><\/div><\/div><\/div>\t\t\t\t<\/div>\n\t\t\t\t\t\t\t\t\t\t\t\t\t\t\t<div class=\"elementor-swiper-button elementor-swiper-button-prev\" role=\"button\" tabindex=\"0\" aria-label=\"Previous slide\">\n\t\t\t\t\t\t\t<i aria-hidden=\"true\" class=\"eicon-chevron-left\"><\/i>\t\t\t\t\t\t<\/div>\n\t\t\t\t\t\t<div class=\"elementor-swiper-button elementor-swiper-button-next\" role=\"button\" tabindex=\"0\" aria-label=\"Next slide\">\n\t\t\t\t\t\t\t<i aria-hidden=\"true\" class=\"eicon-chevron-right\"><\/i>\t\t\t\t\t\t<\/div>\n\t\t\t\t\t\t\t\t\t\t\t\t\t\t\t\t<div class=\"swiper-pagination\"><\/div>\n\t\t\t\t\t\t\t\t\t\t\t\t<\/div>\n\t\t\t\t<\/div>\n\t\t\t\t\t\t\t\t<\/div>\n\t\t\t\t<\/div>\n\t\t\t\t\t<\/div>\n\t\t<\/div>\n\t\t\t\t\t<\/div>\n\t\t<\/section>\n\t\t\t\t<section class=\"elementor-section elementor-top-section elementor-element elementor-element-6dcf66bb elementor-section-full_width elementor-section-content-middle elementor-section-height-default elementor-section-height-default\" data-id=\"6dcf66bb\" data-element_type=\"section\" data-e-type=\"section\">\n\t\t\t\t\t\t<div class=\"elementor-container elementor-column-gap-no\">\n\t\t\t\t\t<div class=\"elementor-column elementor-col-50 elementor-top-column elementor-element elementor-element-7d276d56\" data-id=\"7d276d56\" data-element_type=\"column\" data-e-type=\"column\" data-settings=\"{&quot;background_background&quot;:&quot;classic&quot;}\">\n\t\t\t<div class=\"elementor-widget-wrap elementor-element-populated\">\n\t\t\t\t\t<div class=\"elementor-background-overlay\"><\/div>\n\t\t\t\t\t\t<div class=\"elementor-element elementor-element-14e6884e elementor-widget elementor-widget-heading\" data-id=\"14e6884e\" data-element_type=\"widget\" data-e-type=\"widget\" data-widget_type=\"heading.default\">\n\t\t\t\t<div class=\"elementor-widget-container\">\n\t\t\t\t\t<h4 class=\"elementor-heading-title elementor-size-default\">Exploring the poetics of Hans Lemmen<\/h4>\t\t\t\t<\/div>\n\t\t\t\t<\/div>\n\t\t\t\t<div class=\"elementor-element elementor-element-490e27e6 elementor-widget elementor-widget-heading\" data-id=\"490e27e6\" data-element_type=\"widget\" data-e-type=\"widget\" data-widget_type=\"heading.default\">\n\t\t\t\t<div class=\"elementor-widget-container\">\n\t\t\t\t\t<h4 class=\"elementor-heading-title elementor-size-default\">Carlos delgado mayordomo<\/h4>\t\t\t\t<\/div>\n\t\t\t\t<\/div>\n\t\t\t\t\t<\/div>\n\t\t<\/div>\n\t\t\t\t<div class=\"elementor-column elementor-col-50 elementor-top-column elementor-element elementor-element-629cc328\" data-id=\"629cc328\" data-element_type=\"column\" data-e-type=\"column\">\n\t\t\t<div class=\"elementor-widget-wrap elementor-element-populated\">\n\t\t\t\t\t\t<div class=\"elementor-element elementor-element-72ea11a7 elementor-widget elementor-widget-text-editor\" data-id=\"72ea11a7\" data-element_type=\"widget\" data-e-type=\"widget\" data-widget_type=\"text-editor.default\">\n\t\t\t\t<div class=\"elementor-widget-container\">\n\t\t\t\t\t\t\t\t\t<p><strong>Drawing, myth, and ritual<\/strong><\/p>\n<p><strong>\u00a0<\/strong><\/p>\n<p>The birth of the modern subject in the West involved a transformation of temporal experience: the rate of goods production, linked to progress and technological acceleration, imposed a homogeneous and linear time. Pluralistic times\u2014subjective, local, and individual\u2014typical of the human, and impossible to fit into the new chronological imperialism, were left on the side lines. Lemmen&#8217;s drawings are shaped as forms of resistance to that productive and regulated time: they seek to rethink our present through the primeval, that is, outside the evolutionary framework imposed by historical and scientific accounts of Western modernity.<\/p>\n<p>&nbsp;<\/p>\n<p>Omar Pascual-Castillo pointed out that Lemmen&#8217;s production generates a &#8220;mythology that defies space and time&#8221;. Indeed, his production is formulated through temporal and spatial disagreement, interwoven in the tragic aura surrounding human bonds with a primeval nature. And it is precisely in these bonds that the possibility of myth acquires a presence, never the product of a capricious invention of imagination, but inspired by man&#8217;s deep sense of fear and respect for the phenomena of the natural environment.\u00a0 The conceptual form of myth would therefore be the culturally primitive way of opening up to the world.<\/p>\n<p>Ernst Cassirer emphasised that, in order to achieve a proper understanding of myth, one must begin by studying the ritual: the philosopher&#8217;s research showed that ritual is a deeper and more enduring element than myth, for when a human being performs a religious ritual or ceremony, he does not enter or remain in a contemplative state, but instead lives a life of emotions. Thus, the man who performs a magic ritual does not differ from the man of science who conducts an experiment in his laboratory, or from the artist who undertakes a cultural artefact. For his part, John Berger reminds us that <em>Cro-Magnon Man <\/em>was not a cave-dweller. He entered the cave to participate in certain rituals, of which we know almost nothing, although rock drawing seems to be part them.<\/p>\n<p>&nbsp;<\/p>\n<p>A drawing is not important because it records what one has seen, but because of what it allows you to see. Lemmen&#8217;s drawings speak to us of many things, but also of the artist&#8217;s creative process: in his small drawings, he prepares the paper with five layers of casein on each side and then creates an abstract line that represents a horizon and that, in the end, will become the stage on which the complex spectacle of his iconography will be set. In his large drawings, the tracing of the line on paper begins with <em>a ritual<\/em>, which results in an initial mapping of emotions, \u201clike walking on paper with paint on your feet,\u201d the artist points out. To do this, the ritual acquires a more physical sense, through footprints of animals, plants, or even his own, as a transfer of the exterior to the interior of the work of art. In these latter pieces, the portable memory of nature is present, the haphazard traces left behind by the act of walking, the echo of the vision, as well as a hypothetical map that gives an account of the metamorphic power of the landscape.\u00a0<a href=\"#_ftnref1\" name=\"_ftn1\"><\/a><\/p>\n\t\t\t\t\t\t\t\t<\/div>\n\t\t\t\t<\/div>\n\t\t\t\t\t<\/div>\n\t\t<\/div>\n\t\t\t\t\t<\/div>\n\t\t<\/section>\n\t\t\t\t<section class=\"elementor-section elementor-top-section elementor-element elementor-element-3b5d5b3d elementor-section-boxed elementor-section-height-default elementor-section-height-default\" data-id=\"3b5d5b3d\" data-element_type=\"section\" data-e-type=\"section\">\n\t\t\t\t\t\t<div class=\"elementor-container elementor-column-gap-default\">\n\t\t\t\t\t<div class=\"elementor-column elementor-col-100 elementor-top-column elementor-element elementor-element-523a6323\" data-id=\"523a6323\" data-element_type=\"column\" data-e-type=\"column\">\n\t\t\t<div class=\"elementor-widget-wrap elementor-element-populated\">\n\t\t\t\t\t\t<div class=\"elementor-element elementor-element-206f316c elementor-widget elementor-widget-text-editor\" data-id=\"206f316c\" data-element_type=\"widget\" data-e-type=\"widget\" data-widget_type=\"text-editor.default\">\n\t\t\t\t<div class=\"elementor-widget-container\">\n\t\t\t\t\t\t\t\t\t<p><strong>Paths and forest clearings<\/strong><\/p>\n<p>&nbsp;<\/p>\n<p>In <em>Off the Beaten Track<\/em>, Martin Heidegger developed a very different notion of the path from the one formulated by Descartes in <em>Discourse on Method<\/em>, understood as a linear path of reason. The new path proposed by Heidegger is meandering, with traces, detours, movement, areas of light and shade, which speak of other presences and, also, ancient walkers. The journey that Heidegger proposes does not lead to any other place: it creates a clearing from which to think about being within a permanent mystery. Now thinking is walking and walking is thinking.<\/p>\n<p>&nbsp;<\/p>\n<p>Also for Lemmen, the path travelled and the places explored are more important than the expectation of arriving at a specific point. His attitude is peculiar within the current meanderings of contemporary art, which have largely elevated the banal above the enigmatic, the eschatological above the sacred. His is, in contrast, a work that questions life as a common problem, that is woven against the grain, without conceptual rhetoric, and which explores those questions that cause certainties to tremble. His reflections translate into his way of drawing, as well as engraving, sculpting, and his installations. But beyond the chosen medium, I think that the important thing for Lemmen is to be <em>outdoors<\/em>: to develop an open-air creation, without a roof or any qualms.<\/p>\n<p>&nbsp;<\/p>\n<p>His works are figurative, but imitation plays a small role, narration transgresses logic, trauma (individual or social) acquires presence, and intuition is superimposed over any canon. These characteristics lead us to understand that Lemmen comes to be defined as \u201ca variant of the <em>Art brut<\/em> artist\u201d: this is no longer about the unattainable \u201ctotally pure artistic operation\u201d that Dubuffet wished to see in <em>Art brut<\/em>; but about engaging in a work that arises from the mind and that, without drifting into surreal psychic automatism, seeks to amaze the drawer himself.<\/p>\n\t\t\t\t\t\t\t\t<\/div>\n\t\t\t\t<\/div>\n\t\t\t\t\t<\/div>\n\t\t<\/div>\n\t\t\t\t\t<\/div>\n\t\t<\/section>\n\t\t\t\t<section class=\"elementor-section elementor-top-section elementor-element elementor-element-5be4bb09 elementor-section-boxed elementor-section-height-default elementor-section-height-default\" data-id=\"5be4bb09\" data-element_type=\"section\" data-e-type=\"section\">\n\t\t\t\t\t\t<div class=\"elementor-container elementor-column-gap-default\">\n\t\t\t\t\t<div class=\"elementor-column elementor-col-100 elementor-top-column elementor-element elementor-element-480fd3e3\" data-id=\"480fd3e3\" data-element_type=\"column\" data-e-type=\"column\">\n\t\t\t<div class=\"elementor-widget-wrap elementor-element-populated\">\n\t\t\t\t\t\t<div class=\"elementor-element elementor-element-6cfac06a elementor-widget elementor-widget-image\" data-id=\"6cfac06a\" data-element_type=\"widget\" data-e-type=\"widget\" data-widget_type=\"image.default\">\n\t\t\t\t<div class=\"elementor-widget-container\">\n\t\t\t\t\t\t\t\t\t\t\t\t\t\t\t<img decoding=\"async\" width=\"1024\" height=\"623\" src=\"https:\/\/artizar.es\/wp-content\/uploads\/2021\/10\/Hans-Lemmen-Artizar-7-1024x623.jpg\" class=\"attachment-large size-large wp-image-30302\" alt=\"\" srcset=\"https:\/\/artizar.es\/wp-content\/uploads\/2021\/10\/Hans-Lemmen-Artizar-7-1024x623.jpg 1024w, https:\/\/artizar.es\/wp-content\/uploads\/2021\/10\/Hans-Lemmen-Artizar-7-300x182.jpg 300w, https:\/\/artizar.es\/wp-content\/uploads\/2021\/10\/Hans-Lemmen-Artizar-7-768x467.jpg 768w, https:\/\/artizar.es\/wp-content\/uploads\/2021\/10\/Hans-Lemmen-Artizar-7.jpg 1500w\" sizes=\"(max-width: 1024px) 100vw, 1024px\" \/>\t\t\t\t\t\t\t\t\t\t\t\t\t\t\t<\/div>\n\t\t\t\t<\/div>\n\t\t\t\t\t<\/div>\n\t\t<\/div>\n\t\t\t\t\t<\/div>\n\t\t<\/section>\n\t\t\t\t<section class=\"elementor-section elementor-top-section elementor-element elementor-element-36f10836 elementor-section-boxed elementor-section-height-default elementor-section-height-default\" data-id=\"36f10836\" data-element_type=\"section\" data-e-type=\"section\">\n\t\t\t\t\t\t<div class=\"elementor-container elementor-column-gap-default\">\n\t\t\t\t\t<div class=\"elementor-column elementor-col-100 elementor-top-column elementor-element elementor-element-3728f7a3\" data-id=\"3728f7a3\" data-element_type=\"column\" data-e-type=\"column\">\n\t\t\t<div class=\"elementor-widget-wrap elementor-element-populated\">\n\t\t\t\t\t\t<div class=\"elementor-element elementor-element-5b243d6a elementor-widget elementor-widget-text-editor\" data-id=\"5b243d6a\" data-element_type=\"widget\" data-e-type=\"widget\" data-widget_type=\"text-editor.default\">\n\t\t\t\t<div class=\"elementor-widget-container\">\n\t\t\t\t\t\t\t\t\t<p><strong>Recovering aura<\/strong><\/p>\n<p>&nbsp;<\/p>\n<p>Walter Benjamin warned us of a before and an after in the history of images: although the work of art has always been reproducible, with the technical reproducibility typical of photography and cinema we have lost the <em>here and now<\/em> of the work, its authenticity, its aura. The philosopher emphasised \u201critual\u201d (cult value) as the foundation of authenticity in a work of art, and complained that, because of its reproducibility, cult value had been exchanged for <em>the value of exhibition<\/em>. What he did not foresee was the complex process that the image would undergo as the 20th century drew to a close: from virtual reality to surveillance technologies, there is now a new framework of hypervisibility where the task of art as a symbolic image has become complicated to unexpected extremes. Now, the condition of an image is determined by its visibility, its capacity for multiplication, and its digital circulation.<\/p>\n<p>&nbsp;<\/p>\n<p>Lemmen&#8217;s perspective on the photographic image takes these aspects into account and is interested in investigating the endurance of its analogue dimension: the one that, thanks to its material condition and physical and chemical processes, is still able to reveal a tangible materiality to us. In recent years, the artist has undertaken collaborative projects, travelling to photographic archives abroad to interact with plastic processes that are ultimately processes of knowledge.<\/p>\n<p>&nbsp;<\/p>\n<p>In 2017, he was invited by Roger Ballen to manipulate and alter his photographic images. Despite being thousands of miles apart \u2014Ballen lives and works in South Africa, and Lemmen on a traditional farm in the Belgian region of Hesbaye \u2014, they engaged in productive and extensive dialogue by way of a <em>Cadavre exquis<\/em>: Lemmen trimmed and reduced Ballen\u2019s photographs to simple fragments in order to create new pieces, while Ballen used Lemmen&#8217;s drawings to include them in an installation that would then, in turn, be photographed. The result was <em>Unleashed<\/em>, a joint exhibition where they both explored the expressive subjectivity of the photographic image, while multiplying its symbolic possibilities. And this was achieved through narrative, expansive, and expressive images, defending the strength of the eclecticism and hybridisation contained in both imaginaries.<\/p>\n<p>&nbsp;<\/p>\n<p><em>Unleashed<\/em> can be read, at first glance at least, as an example of a certain type of postmodern work that, since the 1980s, has placed fusion, appropriation, and hybridisation at the centre of its poetics. However, Lemmen and Ballen&#8217;s proposal appealed mainly to the emergence of a new reality based on dialectical enrichment. In this sense, the project is closer to the \u201cDiurnes\u201d that Villers and Picasso carried out in 1953 than to the postmodernist assault on photography (based, to a large extent, on <em>kitsch<\/em> and pastiche). What unites the two projects, <em>Diurnes<\/em> and <em>Unleashed<\/em>, is the understanding of the image as a ductile matter. Photography would therefore not be a static version of things, but a living entity whose communicative possibilities overflow traditional ways of looking and seeing.<a href=\"#_ftnref1\" name=\"_ftn1\"><\/a><\/p>\n\t\t\t\t\t\t\t\t<\/div>\n\t\t\t\t<\/div>\n\t\t\t\t\t<\/div>\n\t\t<\/div>\n\t\t\t\t\t<\/div>\n\t\t<\/section>\n\t\t\t\t<section class=\"elementor-section elementor-top-section elementor-element elementor-element-d39cf70 elementor-section-height-min-height elementor-section-content-middle elementor-section-boxed elementor-section-height-default elementor-section-items-middle\" data-id=\"d39cf70\" data-element_type=\"section\" data-e-type=\"section\" data-settings=\"{&quot;background_background&quot;:&quot;classic&quot;}\">\n\t\t\t\t\t\t\t<div class=\"elementor-background-overlay\"><\/div>\n\t\t\t\t\t\t\t<div class=\"elementor-container elementor-column-gap-no\">\n\t\t\t\t\t<div class=\"elementor-column elementor-col-100 elementor-top-column elementor-element elementor-element-700fea8\" data-id=\"700fea8\" data-element_type=\"column\" data-e-type=\"column\">\n\t\t\t<div class=\"elementor-widget-wrap\">\n\t\t\t\t\t\t\t<\/div>\n\t\t<\/div>\n\t\t\t\t\t<\/div>\n\t\t<\/section>\n\t\t\t\t<section class=\"elementor-section elementor-top-section elementor-element elementor-element-ecaec6a elementor-section-boxed elementor-section-height-default elementor-section-height-default\" data-id=\"ecaec6a\" data-element_type=\"section\" data-e-type=\"section\">\n\t\t\t\t\t\t<div class=\"elementor-container elementor-column-gap-default\">\n\t\t\t\t\t<div class=\"elementor-column elementor-col-66 elementor-top-column elementor-element elementor-element-e499c15\" data-id=\"e499c15\" data-element_type=\"column\" data-e-type=\"column\">\n\t\t\t<div class=\"elementor-widget-wrap elementor-element-populated\">\n\t\t\t\t\t\t<div class=\"elementor-element elementor-element-e5f71c1 elementor-widget elementor-widget-text-editor\" data-id=\"e5f71c1\" data-element_type=\"widget\" data-e-type=\"widget\" data-widget_type=\"text-editor.default\">\n\t\t\t\t<div class=\"elementor-widget-container\">\n\t\t\t\t\t\t\t\t\t<p><strong>Landscape as palimpsest <\/strong><\/p>\n<p>&nbsp;<\/p>\n<p>After <em>Unleashed<\/em>, Lemmen went on to develop new technical possibilities of fusing drawing and photography. His interest in the photographic archives of others lies, in the words of Didi-Huberman, in their &#8220;perforated nature&#8221;, that is, in their deliberate or unconscious censorship. This involves the search for a new technique capable of interweaving itself into the smooth skin of the photographic surface and exploring, almost literally, that same perforated nature: little by little, he will feel out different options until, finally, he decides to manually remove some of the material from the photographic print itself. Along with this scraping out, the artist&#8217;s hand draws and overlays new iconographies in charcoal.<\/p>\n<p>&nbsp;<\/p>\n<p>This collection, grouped under the title <em>Tierra Cifrada<\/em>\/<em>Encrypted Ground<\/em>, takes as its basis two photographic archives: on the one hand, images captured by the German photographer Thomas Mayer, especially his work around rubbish tips and abandoned houses in Ireland. But the main block of work is based on images by Spanish photographer Terek Ode, especially those documenting prehistoric structures and archaeological landscapes located around the Canary Islands. Landscape will therefore be the starting point for an archaeology of memory, myths and, above all, the concern of a human being who is struggling to find their origins.<\/p>\n<p>&nbsp;<\/p>\n<p><em>Terra Cifrada\/<\/em><em>Encrypted Ground<\/em> is located in a furtive area where photography and drawing do not clash but instead transcend one another; this is not just a formal exercise in exploration but a lucid reflection on perception, understanding and the infinite possibility of raising questions through visual composition and iconographic representation. One of the most suggestive aspects of this series is precisely related to the problem of the gaze, denying visual pleasure its specificity (photograph or drawing), and creating disquiet in the spectator, not knowing exactly what they are looking at, or rather, what their gaze is taking in.<\/p>\n<p>&nbsp;<\/p>\n<p>Ultimately, the creative process generates palimpsest: the ancients used the term \u03c0\u03b1\u03bb\u03af\u03bc\u03c8\u03b7\u03c3\u03c4\u03bf\u03bd, which means <em>scratched or scraped again<\/em>, to refer to parchment in which an old manuscript was erased and a new one transcribed on that same medium. The practice of palimpsest is always traumatic: it inflicts a wound that makes something invisible and absent; and a new discourse forms a scar over that same wound. <em>Tierra Cifrada<\/em>\/<em>Encrypted Ground<\/em> assumes this process to talk about human links to nature and, ultimately, the permeability of life and death.<\/p>\n\t\t\t\t\t\t\t\t<\/div>\n\t\t\t\t<\/div>\n\t\t\t\t\t<\/div>\n\t\t<\/div>\n\t\t\t\t<div class=\"elementor-column elementor-col-33 elementor-top-column elementor-element elementor-element-414efd0\" data-id=\"414efd0\" data-element_type=\"column\" data-e-type=\"column\">\n\t\t\t<div class=\"elementor-widget-wrap elementor-element-populated\">\n\t\t\t\t\t\t<div class=\"elementor-element elementor-element-0844374 elementor-widget elementor-widget-image\" data-id=\"0844374\" data-element_type=\"widget\" data-e-type=\"widget\" data-widget_type=\"image.default\">\n\t\t\t\t<div class=\"elementor-widget-container\">\n\t\t\t\t\t\t\t\t\t\t\t\t\t\t\t<img decoding=\"async\" width=\"827\" height=\"1024\" src=\"https:\/\/artizar.es\/wp-content\/uploads\/2021\/10\/Hans-Lemmen-Artizar-9-827x1024.jpg\" class=\"attachment-large size-large wp-image-30313\" alt=\"\" srcset=\"https:\/\/artizar.es\/wp-content\/uploads\/2021\/10\/Hans-Lemmen-Artizar-9-827x1024.jpg 827w, https:\/\/artizar.es\/wp-content\/uploads\/2021\/10\/Hans-Lemmen-Artizar-9-242x300.jpg 242w, https:\/\/artizar.es\/wp-content\/uploads\/2021\/10\/Hans-Lemmen-Artizar-9-768x951.jpg 768w, https:\/\/artizar.es\/wp-content\/uploads\/2021\/10\/Hans-Lemmen-Artizar-9.jpg 969w\" sizes=\"(max-width: 827px) 100vw, 827px\" \/>\t\t\t\t\t\t\t\t\t\t\t\t\t\t\t<\/div>\n\t\t\t\t<\/div>\n\t\t\t\t\t<\/div>\n\t\t<\/div>\n\t\t\t\t\t<\/div>\n\t\t<\/section>\n\t\t\t\t<section class=\"elementor-section elementor-top-section elementor-element elementor-element-7c47b7f elementor-section-boxed elementor-section-height-default elementor-section-height-default\" data-id=\"7c47b7f\" data-element_type=\"section\" data-e-type=\"section\">\n\t\t\t\t\t\t<div class=\"elementor-container elementor-column-gap-default\">\n\t\t\t\t\t<div class=\"elementor-column elementor-col-100 elementor-top-column elementor-element elementor-element-bdf8dcb\" data-id=\"bdf8dcb\" data-element_type=\"column\" data-e-type=\"column\">\n\t\t\t<div class=\"elementor-widget-wrap elementor-element-populated\">\n\t\t\t\t\t\t<div class=\"elementor-element elementor-element-c7d4cc0 elementor-widget elementor-widget-text-editor\" data-id=\"c7d4cc0\" data-element_type=\"widget\" data-e-type=\"widget\" data-widget_type=\"text-editor.default\">\n\t\t\t\t<div class=\"elementor-widget-container\">\n\t\t\t\t\t\t\t\t\t<p><strong>Final Coda: confronting images<\/strong><\/p>\n<p>&nbsp;<\/p>\n<p>In the book <em>Confronting images<\/em>, Georges Didi-Huberman explains that we do not look only with our eyes, not just with our gaze. In Spanish <em>Seeing (Ver) <\/em>rhymes with<em> Knowing (Saber)<\/em>, which suggests that the uncultivated eye does not really exist and that we also embrace images with words and processes of knowing. When Lemmen confronts photographic images, he assumes them as a repository of different memories and knowledge: for this reason, he is interested in creating tension in contradictory temporalities and building a visual experience outside of ordinary perception.<\/p>\n<p>&nbsp;<\/p>\n<p>The skin of the photograph, scratched and peeled, begins to burn and demands new narratives: the artist introduces recognisable elements from his own environment, details of the farm where he lives in the Belgian region of Hesbaye, or the electricity pylons that surround the territory. He also draws human bodies, which are oversized in relation to the new photographic landscape they inhabit. This dislocation of scale, which erases any naturalist claim, points to one of the fundamental interests of Lemmen&#8217;s poetics, namely, the understanding of human beings as a \u201cwalking paradox\u201d: on what basis can we claim that a more rational society is freer? Has this rationalisation of the modern world not led us down the path to disenchantment and desacralisation of the world? Do myths, philosophy, and science not operate on the same frontier?<\/p>\n<p>&nbsp;<\/p>\n<p>L\u00e9vi-Strauss warned that the variety of myths, far from constituting an anarchic proliferation of stories, exhibits an air of familiarity that lays bare the deep unity of human thought. The evolutionary and progressive conception of knowledge, in which philosophy overcomes myth, and science overcomes philosophy on a scale of increasing rationality, would be an unacceptable theory. Modern science still dreams of formulating a theory that encompasses the entire universe. But myth and philosophy are not ways of thinking that science has left behind, but instead travelling companions who continue by its side: each has its own history, whose turning points and evolution are often linked, but do not necessarily coincide.<\/p>\n<p>&nbsp;<\/p>\n<p>Ultimately, Lemmen views art as a de-sacralised form of myth. Hence we can understand his work as an exploration of human complexity, always through an awareness that we are not only rational animals, but also the ultimate mythical animal. For Lemmen, therefore, drawing is not a problem based on making the real present, but on transforming reality through the imaginary. His works, like ancient myths and rituals, appeal to all individuals, address both intelligence and sensitivity, claim the contest of rationality and affectivity, and activate memory and imagination.<\/p>\n\t\t\t\t\t\t\t\t<\/div>\n\t\t\t\t<\/div>\n\t\t\t\t\t<\/div>\n\t\t<\/div>\n\t\t\t\t\t<\/div>\n\t\t<\/section>\n\t\t\t\t<section class=\"elementor-section elementor-top-section elementor-element elementor-element-67a6472 elementor-section-boxed elementor-section-height-default elementor-section-height-default\" data-id=\"67a6472\" data-element_type=\"section\" data-e-type=\"section\">\n\t\t\t\t\t\t<div class=\"elementor-container elementor-column-gap-default\">\n\t\t\t\t\t<div class=\"elementor-column elementor-col-100 elementor-top-column elementor-element elementor-element-0fe95fe\" data-id=\"0fe95fe\" data-element_type=\"column\" data-e-type=\"column\">\n\t\t\t<div class=\"elementor-widget-wrap elementor-element-populated\">\n\t\t\t\t\t\t<div class=\"elementor-element elementor-element-1241e2d elementor-widget elementor-widget-text-editor\" data-id=\"1241e2d\" data-element_type=\"widget\" data-e-type=\"widget\" data-widget_type=\"text-editor.default\">\n\t\t\t\t<div class=\"elementor-widget-container\">\n\t\t\t\t\t\t\t\t\t<p>_____________________________________________________________________________________<\/p>\n<p>\u00a0<\/p>\n<p>(1) Pascual-Castillo, O (2011). \u00a0<em>Hans Lemmen &#8230;a\u00fan terrenal [dibujos \/ drawings<\/em>]. Centro Atl\u00e1ntico de Arte Moderno: Las Palmas de Gran Canaria.<\/p>\n<p>(2) Cassirer, E. (1993). <em>El Mito del Estado<\/em>. M\u00e9xico: Editorial Fondo de Cultura Econ\u00f3mica.<\/p>\n<p>(3) \u201cLa mayor parte de los animales representados en la cueva Chauvet eran feroces, pero no hay huella alguna de temor en la forma en la que est\u00e1n dibujados. Respeto, s\u00ed, un respeto \u00edntimo, fraterno. Por eso todas las im\u00e1genes de los animales que se encuentran en la cueva tienen una presencia humana. Una presencia que viene revelada por el placer. Todas las criaturas aqu\u00ed representadas se sienten uno con el hombre: extra\u00f1a manera esta de formular algo que, sin embargo, es incontestable\u201d. Berger, J.(2011) <em>Sobre el dibujo<\/em>. Gustavo Gili: Barcelona.<\/p>\n<p>(4) Kuspit, D (2006). <em>El fin del arte<\/em>. Madrid: Akal.<\/p>\n<p>(5) Benjamin, W. (1989). \u201cLa obra de arte en la \u00e9poca de su reproductibilidad t\u00e9cnica\u201d. En <em>Discursos Interrumpidos I<\/em>. Buenos Aires: Taurus.<\/p>\n<p>(6) Andr\u00e9 Villers, fot\u00f3grafo franc\u00e9s, cuenta con 23 a\u00f1os cuando conoce en 1953 a Picasso, quien le ofrece su primera c\u00e1mara de fotos. Fascinados por la riqueza del lugar donde resid\u00edan, la Provenza, decidieron embarcarse en un intenso proceso creativo del que surge la suite \u201cDiurnes\u201d, del lat\u00edn \u201cdiurnus\u201d \u2013cotidiano\u2013, elaborada en 1962 y editada con textos del poeta Jacques Pr\u00e9vert. Recluidos en el cuarto oscuro que el joven ten\u00eda en Lou Bladuc, los dos artistas producir\u00e1n algo m\u00e1s de medio centenar de originales de los cuales seleccionaron una treintena para la edici\u00f3n de litograf\u00edas. El porfolio, que a\u00fana las t\u00e9cnicas fotogr\u00e1ficas con las de la litograf\u00eda es uno de los pocos trabajos donde Picasso utiliz\u00f3 la fotograf\u00eda como medio de expresi\u00f3n. Mediante la superposici\u00f3n y aplicaci\u00f3n de \u201cd\u00e9coupages\u201d \u2013recortes de papel\u2013 con siluetas de figuras, el malague\u00f1o recre\u00f3 todo un imaginario de mitolog\u00eda picassiana sobre los evocadores paisajes en blanco y negro capturados por la c\u00e1mara de Villers.<\/p>\n\t\t\t\t\t\t\t\t<\/div>\n\t\t\t\t<\/div>\n\t\t\t\t\t<\/div>\n\t\t<\/div>\n\t\t\t\t\t<\/div>\n\t\t<\/section>\n\t\t\t\t<section class=\"elementor-section elementor-top-section elementor-element elementor-element-899ed36 elementor-section-full_width elementor-section-height-default elementor-section-height-default\" data-id=\"899ed36\" data-element_type=\"section\" data-e-type=\"section\">\n\t\t\t\t\t\t<div class=\"elementor-container elementor-column-gap-default\">\n\t\t\t\t\t<div class=\"elementor-column elementor-col-100 elementor-top-column elementor-element elementor-element-a6dbafe\" data-id=\"a6dbafe\" data-element_type=\"column\" data-e-type=\"column\" data-settings=\"{&quot;motion_fx_motion_fx_scrolling&quot;:&quot;yes&quot;,&quot;motion_fx_translateX_effect&quot;:&quot;yes&quot;,&quot;motion_fx_translateX_speed&quot;:{&quot;unit&quot;:&quot;px&quot;,&quot;size&quot;:&quot;1&quot;,&quot;sizes&quot;:[]},&quot;motion_fx_translateX_affectedRange&quot;:{&quot;unit&quot;:&quot;%&quot;,&quot;size&quot;:&quot;&quot;,&quot;sizes&quot;:{&quot;start&quot;:&quot;0&quot;,&quot;end&quot;:&quot;50&quot;}},&quot;motion_fx_devices&quot;:[&quot;desktop&quot;]}\">\n\t\t\t<div class=\"elementor-widget-wrap elementor-element-populated\">\n\t\t\t\t\t\t<div class=\"elementor-element elementor-element-c20f0dd elementor-widget-divider--view-line_text elementor-widget-divider--element-align-left elementor-widget elementor-widget-divider\" data-id=\"c20f0dd\" data-element_type=\"widget\" data-e-type=\"widget\" data-widget_type=\"divider.default\">\n\t\t\t\t<div class=\"elementor-widget-container\">\n\t\t\t\t\t\t\t<div class=\"elementor-divider\">\n\t\t\t<span class=\"elementor-divider-separator\">\n\t\t\t\t\t\t\t<span class=\"elementor-divider__text elementor-divider__element\">\n\t\t\t\tPOEMS\t\t\t\t<\/span>\n\t\t\t\t\t\t<\/span>\n\t\t<\/div>\n\t\t\t\t\t\t<\/div>\n\t\t\t\t<\/div>\n\t\t\t\t\t<\/div>\n\t\t<\/div>\n\t\t\t\t\t<\/div>\n\t\t<\/section>\n\t\t\t\t<section class=\"elementor-section elementor-top-section elementor-element elementor-element-a1a412d elementor-section-boxed elementor-section-height-default elementor-section-height-default\" data-id=\"a1a412d\" data-element_type=\"section\" data-e-type=\"section\">\n\t\t\t\t\t\t<div class=\"elementor-container elementor-column-gap-default\">\n\t\t\t\t\t<div class=\"elementor-column elementor-col-50 elementor-top-column elementor-element elementor-element-e265ada\" data-id=\"e265ada\" data-element_type=\"column\" data-e-type=\"column\">\n\t\t\t<div class=\"elementor-widget-wrap elementor-element-populated\">\n\t\t\t\t\t\t<div class=\"elementor-element elementor-element-25627d0 elementor-widget elementor-widget-image\" data-id=\"25627d0\" data-element_type=\"widget\" data-e-type=\"widget\" data-widget_type=\"image.default\">\n\t\t\t\t<div class=\"elementor-widget-container\">\n\t\t\t\t\t\t\t\t\t\t\t\t\t\t\t<img loading=\"lazy\" decoding=\"async\" width=\"685\" height=\"1024\" src=\"https:\/\/artizar.es\/wp-content\/uploads\/2021\/10\/Hans-Lemmen-Artizar-1-685x1024.jpeg\" class=\"attachment-large size-large wp-image-30342\" alt=\"\" srcset=\"https:\/\/artizar.es\/wp-content\/uploads\/2021\/10\/Hans-Lemmen-Artizar-1-685x1024.jpeg 685w, https:\/\/artizar.es\/wp-content\/uploads\/2021\/10\/Hans-Lemmen-Artizar-1-201x300.jpeg 201w, https:\/\/artizar.es\/wp-content\/uploads\/2021\/10\/Hans-Lemmen-Artizar-1-768x1149.jpeg 768w, https:\/\/artizar.es\/wp-content\/uploads\/2021\/10\/Hans-Lemmen-Artizar-1.jpeg 1003w\" sizes=\"(max-width: 685px) 100vw, 685px\" \/>\t\t\t\t\t\t\t\t\t\t\t\t\t\t\t<\/div>\n\t\t\t\t<\/div>\n\t\t\t\t\t<\/div>\n\t\t<\/div>\n\t\t\t\t<div class=\"elementor-column elementor-col-50 elementor-top-column elementor-element elementor-element-542e464\" data-id=\"542e464\" data-element_type=\"column\" data-e-type=\"column\">\n\t\t\t<div class=\"elementor-widget-wrap elementor-element-populated\">\n\t\t\t\t\t\t<div class=\"elementor-element elementor-element-601d866 elementor-widget elementor-widget-text-editor\" data-id=\"601d866\" data-element_type=\"widget\" data-e-type=\"widget\" data-widget_type=\"text-editor.default\">\n\t\t\t\t<div class=\"elementor-widget-container\">\n\t\t\t\t\t\t\t\t\t<p class=\"p1\">My dogs speak<\/p>\n<p class=\"p1\">the language of stone<\/p>\n<p class=\"p1\">sniffing the deep<\/p>\n<p class=\"p1\">strata of earth<\/p>\n<p class=\"p1\">communing<\/p>\n<p class=\"p1\">with serpents<\/p>\n<p class=\"p1\">at noon they drink<\/p>\n<p class=\"p1\">from daturan drains<\/p>\n<p class=\"p1\">and on nights<\/p>\n<p class=\"p1\">of weary suns<\/p>\n<p class=\"p1\">in dreams they form a pack<\/p>\n<p class=\"p1\">and devour their master.<\/p>\n<p>\u00a0 \u00a0 \u00a0 \u00a0 \u00a0 \u00a0 \u00a0 \u00a0 \u00a0 \u00b7 Francisco Le\u00f3n \u00b7<\/p>\n\t\t\t\t\t\t\t\t<\/div>\n\t\t\t\t<\/div>\n\t\t\t\t\t<\/div>\n\t\t<\/div>\n\t\t\t\t\t<\/div>\n\t\t<\/section>\n\t\t\t\t<section class=\"elementor-section elementor-top-section elementor-element elementor-element-33ebb351 elementor-section-height-min-height elementor-section-content-middle elementor-section-boxed elementor-section-height-default elementor-section-items-middle\" data-id=\"33ebb351\" data-element_type=\"section\" data-e-type=\"section\" data-settings=\"{&quot;background_background&quot;:&quot;classic&quot;}\">\n\t\t\t\t\t\t\t<div class=\"elementor-background-overlay\"><\/div>\n\t\t\t\t\t\t\t<div class=\"elementor-container elementor-column-gap-no\">\n\t\t\t\t\t<div class=\"elementor-column elementor-col-100 elementor-top-column elementor-element elementor-element-49b173e7\" data-id=\"49b173e7\" data-element_type=\"column\" data-e-type=\"column\">\n\t\t\t<div class=\"elementor-widget-wrap elementor-element-populated\">\n\t\t\t\t\t\t<div class=\"elementor-element elementor-element-1d274aa elementor-widget elementor-widget-text-editor\" data-id=\"1d274aa\" data-element_type=\"widget\" data-e-type=\"widget\" data-widget_type=\"text-editor.default\">\n\t\t\t\t<div class=\"elementor-widget-container\">\n\t\t\t\t\t\t\t\t\t<p class=\"p1\">I wander into the desert, naked, stooped over like a greedy monster. I flee in shame, bowed down to the ground, to open in secret the egg stranded this morning by the tide. I thought: \u00abI\u2019ll carry it to the temple, beyond the last beach, where no one has ever been, to the place only I know\u00bb. I carry it now in my hands and feel drums of impatience beating in my chest. I am hungry, hungry with unspeakable forebodings. I cross the high solitary moorlands dragging the greenish locks of my beard. Passing by tamarisk groves peed on by imaginary goats, I wander into the desert and go down a gully. The egg is heavy, like a body with a sleeping creature inside, a fish, or a newt. Finally, I take a pointed stone and strike it furiously until it bursts, and its red and thick and sickly-sweet pulp stains my hands and lips, and my mouth welcomes it with yearning and relish, like a greedy monster\u2014the allpowerful fruit of origin.<\/p>\n<p>\u00b7 Francisco Le\u00f3n \u00b7<\/p>\n\t\t\t\t\t\t\t\t<\/div>\n\t\t\t\t<\/div>\n\t\t\t\t\t<\/div>\n\t\t<\/div>\n\t\t\t\t\t<\/div>\n\t\t<\/section>\n\t\t\t\t<\/div>\n\t\t","protected":false},"excerpt":{"rendered":"<p>Hans Lemmen tierra cifrada Centro de Arte Juan Ismael \u00b7 Puerto del Rosario, Fuerteventura 30 September &#8211; 20&#8230;<\/p>\n","protected":false},"author":3,"featured_media":0,"parent":0,"menu_order":0,"comment_status":"closed","ping_status":"closed","template":"","meta":{"footnotes":""},"class_list":["post-30385","page","type-page","status-publish","hentry"],"_links":{"self":[{"href":"https:\/\/artizar.es\/en\/wp-json\/wp\/v2\/pages\/30385","targetHints":{"allow":["GET"]}}],"collection":[{"href":"https:\/\/artizar.es\/en\/wp-json\/wp\/v2\/pages"}],"about":[{"href":"https:\/\/artizar.es\/en\/wp-json\/wp\/v2\/types\/page"}],"author":[{"embeddable":true,"href":"https:\/\/artizar.es\/en\/wp-json\/wp\/v2\/users\/3"}],"replies":[{"embeddable":true,"href":"https:\/\/artizar.es\/en\/wp-json\/wp\/v2\/comments?post=30385"}],"version-history":[{"count":0,"href":"https:\/\/artizar.es\/en\/wp-json\/wp\/v2\/pages\/30385\/revisions"}],"wp:attachment":[{"href":"https:\/\/artizar.es\/en\/wp-json\/wp\/v2\/media?parent=30385"}],"curies":[{"name":"wp","href":"https:\/\/api.w.org\/{rel}","templated":true}]}}