{"id":44162,"date":"2025-11-11T12:00:56","date_gmt":"2025-11-11T12:00:56","guid":{"rendered":"https:\/\/artizar.es\/pr-marco-alom-una-luz-negra\/"},"modified":"2025-11-11T17:12:52","modified_gmt":"2025-11-11T17:12:52","slug":"pr-marco-alom-una-luz-negra","status":"publish","type":"page","link":"https:\/\/artizar.es\/en\/pr-marco-alom-una-luz-negra\/","title":{"rendered":"Pr. Marco Alom &#8211; Una Luz Negra"},"content":{"rendered":"\t\t<div data-elementor-type=\"wp-page\" data-elementor-id=\"44162\" class=\"elementor elementor-44162 elementor-44096\" data-elementor-settings=\"{&quot;element_pack_global_tooltip_width&quot;:{&quot;unit&quot;:&quot;px&quot;,&quot;size&quot;:&quot;&quot;,&quot;sizes&quot;:[]},&quot;element_pack_global_tooltip_width_tablet&quot;:{&quot;unit&quot;:&quot;px&quot;,&quot;size&quot;:&quot;&quot;,&quot;sizes&quot;:[]},&quot;element_pack_global_tooltip_width_mobile&quot;:{&quot;unit&quot;:&quot;px&quot;,&quot;size&quot;:&quot;&quot;,&quot;sizes&quot;:[]},&quot;element_pack_global_tooltip_padding&quot;:{&quot;unit&quot;:&quot;px&quot;,&quot;top&quot;:&quot;&quot;,&quot;right&quot;:&quot;&quot;,&quot;bottom&quot;:&quot;&quot;,&quot;left&quot;:&quot;&quot;,&quot;isLinked&quot;:true},&quot;element_pack_global_tooltip_padding_tablet&quot;:{&quot;unit&quot;:&quot;px&quot;,&quot;top&quot;:&quot;&quot;,&quot;right&quot;:&quot;&quot;,&quot;bottom&quot;:&quot;&quot;,&quot;left&quot;:&quot;&quot;,&quot;isLinked&quot;:true},&quot;element_pack_global_tooltip_padding_mobile&quot;:{&quot;unit&quot;:&quot;px&quot;,&quot;top&quot;:&quot;&quot;,&quot;right&quot;:&quot;&quot;,&quot;bottom&quot;:&quot;&quot;,&quot;left&quot;:&quot;&quot;,&quot;isLinked&quot;:true},&quot;element_pack_global_tooltip_border_radius&quot;:{&quot;unit&quot;:&quot;px&quot;,&quot;top&quot;:&quot;&quot;,&quot;right&quot;:&quot;&quot;,&quot;bottom&quot;:&quot;&quot;,&quot;left&quot;:&quot;&quot;,&quot;isLinked&quot;:true},&quot;element_pack_global_tooltip_border_radius_tablet&quot;:{&quot;unit&quot;:&quot;px&quot;,&quot;top&quot;:&quot;&quot;,&quot;right&quot;:&quot;&quot;,&quot;bottom&quot;:&quot;&quot;,&quot;left&quot;:&quot;&quot;,&quot;isLinked&quot;:true},&quot;element_pack_global_tooltip_border_radius_mobile&quot;:{&quot;unit&quot;:&quot;px&quot;,&quot;top&quot;:&quot;&quot;,&quot;right&quot;:&quot;&quot;,&quot;bottom&quot;:&quot;&quot;,&quot;left&quot;:&quot;&quot;,&quot;isLinked&quot;:true}}\" data-elementor-post-type=\"page\">\n\t\t\t\t\t\t<section class=\"elementor-section elementor-top-section elementor-element elementor-element-69c6e0e elementor-section-height-min-height elementor-section-boxed elementor-section-height-default elementor-section-items-middle\" data-id=\"69c6e0e\" data-element_type=\"section\" data-e-type=\"section\" data-settings=\"{&quot;background_background&quot;:&quot;classic&quot;}\">\n\t\t\t\t\t\t\t<div class=\"elementor-background-overlay\"><\/div>\n\t\t\t\t\t\t\t<div class=\"elementor-container elementor-column-gap-default\">\n\t\t\t\t\t<div class=\"elementor-column elementor-col-100 elementor-top-column elementor-element elementor-element-180c181\" data-id=\"180c181\" data-element_type=\"column\" data-e-type=\"column\">\n\t\t\t<div class=\"elementor-widget-wrap elementor-element-populated\">\n\t\t\t\t\t\t<div class=\"elementor-element elementor-element-d898e75 elementor-widget elementor-widget-heading\" data-id=\"d898e75\" data-element_type=\"widget\" data-e-type=\"widget\" data-widget_type=\"heading.default\">\n\t\t\t\t<div class=\"elementor-widget-container\">\n\t\t\t\t\t<h5 class=\"elementor-heading-title elementor-size-default\">Exhibition_<\/h5>\t\t\t\t<\/div>\n\t\t\t\t<\/div>\n\t\t\t\t<div class=\"elementor-element elementor-element-d6a2902 elementor-widget elementor-widget-heading\" data-id=\"d6a2902\" data-element_type=\"widget\" data-e-type=\"widget\" data-widget_type=\"heading.default\">\n\t\t\t\t<div class=\"elementor-widget-container\">\n\t\t\t\t\t<h2 class=\"elementor-heading-title elementor-size-default\">MARCO ALOM<\/h2>\t\t\t\t<\/div>\n\t\t\t\t<\/div>\n\t\t\t\t<div class=\"elementor-element elementor-element-c29b1f9 elementor-widget elementor-widget-heading\" data-id=\"c29b1f9\" data-element_type=\"widget\" data-e-type=\"widget\" data-widget_type=\"heading.default\">\n\t\t\t\t<div class=\"elementor-widget-container\">\n\t\t\t\t\t<h2 class=\"elementor-heading-title elementor-size-default\">UNA LUZ NEGRA<\/h2>\t\t\t\t<\/div>\n\t\t\t\t<\/div>\n\t\t\t\t<div class=\"elementor-element elementor-element-654060e elementor-widget elementor-widget-text-editor\" data-id=\"654060e\" data-element_type=\"widget\" data-e-type=\"widget\" data-widget_type=\"text-editor.default\">\n\t\t\t\t<div class=\"elementor-widget-container\">\n\t\t\t\t\t\t\t\t\t<p><strong>Casa de la cultura agust\u00edn de la hoz<\/strong> \u00b7 Lanzarote \u00b7 Espa\u00f1a<\/p>\n<p>7 NOV 2025 &#8211; 7 MAR 2026<\/p>\n\t\t\t\t\t\t\t\t<\/div>\n\t\t\t\t<\/div>\n\t\t\t\t<div class=\"elementor-element elementor-element-7c282a8 elementor-widget elementor-widget-text-editor\" data-id=\"7c282a8\" data-element_type=\"widget\" data-e-type=\"widget\" data-widget_type=\"text-editor.default\">\n\t\t\t\t<div class=\"elementor-widget-container\">\n\t\t\t\t\t\t\t\t\t<p>organiza_<\/p>\n<p><strong>Cabildo de lanzarote<\/strong><\/p>\n<p><strong>Ayuntamiento de arrecife<\/strong><\/p>\n<p>\u00a0<\/p>\n<p>comisario_ <strong>Frasco pinto<\/strong><\/p>\n<p>Produce y coordina_ <strong>Galer\u00eda Artizar<\/strong><\/p>\n\t\t\t\t\t\t\t\t<\/div>\n\t\t\t\t<\/div>\n\t\t\t\t\t<\/div>\n\t\t<\/div>\n\t\t\t\t\t<\/div>\n\t\t<\/section>\n\t\t\t\t<section class=\"elementor-section elementor-top-section elementor-element elementor-element-4f9583b elementor-section-boxed elementor-section-height-default elementor-section-height-default\" data-id=\"4f9583b\" data-element_type=\"section\" data-e-type=\"section\">\n\t\t\t\t\t\t<div class=\"elementor-container elementor-column-gap-default\">\n\t\t\t\t\t<div class=\"elementor-column elementor-col-100 elementor-top-column elementor-element elementor-element-e80e82f\" data-id=\"e80e82f\" data-element_type=\"column\" data-e-type=\"column\">\n\t\t\t<div class=\"elementor-widget-wrap elementor-element-populated\">\n\t\t\t\t\t\t<div class=\"elementor-element elementor-element-c6f14cc elementor-widget elementor-widget-text-editor\" data-id=\"c6f14cc\" data-element_type=\"widget\" data-e-type=\"widget\" data-widget_type=\"text-editor.default\">\n\t\t\t\t<div class=\"elementor-widget-container\">\n\t\t\t\t\t\t\t\t\t<p><strong><em>Hacia otro mito<\/em><\/strong><\/p>\n\t\t\t\t\t\t\t\t<\/div>\n\t\t\t\t<\/div>\n\t\t\t\t\t<\/div>\n\t\t<\/div>\n\t\t\t\t\t<\/div>\n\t\t<\/section>\n\t\t\t\t<section class=\"elementor-section elementor-top-section elementor-element elementor-element-cfc3861 elementor-section-boxed elementor-section-height-default elementor-section-height-default\" data-id=\"cfc3861\" data-element_type=\"section\" data-e-type=\"section\">\n\t\t\t\t\t\t<div class=\"elementor-container elementor-column-gap-default\">\n\t\t\t\t\t<div class=\"elementor-column elementor-col-100 elementor-top-column elementor-element elementor-element-684705c\" data-id=\"684705c\" data-element_type=\"column\" data-e-type=\"column\">\n\t\t\t<div class=\"elementor-widget-wrap elementor-element-populated\">\n\t\t\t\t\t\t<div class=\"elementor-element elementor-element-dbfaa6f elementor-widget elementor-widget-text-editor\" data-id=\"dbfaa6f\" data-element_type=\"widget\" data-e-type=\"widget\" data-widget_type=\"text-editor.default\">\n\t\t\t\t<div class=\"elementor-widget-container\">\n\t\t\t\t\t\t\t\t\t<p>(Extracto)<\/p>\n\t\t\t\t\t\t\t\t<\/div>\n\t\t\t\t<\/div>\n\t\t\t\t\t<\/div>\n\t\t<\/div>\n\t\t\t\t\t<\/div>\n\t\t<\/section>\n\t\t\t\t<section class=\"elementor-section elementor-top-section elementor-element elementor-element-a9c3ce0 elementor-section-boxed elementor-section-height-default elementor-section-height-default\" data-id=\"a9c3ce0\" data-element_type=\"section\" data-e-type=\"section\">\n\t\t\t\t\t\t<div class=\"elementor-container elementor-column-gap-default\">\n\t\t\t\t\t<div class=\"elementor-column elementor-col-100 elementor-top-column elementor-element elementor-element-e357d71\" data-id=\"e357d71\" data-element_type=\"column\" data-e-type=\"column\">\n\t\t\t<div class=\"elementor-widget-wrap elementor-element-populated\">\n\t\t\t\t\t\t<div class=\"elementor-element elementor-element-d3ba113 elementor-widget elementor-widget-text-editor\" data-id=\"d3ba113\" data-element_type=\"widget\" data-e-type=\"widget\" data-widget_type=\"text-editor.default\">\n\t\t\t\t<div class=\"elementor-widget-container\">\n\t\t\t\t\t\t\t\t\t<p><strong>Dalia de la Rosa<\/strong><\/p>\n\t\t\t\t\t\t\t\t<\/div>\n\t\t\t\t<\/div>\n\t\t\t\t\t<\/div>\n\t\t<\/div>\n\t\t\t\t\t<\/div>\n\t\t<\/section>\n\t\t\t\t<section class=\"elementor-section elementor-top-section elementor-element elementor-element-70f4ff3 elementor-section-boxed elementor-section-height-default elementor-section-height-default\" data-id=\"70f4ff3\" data-element_type=\"section\" data-e-type=\"section\">\n\t\t\t\t\t\t<div class=\"elementor-container elementor-column-gap-default\">\n\t\t\t\t\t<div class=\"elementor-column elementor-col-100 elementor-top-column elementor-element elementor-element-caf0579\" data-id=\"caf0579\" data-element_type=\"column\" data-e-type=\"column\">\n\t\t\t<div class=\"elementor-widget-wrap elementor-element-populated\">\n\t\t\t\t\t\t<div class=\"elementor-element elementor-element-c5a4f4f elementor-widget elementor-widget-text-editor\" data-id=\"c5a4f4f\" data-element_type=\"widget\" data-e-type=\"widget\" data-widget_type=\"text-editor.default\">\n\t\t\t\t<div class=\"elementor-widget-container\">\n\t\t\t\t\t\t\t\t\t<p>Marco Alom (Tenerife, 1986) tiene todas las edades dentro. Desde aquel a\u00f1o en la isla de Patmos en 2017 se produce un estallido, quiz\u00e1 silencioso pero evidente, que une el dibujo con una manera de entender la memoria, el territorio y el paisaje. En ese momento, desde un punto de vista anal\u00edtico, la obra de Alom comienza a sacar su fuerza narrativa, una forma de dibujar profusa, abigarrada y llena de mundos y de edades. Unos a\u00f1os antes, ya se ven\u00eda fraguando en su cabeza todo un imaginario que ten\u00edan como punto focal la influencia de campos diversos del saber cient\u00edfico, las im\u00e1genes decimon\u00f3nicas de grabados o postales y la historia de las\/os viajeras\/os y expediciones que apuntalaron unas descripciones concretas del Archipi\u00e9lago Afortunado.<\/p>\n<p>Antes de esto, previo a ese 2017, interesantes y sugestivas eran sus postales de aire decimon\u00f3nico, intervenidas con fabulosos y fant\u00e1sticos animales, cuya escala con respecto a las ciudades, arquitecturas o paisajes sobre las que se situaban nos conectaban directamente con una aventura literaria a lo Julio Verne. Estas obras conviv\u00edan con una forma de contar las historias que pervive actualmente, porque toda persona que conoce al artista, vive en su piel y sabe de su capacidad de bardo contador, un cantor de las haza\u00f1as de su pueblo, pero tambi\u00e9n, un rapsoda al modo griego que memoriza los poemas para un p\u00fablico. Estar en las proximidades de Marco Alom, por esto, es estar en contacto con muchas edades superpuestas.<\/p>\n<p>Todo el imaginario que contiene o preserva en su interior el artista es un cruce de experiencias que parten de la construcci\u00f3n de arquetipos que toma de la universalidad, pero que sit\u00faa en un lugar concreto. Es decir, toda la obra, de \u00a0alguna forma, expl\u00edcita o simb\u00f3licamente se inserta e inscribe en el territorio de las islas Canarias. Esto se traduce en una constante recuperaci\u00f3n de experiencias de su propio entorno, que est\u00e1 jalonada de sus intereses intelectuales y de su propia infancia en las median\u00edas de la zona sur de la isla de Tenerife, donde conviv\u00eda con un territorio todav\u00eda ignoto para la gran industria de \u201cplantaci\u00f3n\u201d canaria del siglo XX, el turismo. En esa etapa de ni\u00f1ez aparecen las garzas, las huertas, el malpa\u00eds, los amigos, una vida conectada con personas que enriquecen, familiar y afectuosamente, su deseo de aprender. El suyo es, por tanto, un hacer situado jalonado de m\u00faltiples influencias.<\/p>\n\t\t\t\t\t\t\t\t<\/div>\n\t\t\t\t<\/div>\n\t\t\t\t\t<\/div>\n\t\t<\/div>\n\t\t\t\t\t<\/div>\n\t\t<\/section>\n\t\t\t\t<section class=\"elementor-section elementor-top-section elementor-element elementor-element-cc1da52 elementor-section-height-min-height elementor-section-content-middle elementor-section-full_width elementor-section-stretched elementor-section-height-default elementor-section-items-middle\" data-id=\"cc1da52\" data-element_type=\"section\" data-e-type=\"section\" data-settings=\"{&quot;background_background&quot;:&quot;video&quot;,&quot;background_video_link&quot;:&quot;https:\\\/\\\/vimeo.com\\\/1135686161?fl=pl&amp;fe=sh&quot;,&quot;stretch_section&quot;:&quot;section-stretched&quot;,&quot;background_video_start&quot;:0,&quot;background_video_end&quot;:200,&quot;background_play_on_mobile&quot;:&quot;yes&quot;}\">\n\t\t\t\t\t\t\t\t<div class=\"elementor-background-video-container\">\n\t\t\t\t\t\t\t\t\t\t\t\t\t<div class=\"elementor-background-video-embed\" role=\"presentation\"><\/div>\n\t\t\t\t\t\t\t\t\t\t\t\t<\/div>\n\t\t\t\t\t\t\t\t\t<div class=\"elementor-background-overlay\"><\/div>\n\t\t\t\t\t\t\t<div class=\"elementor-container elementor-column-gap-default\">\n\t\t\t\t\t<div class=\"elementor-column elementor-col-100 elementor-top-column elementor-element elementor-element-d842481\" data-id=\"d842481\" data-element_type=\"column\" data-e-type=\"column\">\n\t\t\t<div class=\"elementor-widget-wrap\">\n\t\t\t\t\t\t\t<\/div>\n\t\t<\/div>\n\t\t\t\t\t<\/div>\n\t\t<\/section>\n\t\t\t\t<section class=\"elementor-section elementor-top-section elementor-element elementor-element-60b19d4 elementor-section-boxed elementor-section-height-default elementor-section-height-default\" data-id=\"60b19d4\" data-element_type=\"section\" data-e-type=\"section\">\n\t\t\t\t\t\t<div class=\"elementor-container elementor-column-gap-default\">\n\t\t\t\t\t<div class=\"elementor-column elementor-col-100 elementor-top-column elementor-element elementor-element-69399e8\" data-id=\"69399e8\" data-element_type=\"column\" data-e-type=\"column\">\n\t\t\t<div class=\"elementor-widget-wrap elementor-element-populated\">\n\t\t\t\t\t\t<div class=\"elementor-element elementor-element-460e289 elementor-widget elementor-widget-text-editor\" data-id=\"460e289\" data-element_type=\"widget\" data-e-type=\"widget\" data-widget_type=\"text-editor.default\">\n\t\t\t\t<div class=\"elementor-widget-container\">\n\t\t\t\t\t\t\t\t\t<p><strong><em>Marco alom. La imagen como tiempo, la memoria como mito<\/em><\/strong><\/p>\n\t\t\t\t\t\t\t\t<\/div>\n\t\t\t\t<\/div>\n\t\t\t\t\t<\/div>\n\t\t<\/div>\n\t\t\t\t\t<\/div>\n\t\t<\/section>\n\t\t\t\t<section class=\"elementor-section elementor-top-section elementor-element elementor-element-6987bbf elementor-section-boxed elementor-section-height-default elementor-section-height-default\" data-id=\"6987bbf\" data-element_type=\"section\" data-e-type=\"section\">\n\t\t\t\t\t\t<div class=\"elementor-container elementor-column-gap-default\">\n\t\t\t\t\t<div class=\"elementor-column elementor-col-100 elementor-top-column elementor-element elementor-element-871311e\" data-id=\"871311e\" data-element_type=\"column\" data-e-type=\"column\">\n\t\t\t<div class=\"elementor-widget-wrap elementor-element-populated\">\n\t\t\t\t\t\t<div class=\"elementor-element elementor-element-96a3b6f elementor-widget elementor-widget-text-editor\" data-id=\"96a3b6f\" data-element_type=\"widget\" data-e-type=\"widget\" data-widget_type=\"text-editor.default\">\n\t\t\t\t<div class=\"elementor-widget-container\">\n\t\t\t\t\t\t\t\t\t<p><strong>Claudia Taboada<\/strong><\/p>\n\t\t\t\t\t\t\t\t<\/div>\n\t\t\t\t<\/div>\n\t\t\t\t\t<\/div>\n\t\t<\/div>\n\t\t\t\t\t<\/div>\n\t\t<\/section>\n\t\t\t\t<section class=\"elementor-section elementor-top-section elementor-element elementor-element-7cf679c elementor-section-boxed elementor-section-height-default elementor-section-height-default\" data-id=\"7cf679c\" data-element_type=\"section\" data-e-type=\"section\">\n\t\t\t\t\t\t<div class=\"elementor-container elementor-column-gap-default\">\n\t\t\t\t\t<div class=\"elementor-column elementor-col-50 elementor-top-column elementor-element elementor-element-04630d2\" data-id=\"04630d2\" data-element_type=\"column\" data-e-type=\"column\">\n\t\t\t<div class=\"elementor-widget-wrap\">\n\t\t\t\t\t\t\t<\/div>\n\t\t<\/div>\n\t\t\t\t<div class=\"elementor-column elementor-col-50 elementor-top-column elementor-element elementor-element-7fa7031\" data-id=\"7fa7031\" data-element_type=\"column\" data-e-type=\"column\">\n\t\t\t<div class=\"elementor-widget-wrap elementor-element-populated\">\n\t\t\t\t\t\t<div class=\"elementor-element elementor-element-d664e50 elementor-widget__width-initial elementor-widget elementor-widget-text-editor\" data-id=\"d664e50\" data-element_type=\"widget\" data-e-type=\"widget\" data-widget_type=\"text-editor.default\">\n\t\t\t\t<div class=\"elementor-widget-container\">\n\t\t\t\t\t\t\t\t\t<p class=\"p2\" style=\"text-align: right;\"><i>se derrumban por un instante inmenso y vislumbramos nuestra unidad perdida, el desamparo que es ser hombres, la gloria que es ser hombres y compartir el pan, el sol, la muerte, el olvidado asombro de estar vivos; <\/i><i><\/i><\/p>\n<p class=\"p2\" style=\"text-align: right;\"><i>(&#8230;) Fragmento del poema \u201cPiedra de Sol\u201d, de Octavio Paz <\/i><\/p>\n\t\t\t\t\t\t\t\t<\/div>\n\t\t\t\t<\/div>\n\t\t\t\t\t<\/div>\n\t\t<\/div>\n\t\t\t\t\t<\/div>\n\t\t<\/section>\n\t\t\t\t<section class=\"elementor-section elementor-top-section elementor-element elementor-element-46f00e3 elementor-section-boxed elementor-section-height-default elementor-section-height-default\" data-id=\"46f00e3\" data-element_type=\"section\" data-e-type=\"section\">\n\t\t\t\t\t\t<div class=\"elementor-container elementor-column-gap-default\">\n\t\t\t\t\t<div class=\"elementor-column elementor-col-100 elementor-top-column elementor-element elementor-element-a923ad9\" data-id=\"a923ad9\" data-element_type=\"column\" data-e-type=\"column\">\n\t\t\t<div class=\"elementor-widget-wrap elementor-element-populated\">\n\t\t\t\t\t\t<div class=\"elementor-element elementor-element-ed23a40 elementor-widget elementor-widget-text-editor\" data-id=\"ed23a40\" data-element_type=\"widget\" data-e-type=\"widget\" data-widget_type=\"text-editor.default\">\n\t\t\t\t<div class=\"elementor-widget-container\">\n\t\t\t\t\t\t\t\t\t<p class=\"p2\">Hay artistas cuya obra se nos ofrece como un espejo de lo real, un registro fiel de lo visible. Y hay otros, m\u00e1s complejos y necesarios, que entienden el arte como una operaci\u00f3n de desbordamiento, reinvenci\u00f3n, o sue\u00f1os l\u00facidos llenos de alucinaciones. Marco Alom pertenece a este segundo linaje. Sus obras pudieran ser le\u00eddas como cartograf\u00edas de lo imposible: superficies en las que se hibridan mitos, s\u00edmbolos y criaturas fant\u00e1sticas, donde el exceso de detalles deviene el gesto m\u00e1s simple de sus mensajes.<\/p>\n<p class=\"p2\">Estar ante la obra de Marco Alom hace que la mirada no repose en la superficie, sino que se sumerja hasta perderse en los entresijos del dibujo. Algo semejante sucede al enfrentarse a <i>Piedra de Sol<\/i>, de Octavio Paz. Ese poema largo, circular, que comienza y termina con los mismos versos, obliga al lector a entrar en una corriente temporal que no tiene principio ni fin. As\u00ed como Paz propone una po\u00e9tica del tiempo infinito, Marco Alom construye, l\u00ednea a l\u00ednea, un universo visual que reh\u00fasa toda clausura. Poeta y artista dialogan sin propon\u00e9rselo, coincidiendo en un territorio donde el tiempo se pliega sobre s\u00ed mismo y la imagen se convierte en escritura.<\/p>\n<p class=\"p2\">Situar a Marco Alom en la historia del arte implica reconocer un doble arraigo. Por un lado, en la tradici\u00f3n insular de Canarias, donde lo tel\u00farico y lo mar\u00edtimo han configurado una sensibilidad atravesada por la memoria, el tr\u00e1nsito y el mestizaje cultural. Por otro, en un horizonte universal, donde su obra dialoga tanto con los c\u00f3dices medievales como con la bot\u00e1nica ilustrada del siglo XVIII, con los diagramas alqu\u00edmicos y los mapas cosmol\u00f3gicos de las culturas originarias.<\/p>\n<p class=\"p2\">El artista no trabaja desde la nostalgia de un pasado perdido, sino desde la certeza de que el mito y la cultura son presencias activas, fuerzas que siguen operando en el presente. Sus dibujos recuerdan a c\u00f3dices que nunca existieron, pero que parecen necesarios para interpretar la historia humana. As\u00ed, su obra se coloca en el cruce entre antropolog\u00eda visual y poes\u00eda pl\u00e1stica: cada detalle no es mera ornamentaci\u00f3n, sino un gesto de memoria, un intento de reconstituir lo fragmentado.<\/p>\n<p class=\"p2\">Uno de los elementos claves y m\u00e1s importantes en la obra reciente de Alom es su obsesi\u00f3n por llenar todos los espacios. La superficie blanca es para \u00e9l una amenaza, un vac\u00edo que reclama ser habitado. Sus l\u00edneas proliferan como ra\u00edces o rizomas, conectando figuras y s\u00edmbolos en un entramado sin jerarqu\u00edas aparentes. Ese gesto puede leerse desde la historia del arte como una reacci\u00f3n contra la econom\u00eda moderna de la imagen, que privilegia lo r\u00e1pido, lo m\u00ednimo, lo reductivo. Alom, en cambio, reivindica la densidad: mirar sus obras exige tiempo, paciencia, disposici\u00f3n a perderse en la mara\u00f1a de signos.<\/p>\n<p class=\"p2\">Desde una perspectiva cultural, esta insistencia en el detalle puede comprenderse como un acto de resistencia frente a la simplificaci\u00f3n. All\u00ed donde la cultura contempor\u00e1nea tiende a consumir im\u00e1genes de manera inmediata, Alom nos obliga a demorarnos. Cada criatura, cada pliegue de sus dibujos, parece decir lo que Octavio Paz sugiere en <i>Piedra de Sol<\/i>: \u201cel instante es inmortal\u201d.<\/p>\n\t\t\t\t\t\t\t\t<\/div>\n\t\t\t\t<\/div>\n\t\t\t\t\t<\/div>\n\t\t<\/div>\n\t\t\t\t\t<\/div>\n\t\t<\/section>\n\t\t\t\t<section class=\"elementor-section elementor-top-section elementor-element elementor-element-6f1b8f1 elementor-section-content-middle elementor-section-boxed elementor-section-height-default elementor-section-height-default\" data-id=\"6f1b8f1\" data-element_type=\"section\" data-e-type=\"section\">\n\t\t\t\t\t\t<div class=\"elementor-container elementor-column-gap-no\">\n\t\t\t\t\t<div class=\"elementor-column elementor-col-100 elementor-top-column elementor-element elementor-element-1f18578\" data-id=\"1f18578\" data-element_type=\"column\" data-e-type=\"column\">\n\t\t\t<div class=\"elementor-widget-wrap elementor-element-populated\">\n\t\t\t\t\t\t<div class=\"elementor-element elementor-element-f3a0919 elementor-widget elementor-widget-gallery\" data-id=\"f3a0919\" data-element_type=\"widget\" data-e-type=\"widget\" data-settings=\"{&quot;columns&quot;:3,&quot;lazyload&quot;:&quot;yes&quot;,&quot;gallery_layout&quot;:&quot;grid&quot;,&quot;columns_tablet&quot;:2,&quot;columns_mobile&quot;:1,&quot;gap&quot;:{&quot;unit&quot;:&quot;px&quot;,&quot;size&quot;:10,&quot;sizes&quot;:[]},&quot;gap_tablet&quot;:{&quot;unit&quot;:&quot;px&quot;,&quot;size&quot;:10,&quot;sizes&quot;:[]},&quot;gap_mobile&quot;:{&quot;unit&quot;:&quot;px&quot;,&quot;size&quot;:10,&quot;sizes&quot;:[]},&quot;link_to&quot;:&quot;file&quot;,&quot;aspect_ratio&quot;:&quot;3:2&quot;,&quot;overlay_background&quot;:&quot;yes&quot;,&quot;content_hover_animation&quot;:&quot;fade-in&quot;}\" data-widget_type=\"gallery.default\">\n\t\t\t\t<div class=\"elementor-widget-container\">\n\t\t\t\t\t\t\t<div class=\"elementor-gallery__container\">\n\t\t\t\t\t\t\t<a class=\"e-gallery-item elementor-gallery-item elementor-animated-content\" href=\"https:\/\/artizar.es\/wp-content\/uploads\/2025\/11\/20251107_124527-1-scaled.jpg\" data-elementor-open-lightbox=\"yes\" data-elementor-lightbox-slideshow=\"f3a0919\" data-elementor-lightbox-title=\"20251107_124527\" data-e-action-hash=\"#elementor-action%3Aaction%3Dlightbox%26settings%3DeyJpZCI6NDQxNTgsInVybCI6Imh0dHBzOlwvXC9hcnRpemFyLmVzXC93cC1jb250ZW50XC91cGxvYWRzXC8yMDI1XC8xMVwvMjAyNTExMDdfMTI0NTI3LTEtc2NhbGVkLmpwZyIsInNsaWRlc2hvdyI6ImYzYTA5MTkifQ%3D%3D\">\n\t\t\t\t\t<div class=\"e-gallery-image elementor-gallery-item__image\" data-thumbnail=\"https:\/\/artizar.es\/wp-content\/uploads\/2025\/11\/20251107_124527-1-scaled.jpg\" data-width=\"2048\" data-height=\"1536\" aria-label=\"\" role=\"img\" ><\/div>\n\t\t\t\t\t\t\t\t\t\t\t<div class=\"elementor-gallery-item__overlay\"><\/div>\n\t\t\t\t\t\t\t\t\t\t\t\t\t\t<\/a>\n\t\t\t\t\t\t\t<a class=\"e-gallery-item elementor-gallery-item elementor-animated-content\" href=\"https:\/\/artizar.es\/wp-content\/uploads\/2025\/11\/20251107_124341-1-scaled.jpg\" data-elementor-open-lightbox=\"yes\" data-elementor-lightbox-slideshow=\"f3a0919\" data-elementor-lightbox-title=\"20251107_124341\" data-e-action-hash=\"#elementor-action%3Aaction%3Dlightbox%26settings%3DeyJpZCI6NDQxNTYsInVybCI6Imh0dHBzOlwvXC9hcnRpemFyLmVzXC93cC1jb250ZW50XC91cGxvYWRzXC8yMDI1XC8xMVwvMjAyNTExMDdfMTI0MzQxLTEtc2NhbGVkLmpwZyIsInNsaWRlc2hvdyI6ImYzYTA5MTkifQ%3D%3D\">\n\t\t\t\t\t<div class=\"e-gallery-image elementor-gallery-item__image\" data-thumbnail=\"https:\/\/artizar.es\/wp-content\/uploads\/2025\/11\/20251107_124341-1-scaled.jpg\" data-width=\"2048\" data-height=\"1536\" aria-label=\"\" role=\"img\" ><\/div>\n\t\t\t\t\t\t\t\t\t\t\t<div class=\"elementor-gallery-item__overlay\"><\/div>\n\t\t\t\t\t\t\t\t\t\t\t\t\t\t<\/a>\n\t\t\t\t\t\t\t<a class=\"e-gallery-item elementor-gallery-item elementor-animated-content\" href=\"https:\/\/artizar.es\/wp-content\/uploads\/2025\/11\/20251107_124224-1-scaled.jpg\" data-elementor-open-lightbox=\"yes\" data-elementor-lightbox-slideshow=\"f3a0919\" data-elementor-lightbox-title=\"20251107_124224\" data-e-action-hash=\"#elementor-action%3Aaction%3Dlightbox%26settings%3DeyJpZCI6NDQxNTQsInVybCI6Imh0dHBzOlwvXC9hcnRpemFyLmVzXC93cC1jb250ZW50XC91cGxvYWRzXC8yMDI1XC8xMVwvMjAyNTExMDdfMTI0MjI0LTEtc2NhbGVkLmpwZyIsInNsaWRlc2hvdyI6ImYzYTA5MTkifQ%3D%3D\">\n\t\t\t\t\t<div class=\"e-gallery-image elementor-gallery-item__image\" data-thumbnail=\"https:\/\/artizar.es\/wp-content\/uploads\/2025\/11\/20251107_124224-1-scaled.jpg\" data-width=\"2048\" data-height=\"1536\" aria-label=\"\" role=\"img\" ><\/div>\n\t\t\t\t\t\t\t\t\t\t\t<div class=\"elementor-gallery-item__overlay\"><\/div>\n\t\t\t\t\t\t\t\t\t\t\t\t\t\t<\/a>\n\t\t\t\t\t\t\t<a class=\"e-gallery-item elementor-gallery-item elementor-animated-content\" href=\"https:\/\/artizar.es\/wp-content\/uploads\/2025\/11\/20251107_124214-1-scaled.jpg\" data-elementor-open-lightbox=\"yes\" data-elementor-lightbox-slideshow=\"f3a0919\" data-elementor-lightbox-title=\"20251107_124214\" data-e-action-hash=\"#elementor-action%3Aaction%3Dlightbox%26settings%3DeyJpZCI6NDQxNTIsInVybCI6Imh0dHBzOlwvXC9hcnRpemFyLmVzXC93cC1jb250ZW50XC91cGxvYWRzXC8yMDI1XC8xMVwvMjAyNTExMDdfMTI0MjE0LTEtc2NhbGVkLmpwZyIsInNsaWRlc2hvdyI6ImYzYTA5MTkifQ%3D%3D\">\n\t\t\t\t\t<div class=\"e-gallery-image elementor-gallery-item__image\" data-thumbnail=\"https:\/\/artizar.es\/wp-content\/uploads\/2025\/11\/20251107_124214-1-scaled.jpg\" data-width=\"2048\" data-height=\"1536\" aria-label=\"\" role=\"img\" ><\/div>\n\t\t\t\t\t\t\t\t\t\t\t<div class=\"elementor-gallery-item__overlay\"><\/div>\n\t\t\t\t\t\t\t\t\t\t\t\t\t\t<\/a>\n\t\t\t\t\t\t\t<a class=\"e-gallery-item elementor-gallery-item elementor-animated-content\" href=\"https:\/\/artizar.es\/wp-content\/uploads\/2025\/11\/20251107_124008-1-scaled.jpg\" data-elementor-open-lightbox=\"yes\" data-elementor-lightbox-slideshow=\"f3a0919\" data-elementor-lightbox-title=\"20251107_124008\" data-e-action-hash=\"#elementor-action%3Aaction%3Dlightbox%26settings%3DeyJpZCI6NDQxNDgsInVybCI6Imh0dHBzOlwvXC9hcnRpemFyLmVzXC93cC1jb250ZW50XC91cGxvYWRzXC8yMDI1XC8xMVwvMjAyNTExMDdfMTI0MDA4LTEtc2NhbGVkLmpwZyIsInNsaWRlc2hvdyI6ImYzYTA5MTkifQ%3D%3D\">\n\t\t\t\t\t<div class=\"e-gallery-image elementor-gallery-item__image\" data-thumbnail=\"https:\/\/artizar.es\/wp-content\/uploads\/2025\/11\/20251107_124008-1-scaled.jpg\" data-width=\"2048\" data-height=\"1536\" aria-label=\"\" role=\"img\" ><\/div>\n\t\t\t\t\t\t\t\t\t\t\t<div class=\"elementor-gallery-item__overlay\"><\/div>\n\t\t\t\t\t\t\t\t\t\t\t\t\t\t<\/a>\n\t\t\t\t\t\t\t<a class=\"e-gallery-item elementor-gallery-item elementor-animated-content\" href=\"https:\/\/artizar.es\/wp-content\/uploads\/2025\/11\/20251107_123736-1-scaled.jpg\" data-elementor-open-lightbox=\"yes\" data-elementor-lightbox-slideshow=\"f3a0919\" data-elementor-lightbox-title=\"20251107_123736\" data-e-action-hash=\"#elementor-action%3Aaction%3Dlightbox%26settings%3DeyJpZCI6NDQxNDYsInVybCI6Imh0dHBzOlwvXC9hcnRpemFyLmVzXC93cC1jb250ZW50XC91cGxvYWRzXC8yMDI1XC8xMVwvMjAyNTExMDdfMTIzNzM2LTEtc2NhbGVkLmpwZyIsInNsaWRlc2hvdyI6ImYzYTA5MTkifQ%3D%3D\">\n\t\t\t\t\t<div class=\"e-gallery-image elementor-gallery-item__image\" data-thumbnail=\"https:\/\/artizar.es\/wp-content\/uploads\/2025\/11\/20251107_123736-1-scaled.jpg\" data-width=\"2048\" data-height=\"1536\" aria-label=\"\" role=\"img\" ><\/div>\n\t\t\t\t\t\t\t\t\t\t\t<div class=\"elementor-gallery-item__overlay\"><\/div>\n\t\t\t\t\t\t\t\t\t\t\t\t\t\t<\/a>\n\t\t\t\t\t<\/div>\n\t\t\t\t\t<\/div>\n\t\t\t\t<\/div>\n\t\t\t\t\t<\/div>\n\t\t<\/div>\n\t\t\t\t\t<\/div>\n\t\t<\/section>\n\t\t\t\t<section class=\"elementor-section elementor-top-section elementor-element elementor-element-cc8cde4 elementor-section-boxed elementor-section-height-default elementor-section-height-default\" data-id=\"cc8cde4\" data-element_type=\"section\" data-e-type=\"section\">\n\t\t\t\t\t\t<div class=\"elementor-container elementor-column-gap-default\">\n\t\t\t\t\t<div class=\"elementor-column elementor-col-100 elementor-top-column elementor-element elementor-element-44b66ea\" data-id=\"44b66ea\" data-element_type=\"column\" data-e-type=\"column\">\n\t\t\t<div class=\"elementor-widget-wrap elementor-element-populated\">\n\t\t\t\t\t\t<div class=\"elementor-element elementor-element-1f46fd2 elementor-widget elementor-widget-text-editor\" data-id=\"1f46fd2\" data-element_type=\"widget\" data-e-type=\"widget\" data-widget_type=\"text-editor.default\">\n\t\t\t\t<div class=\"elementor-widget-container\">\n\t\t\t\t\t\t\t\t\t<p class=\"p2\">La obra del artista canario puede leerse a la luz de lo que Gaston Bachelard, en <i>La po\u00e9tica del espacio<\/i>, llamaba \u201cla inmensidad \u00edntima\u201d. All\u00ed donde la imaginaci\u00f3n no describe el mundo exterior, sino que lo expande desde un centro interior, Alom construye universos minuciosos que se abren como constelaciones de sentido. Cada fragmento suyo recuerda que la imagen, seg\u00fan Bachelard, no es solo un reflejo sino una germinaci\u00f3n: una semilla que crece en m\u00faltiples direcciones, llenando los vac\u00edos de la superficie con formas que no agotan el misterio sino que lo multiplican. El blanco no es ausencia, es promesa: territorio a\u00fan por habitar. La l\u00ednea, en su insistencia casi r\u00edtmica, deviene arquitectura de un cosmos \u00edntimo y colectivo a la vez. En esa tensi\u00f3n entre lo microsc\u00f3pico y lo infinito se manifiesta lo que Bachelard intu\u00eda como el poder metaf\u00edsico de la enso\u00f1aci\u00f3n: hacer del arte un espacio total, un refugio que es tambi\u00e9n un universo.<\/p>\n<p class=\"p2\">Toda la obra de Marco Alom parece sostenida por una arqueolog\u00eda interior. No es casual que provenga de una familia de arque\u00f3logos: en su imaginario, excavar y dibujar son acciones hermanas. Ambas implican desenterrar signos, rastrear vestigios, devolver al presente los fragmentos de un tiempo remoto. De esa herencia proviene su relaci\u00f3n con el mito. Su mirada es la de quien busca en el pasado las huellas de una verdad primera: la comuni\u00f3n entre el hombre y lo invisible. En esa b\u00fasqueda se reconoce en artistas visionarios como William Blake, que fundi\u00f3 poes\u00eda y revelaci\u00f3n para construir una cosmolog\u00eda personal, o como Henri Gaston Darien, cuya imaginer\u00eda simb\u00f3lica hizo de la materia un campo de resonancias espirituales.<\/p>\n<p class=\"p2\">En el \u00e1mbito literario, Alom encuentra afinidades con autores que exploraron la ra\u00edz m\u00e1gica de lo humano. Julio Caro Baroja, con su indagaci\u00f3n en el Paleol\u00edtico vasco y en el mundo de las brujas, le ofrece una genealog\u00eda cultural donde lo sagrado y lo profano se confunden, donde la superstici\u00f3n y la memoria colectiva act\u00faan como lenguajes de resistencia frente a la racionalidad moderna. De ah\u00ed que su obra dialogue tanto con corrientes pl\u00e1sticas y de pensamiento medievales y paleol\u00edticas, donde la imagen no ilustra: invoca. Sus criaturas no pertenecen al presente, sino a una continuidad arcaica donde el arte es todav\u00eda una forma de magia, una herramienta de conocimiento.<\/p>\n<p class=\"p2\">En esta \u201cmitograf\u00eda\u201d, como le llamaba Carlos Pinto, la mirada se vuelve un eje de comuni\u00f3n. Los ojos, presentes en muchas de sus criaturas, se convierten en portales hacia otras tierras divinas. En <i>Exvoto<\/i>, espec\u00edficamente, el artista convoca una escena coral donde lo animal, lo sagrado y lo humano se entrelazan en una misma ceremonia de luz. Las cabras parecieran estar pose\u00eddas, o en ese tr\u00e1nsito del umbral entre lo real y lo imaginado, presenciando en el centro la ofrenda como acto votivo: donde lo humano busca reconciliarse con lo divino. Las aves aureoladas, las testigos y mensajeras, mediadoras entre el mundo terrestre y el espiritual. Esa comuni\u00f3n entre seres, ese tr\u00e1nsito de lo profano a lo sagrado, recuerda el universo de Belkis Ay\u00f3n y su <i>Cena<\/i>, donde la artista cubana transform\u00f3 el mito abaku\u00e1 en una liturgia visual de lo inaccesible. Ay\u00f3n concibi\u00f3 su obra como un acto de revelaci\u00f3n y transgresi\u00f3n: dio cuerpo femenino al mito masculino, transformando la figura de Sik\u00e1n, la iniciada y la sacrificada, en un espejo de su propia b\u00fasqueda espiritual. Si en Ay\u00f3n los ojos blancos de sus personajes son or\u00e1culos silenciosos, espejos del alma colectiva, en Alom los ojos se encienden como constelaciones interiores, encarnando el mismo gesto de apertura hacia lo inefable. En ambos casos, el rito se vuelve un lenguaje de resistencia y trascendencia.<\/p>\n<p class=\"p2\">Esa dimensi\u00f3n ritual se prolonga en su di\u00e1logo con Jos\u00e9 Bedia. De \u00e9l hereda no solo el rigor del estudio antropol\u00f3gico, sino la intuici\u00f3n de que cada trazo puede convertirse en mapa, cada ojo en un punto de una constelaci\u00f3n. En piezas como <i>Sephirot <\/i>(2024), de Alom, los ojos de los animales conforman un diagrama oculto, una geometr\u00eda m\u00edstica que remite a la C\u00e1bala, al Nombre de Dios, a la estructura secreta del universo. Como en Bedia, la obra de Alom convierte la superficie en un territorio inici\u00e1tico donde el espectador debe descifrar signos, participar del relato simb\u00f3lico, devenir iniciado.<\/p>\n<p class=\"p2\">Finalmente, el eco de Anselm Kiefer atraviesa su pr\u00e1ctica como una respiraci\u00f3n mineral. De Kiefer asimila esa alquimia entre materia y mito, esa voluntad de hacer del papel, del polvo y del residuo una sustancia sagrada. En sus papeles gofrados o en las piezas que evocan vestiduras lit\u00fargicas, Alom comparte con el artista alem\u00e1n la pulsi\u00f3n de transformar la ruina en reliquia, la materia en memoria. Lo espiritual y lo terrenal conviven en sus superficies con la misma gravedad rom\u00e1ntica que anima los paisajes de Kiefer: todo en ellas parece llevar siglos esperando al espectador, como si el arte, una vez m\u00e1s, no fuera sino el acto de reconocer lo eterno en lo que perece.<\/p>\n<p class=\"p2\">En <i>Piedra de Sol<\/i>, Octavio Paz escribi\u00f3: \u201cun cuerpo es todos los cuerpos \/ un instante es todos los tiempos\u201d. Esa intuici\u00f3n podr\u00eda coexistir facilmente en el trabajo de Alom. Cada figura que traza parece contener una genealog\u00eda entera de formas: lo animal y lo humano, lo arcaico y lo contempor\u00e1neo, lo sagrado y lo profano. En sus superficies, el tiempo no avanza: se pliega. Lo que el poeta enuncia como circularidad del instante, Alom lo transforma en una escritura visual donde cada l\u00ednea es tambi\u00e9n una memoria.<\/p>\n<p class=\"p2\">Como el poema de Paz, la obra de Alom no concluye: retorna. No busca decir la \u00faltima palabra, sino abrir el c\u00edrculo.<\/p>\n\t\t\t\t\t\t\t\t<\/div>\n\t\t\t\t<\/div>\n\t\t\t\t\t<\/div>\n\t\t<\/div>\n\t\t\t\t\t<\/div>\n\t\t<\/section>\n\t\t\t\t<section class=\"elementor-section elementor-top-section elementor-element elementor-element-5054740 elementor-section-content-middle elementor-section-boxed elementor-section-height-default elementor-section-height-default\" data-id=\"5054740\" data-element_type=\"section\" data-e-type=\"section\">\n\t\t\t\t\t\t<div class=\"elementor-container elementor-column-gap-no\">\n\t\t\t\t\t<div class=\"elementor-column elementor-col-100 elementor-top-column elementor-element elementor-element-c9a4ef9\" data-id=\"c9a4ef9\" data-element_type=\"column\" data-e-type=\"column\">\n\t\t\t<div class=\"elementor-widget-wrap elementor-element-populated\">\n\t\t\t\t\t\t<div class=\"elementor-element elementor-element-8eb6942 elementor-widget elementor-widget-image-gallery\" data-id=\"8eb6942\" data-element_type=\"widget\" data-e-type=\"widget\" data-widget_type=\"image-gallery.default\">\n\t\t\t\t<div class=\"elementor-widget-container\">\n\t\t\t\t\t\t\t<div class=\"elementor-image-gallery\">\n\t\t\t\n\t\t<style type=\"text\/css\">\n\t\t\t#gallery-1 {\n\t\t\t\tmargin: auto;\n\t\t\t}\n\t\t\t#gallery-1 .gallery-item {\n\t\t\t\tfloat: left;\n\t\t\t\tmargin-top: 10px;\n\t\t\t\ttext-align: center;\n\t\t\t\twidth: 25%;\n\t\t\t}\n\t\t\t#gallery-1 img {\n\t\t\t\tborder: 2px solid #cfcfcf;\n\t\t\t}\n\t\t\t#gallery-1 .gallery-caption {\n\t\t\t\tmargin-left: 0;\n\t\t\t}\n\t\t\t\/* see gallery_shortcode() in wp-includes\/media.php *\/\n\t\t<\/style>\n\t\t<div id='gallery-1' class='gallery galleryid-44162 gallery-columns-4 gallery-size-full'><dl class='gallery-item'>\n\t\t\t<dt class='gallery-icon landscape'>\n\t\t\t\t<a data-elementor-open-lightbox=\"yes\" data-elementor-lightbox-slideshow=\"8eb6942\" data-elementor-lightbox-title=\"20251107_124203\" data-e-action-hash=\"#elementor-action%3Aaction%3Dlightbox%26settings%3DeyJpZCI6NDQxNTAsInVybCI6Imh0dHBzOlwvXC9hcnRpemFyLmVzXC93cC1jb250ZW50XC91cGxvYWRzXC8yMDI1XC8xMVwvMjAyNTExMDdfMTI0MjAzLTEtc2NhbGVkLmpwZyIsInNsaWRlc2hvdyI6IjhlYjY5NDIifQ%3D%3D\" href='https:\/\/artizar.es\/wp-content\/uploads\/2025\/11\/20251107_124203-1-scaled.jpg'><img fetchpriority=\"high\" decoding=\"async\" width=\"2048\" height=\"1536\" src=\"https:\/\/artizar.es\/wp-content\/uploads\/2025\/11\/20251107_124203-1-scaled.jpg\" class=\"attachment-full size-full\" alt=\"\" srcset=\"https:\/\/artizar.es\/wp-content\/uploads\/2025\/11\/20251107_124203-1-scaled.jpg 2048w, https:\/\/artizar.es\/wp-content\/uploads\/2025\/11\/20251107_124203-1-300x225.jpg 300w, https:\/\/artizar.es\/wp-content\/uploads\/2025\/11\/20251107_124203-1-1024x768.jpg 1024w, https:\/\/artizar.es\/wp-content\/uploads\/2025\/11\/20251107_124203-1-768x576.jpg 768w, https:\/\/artizar.es\/wp-content\/uploads\/2025\/11\/20251107_124203-1-1536x1152.jpg 1536w\" sizes=\"(max-width: 2048px) 100vw, 2048px\" \/><\/a>\n\t\t\t<\/dt><\/dl><dl class='gallery-item'>\n\t\t\t<dt class='gallery-icon landscape'>\n\t\t\t\t<a data-elementor-open-lightbox=\"yes\" data-elementor-lightbox-slideshow=\"8eb6942\" data-elementor-lightbox-title=\"20251107_123703\" data-e-action-hash=\"#elementor-action%3Aaction%3Dlightbox%26settings%3DeyJpZCI6NDQxNDQsInVybCI6Imh0dHBzOlwvXC9hcnRpemFyLmVzXC93cC1jb250ZW50XC91cGxvYWRzXC8yMDI1XC8xMVwvMjAyNTExMDdfMTIzNzAzLTEtc2NhbGVkLmpwZyIsInNsaWRlc2hvdyI6IjhlYjY5NDIifQ%3D%3D\" href='https:\/\/artizar.es\/wp-content\/uploads\/2025\/11\/20251107_123703-1-scaled.jpg'><img decoding=\"async\" width=\"2048\" height=\"1536\" src=\"https:\/\/artizar.es\/wp-content\/uploads\/2025\/11\/20251107_123703-1-scaled.jpg\" class=\"attachment-full size-full\" alt=\"\" srcset=\"https:\/\/artizar.es\/wp-content\/uploads\/2025\/11\/20251107_123703-1-scaled.jpg 2048w, https:\/\/artizar.es\/wp-content\/uploads\/2025\/11\/20251107_123703-1-300x225.jpg 300w, https:\/\/artizar.es\/wp-content\/uploads\/2025\/11\/20251107_123703-1-1024x768.jpg 1024w, https:\/\/artizar.es\/wp-content\/uploads\/2025\/11\/20251107_123703-1-768x576.jpg 768w, https:\/\/artizar.es\/wp-content\/uploads\/2025\/11\/20251107_123703-1-1536x1152.jpg 1536w\" sizes=\"(max-width: 2048px) 100vw, 2048px\" \/><\/a>\n\t\t\t<\/dt><\/dl><dl class='gallery-item'>\n\t\t\t<dt class='gallery-icon landscape'>\n\t\t\t\t<a data-elementor-open-lightbox=\"yes\" data-elementor-lightbox-slideshow=\"8eb6942\" data-elementor-lightbox-title=\"20251107_122155(1)\" data-e-action-hash=\"#elementor-action%3Aaction%3Dlightbox%26settings%3DeyJpZCI6NDQxMzgsInVybCI6Imh0dHBzOlwvXC9hcnRpemFyLmVzXC93cC1jb250ZW50XC91cGxvYWRzXC8yMDI1XC8xMVwvMjAyNTExMDdfMTIyMTU1MS0xLXNjYWxlZC5qcGciLCJzbGlkZXNob3ciOiI4ZWI2OTQyIn0%3D\" href='https:\/\/artizar.es\/wp-content\/uploads\/2025\/11\/20251107_1221551-1-scaled.jpg'><img decoding=\"async\" width=\"2048\" height=\"1537\" src=\"https:\/\/artizar.es\/wp-content\/uploads\/2025\/11\/20251107_1221551-1-scaled.jpg\" class=\"attachment-full size-full\" alt=\"\" srcset=\"https:\/\/artizar.es\/wp-content\/uploads\/2025\/11\/20251107_1221551-1-scaled.jpg 2048w, https:\/\/artizar.es\/wp-content\/uploads\/2025\/11\/20251107_1221551-1-300x225.jpg 300w, https:\/\/artizar.es\/wp-content\/uploads\/2025\/11\/20251107_1221551-1-1024x768.jpg 1024w, https:\/\/artizar.es\/wp-content\/uploads\/2025\/11\/20251107_1221551-1-768x576.jpg 768w, https:\/\/artizar.es\/wp-content\/uploads\/2025\/11\/20251107_1221551-1-1536x1153.jpg 1536w\" sizes=\"(max-width: 2048px) 100vw, 2048px\" \/><\/a>\n\t\t\t<\/dt><\/dl><dl class='gallery-item'>\n\t\t\t<dt class='gallery-icon landscape'>\n\t\t\t\t<a data-elementor-open-lightbox=\"yes\" data-elementor-lightbox-slideshow=\"8eb6942\" data-elementor-lightbox-title=\"20251107_122302\" data-e-action-hash=\"#elementor-action%3Aaction%3Dlightbox%26settings%3DeyJpZCI6NDQxNDAsInVybCI6Imh0dHBzOlwvXC9hcnRpemFyLmVzXC93cC1jb250ZW50XC91cGxvYWRzXC8yMDI1XC8xMVwvMjAyNTExMDdfMTIyMzAyLTEtc2NhbGVkLmpwZyIsInNsaWRlc2hvdyI6IjhlYjY5NDIifQ%3D%3D\" href='https:\/\/artizar.es\/wp-content\/uploads\/2025\/11\/20251107_122302-1-scaled.jpg'><img loading=\"lazy\" decoding=\"async\" width=\"2048\" height=\"1536\" src=\"https:\/\/artizar.es\/wp-content\/uploads\/2025\/11\/20251107_122302-1-scaled.jpg\" class=\"attachment-full size-full\" alt=\"\" srcset=\"https:\/\/artizar.es\/wp-content\/uploads\/2025\/11\/20251107_122302-1-scaled.jpg 2048w, https:\/\/artizar.es\/wp-content\/uploads\/2025\/11\/20251107_122302-1-300x225.jpg 300w, https:\/\/artizar.es\/wp-content\/uploads\/2025\/11\/20251107_122302-1-1024x768.jpg 1024w, https:\/\/artizar.es\/wp-content\/uploads\/2025\/11\/20251107_122302-1-768x576.jpg 768w, https:\/\/artizar.es\/wp-content\/uploads\/2025\/11\/20251107_122302-1-1536x1152.jpg 1536w\" sizes=\"(max-width: 2048px) 100vw, 2048px\" \/><\/a>\n\t\t\t<\/dt><\/dl><br style=\"clear: both\" \/>\n\t\t<\/div>\n\t\t<\/div>\n\t\t\t\t\t\t<\/div>\n\t\t\t\t<\/div>\n\t\t\t\t\t<\/div>\n\t\t<\/div>\n\t\t\t\t\t<\/div>\n\t\t<\/section>\n\t\t\t\t<section class=\"elementor-section elementor-top-section elementor-element elementor-element-74da5bc elementor-section-boxed elementor-section-height-default elementor-section-height-default\" data-id=\"74da5bc\" data-element_type=\"section\" data-e-type=\"section\">\n\t\t\t\t\t\t<div class=\"elementor-container elementor-column-gap-default\">\n\t\t\t\t\t<div class=\"elementor-column elementor-col-50 elementor-top-column elementor-element elementor-element-4700e90\" data-id=\"4700e90\" data-element_type=\"column\" data-e-type=\"column\">\n\t\t\t<div class=\"elementor-widget-wrap elementor-element-populated\">\n\t\t\t\t\t\t<div class=\"elementor-element elementor-element-bd1818a elementor-widget elementor-widget-image\" data-id=\"bd1818a\" data-element_type=\"widget\" data-e-type=\"widget\" data-widget_type=\"image.default\">\n\t\t\t\t<div class=\"elementor-widget-container\">\n\t\t\t\t\t\t\t\t\t\t\t\t\t\t\t\t<a href=\"https:\/\/culturafuerteventura.es\/auditorios\/centro-de-arte-juan-ismael\/\" target=\"_blank\">\n\t\t\t\t\t\t\t<img loading=\"lazy\" decoding=\"async\" width=\"623\" height=\"262\" src=\"https:\/\/artizar.es\/wp-content\/uploads\/2025\/11\/logo_cabildo_lanzarote_new.png\" class=\"attachment-full size-full wp-image-44106\" alt=\"\" srcset=\"https:\/\/artizar.es\/wp-content\/uploads\/2025\/11\/logo_cabildo_lanzarote_new.png 623w, https:\/\/artizar.es\/wp-content\/uploads\/2025\/11\/logo_cabildo_lanzarote_new-300x126.png 300w\" sizes=\"(max-width: 623px) 100vw, 623px\" \/>\t\t\t\t\t\t\t\t<\/a>\n\t\t\t\t\t\t\t\t\t\t\t\t\t\t\t<\/div>\n\t\t\t\t<\/div>\n\t\t\t\t\t<\/div>\n\t\t<\/div>\n\t\t\t\t<div class=\"elementor-column elementor-col-50 elementor-top-column elementor-element elementor-element-7f11e2e\" data-id=\"7f11e2e\" data-element_type=\"column\" data-e-type=\"column\">\n\t\t\t<div class=\"elementor-widget-wrap elementor-element-populated\">\n\t\t\t\t\t\t<div class=\"elementor-element elementor-element-6c1cf3c elementor-widget elementor-widget-image\" data-id=\"6c1cf3c\" data-element_type=\"widget\" data-e-type=\"widget\" data-widget_type=\"image.default\">\n\t\t\t\t<div class=\"elementor-widget-container\">\n\t\t\t\t\t\t\t\t\t\t\t\t\t\t\t\t<a href=\"https:\/\/culturafuerteventura.es\/auditorios\/centro-de-arte-juan-ismael\/\" target=\"_blank\">\n\t\t\t\t\t\t\t<img loading=\"lazy\" decoding=\"async\" width=\"900\" height=\"261\" src=\"https:\/\/artizar.es\/wp-content\/uploads\/2025\/11\/ARRECIFE-AYTO.jpg\" class=\"attachment-full size-full wp-image-44110\" alt=\"\" srcset=\"https:\/\/artizar.es\/wp-content\/uploads\/2025\/11\/ARRECIFE-AYTO.jpg 900w, https:\/\/artizar.es\/wp-content\/uploads\/2025\/11\/ARRECIFE-AYTO-300x87.jpg 300w, https:\/\/artizar.es\/wp-content\/uploads\/2025\/11\/ARRECIFE-AYTO-768x223.jpg 768w\" sizes=\"(max-width: 900px) 100vw, 900px\" \/>\t\t\t\t\t\t\t\t<\/a>\n\t\t\t\t\t\t\t\t\t\t\t\t\t\t\t<\/div>\n\t\t\t\t<\/div>\n\t\t\t\t\t<\/div>\n\t\t<\/div>\n\t\t\t\t\t<\/div>\n\t\t<\/section>\n\t\t\t\t<\/div>\n\t\t","protected":false},"excerpt":{"rendered":"<p>Exhibition_ MARCO ALOM UNA LUZ NEGRA Casa de la cultura agust\u00edn de la hoz \u00b7 Lanzarote \u00b7 Espa\u00f1a&#8230;<\/p>\n","protected":false},"author":3,"featured_media":0,"parent":0,"menu_order":0,"comment_status":"closed","ping_status":"closed","template":"","meta":{"footnotes":""},"class_list":["post-44162","page","type-page","status-publish","hentry"],"_links":{"self":[{"href":"https:\/\/artizar.es\/en\/wp-json\/wp\/v2\/pages\/44162","targetHints":{"allow":["GET"]}}],"collection":[{"href":"https:\/\/artizar.es\/en\/wp-json\/wp\/v2\/pages"}],"about":[{"href":"https:\/\/artizar.es\/en\/wp-json\/wp\/v2\/types\/page"}],"author":[{"embeddable":true,"href":"https:\/\/artizar.es\/en\/wp-json\/wp\/v2\/users\/3"}],"replies":[{"embeddable":true,"href":"https:\/\/artizar.es\/en\/wp-json\/wp\/v2\/comments?post=44162"}],"version-history":[{"count":2,"href":"https:\/\/artizar.es\/en\/wp-json\/wp\/v2\/pages\/44162\/revisions"}],"predecessor-version":[{"id":44177,"href":"https:\/\/artizar.es\/en\/wp-json\/wp\/v2\/pages\/44162\/revisions\/44177"}],"wp:attachment":[{"href":"https:\/\/artizar.es\/en\/wp-json\/wp\/v2\/media?parent=44162"}],"curies":[{"name":"wp","href":"https:\/\/api.w.org\/{rel}","templated":true}]}}