{"id":44750,"date":"2025-12-26T18:21:36","date_gmt":"2025-12-26T18:21:36","guid":{"rendered":"https:\/\/artizar.es\/bio-jesus-zurita\/"},"modified":"2025-12-26T18:21:36","modified_gmt":"2025-12-26T18:21:36","slug":"bio-jesus-zurita","status":"publish","type":"page","link":"https:\/\/artizar.es\/en\/bio-jesus-zurita\/","title":{"rendered":"Bio Jes\u00fas Zurita"},"content":{"rendered":"\t\t<div data-elementor-type=\"wp-page\" data-elementor-id=\"44750\" class=\"elementor elementor-44750 elementor-44705\" data-elementor-settings=\"{&quot;element_pack_global_tooltip_width&quot;:{&quot;unit&quot;:&quot;px&quot;,&quot;size&quot;:&quot;&quot;,&quot;sizes&quot;:[]},&quot;element_pack_global_tooltip_width_tablet&quot;:{&quot;unit&quot;:&quot;px&quot;,&quot;size&quot;:&quot;&quot;,&quot;sizes&quot;:[]},&quot;element_pack_global_tooltip_width_mobile&quot;:{&quot;unit&quot;:&quot;px&quot;,&quot;size&quot;:&quot;&quot;,&quot;sizes&quot;:[]},&quot;element_pack_global_tooltip_padding&quot;:{&quot;unit&quot;:&quot;px&quot;,&quot;top&quot;:&quot;&quot;,&quot;right&quot;:&quot;&quot;,&quot;bottom&quot;:&quot;&quot;,&quot;left&quot;:&quot;&quot;,&quot;isLinked&quot;:true},&quot;element_pack_global_tooltip_padding_tablet&quot;:{&quot;unit&quot;:&quot;px&quot;,&quot;top&quot;:&quot;&quot;,&quot;right&quot;:&quot;&quot;,&quot;bottom&quot;:&quot;&quot;,&quot;left&quot;:&quot;&quot;,&quot;isLinked&quot;:true},&quot;element_pack_global_tooltip_padding_mobile&quot;:{&quot;unit&quot;:&quot;px&quot;,&quot;top&quot;:&quot;&quot;,&quot;right&quot;:&quot;&quot;,&quot;bottom&quot;:&quot;&quot;,&quot;left&quot;:&quot;&quot;,&quot;isLinked&quot;:true},&quot;element_pack_global_tooltip_border_radius&quot;:{&quot;unit&quot;:&quot;px&quot;,&quot;top&quot;:&quot;&quot;,&quot;right&quot;:&quot;&quot;,&quot;bottom&quot;:&quot;&quot;,&quot;left&quot;:&quot;&quot;,&quot;isLinked&quot;:true},&quot;element_pack_global_tooltip_border_radius_tablet&quot;:{&quot;unit&quot;:&quot;px&quot;,&quot;top&quot;:&quot;&quot;,&quot;right&quot;:&quot;&quot;,&quot;bottom&quot;:&quot;&quot;,&quot;left&quot;:&quot;&quot;,&quot;isLinked&quot;:true},&quot;element_pack_global_tooltip_border_radius_mobile&quot;:{&quot;unit&quot;:&quot;px&quot;,&quot;top&quot;:&quot;&quot;,&quot;right&quot;:&quot;&quot;,&quot;bottom&quot;:&quot;&quot;,&quot;left&quot;:&quot;&quot;,&quot;isLinked&quot;:true}}\" data-elementor-post-type=\"page\">\n\t\t\t\t\t\t<section class=\"elementor-section elementor-top-section elementor-element elementor-element-ba8915c elementor-section-full_width elementor-section-height-min-height elementor-section-height-default elementor-section-items-middle\" data-id=\"ba8915c\" data-element_type=\"section\" data-e-type=\"section\" data-settings=\"{&quot;background_background&quot;:&quot;classic&quot;}\">\n\t\t\t\t\t\t<div class=\"elementor-container elementor-column-gap-default\">\n\t\t\t\t\t<div class=\"elementor-column elementor-col-100 elementor-top-column elementor-element elementor-element-4ebe600\" data-id=\"4ebe600\" data-element_type=\"column\" data-e-type=\"column\">\n\t\t\t<div class=\"elementor-widget-wrap elementor-element-populated\">\n\t\t\t\t\t\t<div class=\"elementor-element elementor-element-833032e elementor-widget elementor-widget-heading\" data-id=\"833032e\" data-element_type=\"widget\" data-e-type=\"widget\" data-widget_type=\"heading.default\">\n\t\t\t\t<div class=\"elementor-widget-container\">\n\t\t\t\t\t<h2 class=\"elementor-heading-title elementor-size-default\">Jes\u00fas Zurita<\/h2>\t\t\t\t<\/div>\n\t\t\t\t<\/div>\n\t\t\t\t<div class=\"elementor-element elementor-element-7eaedd6 elementor-widget elementor-widget-heading\" data-id=\"7eaedd6\" data-element_type=\"widget\" data-e-type=\"widget\" data-widget_type=\"heading.default\">\n\t\t\t\t<div class=\"elementor-widget-container\">\n\t\t\t\t\t<h2 class=\"elementor-heading-title elementor-size-default\">Ceuta, 1974<\/h2>\t\t\t\t<\/div>\n\t\t\t\t<\/div>\n\t\t\t\t<div class=\"elementor-element elementor-element-b27fc89 elementor-widget elementor-widget-text-editor\" data-id=\"b27fc89\" data-element_type=\"widget\" data-e-type=\"widget\" data-widget_type=\"text-editor.default\">\n\t\t\t\t<div class=\"elementor-widget-container\">\n\t\t\t\t\t\t\t\t\t<p><b>Exposiciones Individuales<\/b><\/p>\n<p><b>2018<\/b><br \/>\u201cBOCA DE ENERG\u00daMENO\u201d Galer\u00eda Artizar. Tenerife<\/p>\n<p>\u00a0<\/p>\n<p><b>2017<\/b><br \/>\u201cTODA LA CARNE ES HIERBA\u201d GE GALERIA. San Pedro. Mexico.<\/p>\n<p>\u201cARRANCA EL PRINCIPIO\u201d Galer\u00eda Herrero de Tejada. Madrid.<\/p>\n<p>\u00a0<\/p>\n<p><b>2016<\/b><\/p>\n<p>\u201cARRAMBLE\u201d Galer\u00eda Blanca Soto. Madrid.<\/p>\n<p>\u201cDESDE LA MALEZA. EVERYTHING GOES\u201d GE galer\u00eda. Nueva York.<\/p>\n<p>\u201cVETAS\u201d Sala de la Entrevista. Alcal\u00e1 de Henares. Madrid.<\/p>\n<p>\u201cRAJA Y GRIETA. EL AIRE EN GUERRERO\u201d Centro Jos\u00e9 Guerrero. Granada.<\/p>\n<p>\u00a0<\/p>\n<p><b>2014<\/b><\/p>\n<p>\u201cHUIR COMPRENDIENDO\u201d Galer\u00eda \u00c1ngeles Ba\u00f1os. Badajoz.<\/p>\n<p>\u00a0<\/p>\n<p><b>2013<\/b><\/p>\n<p>\u201cUNA \u00daNICA\u201d Galer\u00eda Mec\u00e1nica. Sevilla.<\/p>\n<p>\u201cIDA Y TRASIEGO\u201d Museo ABC de Dibujo. Madrid.<\/p>\n<p>\u201cCLIMA\u201d GE Galer\u00eda . Monterrey. M\u00e9xico.<\/p>\n<p>\u00a0<\/p>\n<p><b>2012<\/b><\/p>\n<p>\u201cLO QUE NO\u201d Galer\u00eda \u00c1ngeles Ba\u00f1os. Badajoz.<\/p>\n<p>\u201cEL SOL DE LOS MALOS TIEMPOS\u201d Galer\u00eda Blanca Soto. Madrid<\/p>\n<p>\u00a0<\/p>\n<p><b>2011<\/b><\/p>\n<p>\u201cEL OLOR PERFECTO\u201d San Antonio Abad. CAAM. Las Palmas de Gran Canaria<\/p>\n<p><b>\u00a0<\/b><\/p>\n<p><strong>2010<\/strong><\/p>\n<p>\u201cRAJA\u201d Galer\u00eda Alfredo Vi\u00f1as. M\u00e1laga.<\/p>\n<p>\u00a0<\/p>\n<p><strong>2009<\/strong><\/p>\n<p>\u201cDESTEMPLANZA\u201d. Museo de BBAA de Huelva<\/p>\n<p>\u201cDESTEMPLANZA HONDA\u201d\u00a0 CEART. Centro de Arte Tom\u00e1s y Valiente. Fuenlabrada. Madrid.<\/p>\n<p>\u201cMONTER\u00cdA\u201d Galer\u00eda Gabriel Elizondo. Monterrey. M\u00e9xico<\/p>\n<p>\u201cCHICHARRAS\u201d Galer\u00eda 7 Contemporary Arts. La Haya. Holanda. Galer\u00eda De Glorie. Oosterbeek. Holanda.<\/p>\n<p>\u00a0<\/p>\n<p><strong>2008<\/strong><\/p>\n<p>\u201cRUIDO\u201d. Galer\u00eda Sandunga. Granada<\/p>\n<p>\u201cDESTEMPLANZA\u201d. Sala Rivadavia. C\u00e1diz.<\/p>\n<p>\u00a0<\/p>\n<p><strong>2007<\/strong><\/p>\n<p>\u201cS\/T\u201d. Sala de Estar. Sevilla<\/p>\n<p>\u201cLA LLANURA BAJA\u201d Centro Andaluz de Arte Contempor\u00e1neo. Sevilla<\/p>\n<p>\u00a0<\/p>\n<p><strong>2006<\/strong><\/p>\n<p>\u201cMESETA\u201d\u00a0 Galer\u00eda Paz y Comedias. Valencia.<\/p>\n<p>\u00a0<\/p>\n<p><strong>2005<\/strong><\/p>\n<p>\u201cDESDE EL HOYO\u201d Galer\u00eda Alfredo Vi\u00f1as. M\u00e1laga.<\/p>\n<p>\u00a0<\/p>\n<p><strong>2003<\/strong>\u00a0\u00a0<i><\/i><\/p>\n<p><i>\u201cJES\u00daS ZURITA\u201d<\/i>\u00a0 Galer\u00eda Espacio L\u00edquido. Gij\u00f3n.<\/p>\n<p><i>\u201cSIMPAT\u00cdA. PULPA<\/i>\u201d Galer\u00eda Sandunga. Granada.<\/p>\n<p>\u00a0<\/p>\n<p><strong>2002<\/strong><\/p>\n<p><i>\u201cUN USO\u201d\u00a0<\/i>Galer\u00eda F\u00facares. Madrid.<\/p>\n<p><i>\u201cLAS ALEGR\u00cdAS ESCOGIDAS\u201d<\/i>\u00a0Instituto de Am\u00e9rica, Santa Fe. Granada.<\/p>\n<p>\u00a0<\/p>\n<p><strong>2001<\/strong>\u00a0\u00a0\u00a0\u00a0\u00a0\u00a0\u00a0\u00a0\u00a0\u00a0\u00a0\u00a0\u00a0\u00a0\u00a0<i>\u00a0\u00a0\u00a0\u00a0\u00a0\u00a0\u00a0\u00a0\u00a0\u00a0\u00a0<\/i><\/p>\n<p><i>\u201cMADRE A ALBINO\u201d<\/i>\u00a0Palacio de los Condes de Gabia, Diputaci\u00f3n de Granada.<\/p>\n<p><i>\u201cLO SABE\u201d<\/i>\u00a0Galer\u00eda Sandunga. Granada.<\/p>\n<p>2000<i>\u201cHIMNO NORMAL\u201d\u00a0<\/i>Galer\u00eda F\u00facares. Ciudad Real.<\/p>\n<p>\u00a0<\/p>\n<p>\u00a0<\/p>\n<p><b>EXPOSICIONES COLECTIVA<\/b><\/p>\n<p lang=\"en-US\"><b>2016<\/b><\/p>\n<p>\u201cGOLPE Y DEJADEZ\u201d Casa Sostoa. M\u00e1laga.<\/p>\n<p>\u201cDRAWING ROOM\u201d Stand Invaliden gallery-Berlin. Madrid.<\/p>\n<p>\u201c13\u00aa BIENAL MART\u00cdNEZ GUERRICABEITIA\u201d Centro cultural La Nau. Valencia.<\/p>\n<p>\u201cDESTINO PUENTE DE G\u00c9NAVE\u201d Puente de G\u00e9nave. Ja\u00e9n.<\/p>\n<p>\u201cEL PAPEL DEL ARTISTA\u201d Galer\u00eda Rafael Ortiz. Sevilla.<\/p>\n<p>\u201cPAPERWORK. SPANISH CONTEMPORARY DRAWING\u201d Today Art Museum.<\/p>\n<p lang=\"en-US\">Beijing.<\/p>\n<p>\u201cFIN (de la primera parte)\u201d Galer\u00eda Herrero de Tejada. Madrid.<\/p>\n<p>\u201cDONDE OCURREN LAS COSAS\u201d Galer\u00eda La.Gran. Valladolid.<\/p>\n<p>\u00a0<\/p>\n<p><b>2015<\/b><\/p>\n<p>\u201cHORIZONTE DE SUCESOS\u201d Galer\u00eda \u00c1lvaro Alc\u00e1zar. Madrid.<\/p>\n<p>\u201cACORDES II\u201d Biblioteca de Andaluc\u00eda. Granada.<\/p>\n<p>\u201cNEPOTISMO ILUSTRADO\u201d Galer\u00eda Fernando Pradilla. Madrid.<\/p>\n<p>\u201cUNDERDOG\u201d Galer\u00eda Herrero de Tejada. Madrid.<\/p>\n<p>\u201cPERFILAR LA IDEA\u201d Sala Siglo XXI. Museo de Huelva. Huelva.<\/p>\n<p>ART FAIR COLOGNE. Colonia. Alemania.<\/p>\n<p>\u00a0<\/p>\n<p><strong>2014<\/strong><\/p>\n<p>JUSTMADRID. Galer\u00eda Blanca Soto. Madrid<\/p>\n<p>PINTA. Galer\u00eda Blanca Soto. Londres.<\/p>\n<p>\u201cJUNGE SPANISCHE KUNST\u201d Galer\u00eda Marc Decoene. Erolzehim. Alemania.<\/p>\n<p>\u201cLA ALTERNATIVA\u201d Plaza de toros de Las Ventas. Madrid.<\/p>\n<p>\u201cKNOCK, KNOCK\u201d Galer\u00eda Javier L\u00f3pez. Madrid.<\/p>\n<p>\u201cOFF. CONTEMPORARI ART FAIR BRUSSELS\u201d Riccardo Constantini Contemporary. Bruselas.<\/p>\n<p>\u201cPAR\u00c1FRASIS. LA RECEPCI\u00d3N DE EL GRECO EN EL NEOBARROCO ACTUAL\u201d Museo de Albacete. Albacete.<\/p>\n<p>\u201cLA IM\u00c1GEN FANT\u00c1STICA\u201d Sala Kubo. San Sebasti\u00e1n.<\/p>\n<p>ESTAMPA. Project room. Galer\u00eda \u00c1ngeles Ba\u00f1os.<\/p>\n<p>\u201cLA CONSTRUCCI\u00d3N SOCIAL DEL PAISAJE\u201d CAAC Centro Andaluz de Arte Contempor\u00e1neo. Sevilla.<\/p>\n<p>\u00a0<\/p>\n<p><strong>2013<\/strong><\/p>\n<p>\u201cON PAINTING\u201d Centro Atl\u00e1ntico de Arte Moderno. Las Palmas de Gran Canaria.<\/p>\n<p>\u201cON PAINTING\u201d Centro de Arte Tomas y Valiente. Fuenlabrada.<\/p>\n<p>ESTAMPA. Madrid.Galer\u00eda \u00c1ngeles B\u00e1\u00f1os.<\/p>\n<p>\u201c9 PINTORES\u201d Galer\u00eda Mec\u00e1nica. Sevilla.<\/p>\n<p>\u201cQUIASMA\u201d Riccardo Constantini Contemporary. Tur\u00edn. Italia.<\/p>\n<p>\u00a0<\/p>\n<p><strong>2012<\/strong><\/p>\n<p>\u201cEL PARA\u00cdSO DE LA CASA DE T\u00c9. REFLEXIONES SOBRE UN PREMIO\u201d Alovera. Guadalajara.<\/p>\n<p>JUSTMADRID. Feria de Arte Contempor\u00e1neo. Galer\u00eda \u00c1ngeles Ba\u00f1os. Madrid.<\/p>\n<p>\u201cLA OCULTA MIRADA DEL RECONOCIDO\u201d Swap. Feria de Arte Contempor\u00e1neo. Barcelona. Galer\u00eda \u00c1ngeles Ba\u00f1os.<\/p>\n<p>\u201cLIBROS DE ARTISTA\u201d Galer\u00eda \u00c1ngeles Ba\u00f1os. Badajoz.<\/p>\n<p>\u00a0<\/p>\n<p><strong>2011<\/strong><\/p>\n<p>FIGURA Y FONDO. Galer\u00eda Art 9. Murcia.<\/p>\n<p>ENSO\u00d1ACIONES TRAZADAS. Galer\u00eda Isabel Ignacio. Sevilla<\/p>\n<p><strong>2010<\/strong><\/p>\n<p>ARCO 10. Galer\u00eda Sandunga<\/p>\n<p>ARTE SANTANDER.\u00a0<i>Contar Historias<\/i>. Galer\u00eda Sandunga.<\/p>\n<p>LA IMAGEN Y EL ANIMAL. Palacio de los Condes de Gabia.<\/p>\n<p><b>\u00a0<\/b><\/p>\n<p><strong>2009<\/strong><\/p>\n<p>ARCO 09. Galer\u00eda Sandunga \/ Stand INICIARTE. Junta de Andaluc\u00eda<\/p>\n<p>BAJO LA LUZ\u00a0 DEL SOL NEGRO. Galer\u00eda Adora Calvo.<\/p>\n<p>\u00a0<\/p>\n<p><strong>2008<\/strong>\u00a0\u00a0\u00a0\u00a0\u00a0\u00a0\u00a0\u00a0\u00a0\u00a0\u00a0\u00a0\u00a0<b><\/b><\/p>\n<p>ARCO 08. Colecci\u00f3n INICIARTE. Junta de Andaluc\u00eda. Madrid<\/p>\n<p>MIART. Galer\u00eda\u00a0 Il Torchio-Constantini. Mil\u00e1n<\/p>\n<p>BALELATINA HOT ART. Galer\u00eda Sandunga. Basilea.<\/p>\n<p>ALMAC\u00c9N DE PAISAJES. Galer\u00eda Birimbao. Sevilla.<\/p>\n<p>INICIAL 08. Espacio Iniciarte. Sevilla<\/p>\n<p>ANDALUC\u00cdA-TOKIO. CUATRO VISIONES DEL ARTE EMERGENTE ANDALUZ. Instituto Cervantes. Tokio<\/p>\n<p>\u00a0<\/p>\n<p><strong>2007<\/strong><\/p>\n<p>ARCO 07. Galer\u00eda Sandunga. Galer\u00eda Alfredo Vi\u00f1as. Madrid.<\/p>\n<p>\u201cESTO NO ES UN PAISAJE\u201d. Galer\u00eda Sandunga. Granada.<\/p>\n<p>\u201cDOS GENERACIONES\u201d. Galer\u00eda la Caja China. Sevilla.<\/p>\n<p>\u201cIM\u00c1GENES DE LA PINTURA\u201d. Museo de Bellas Artes de C\u00e1diz.<\/p>\n<p>\u201cLAS MIRADAS DEL AGUA\u201d\u00a0 Patio de los novicios. Sevilla.<\/p>\n<p>\u00a0<\/p>\n<p><strong>2006<\/strong><\/p>\n<p>\u201cPRUEBA DE RESISTENCIA\u201d. Museo de Bellas Artes. Guadalajara. M\u00e9xico.<\/p>\n<p>\u201cTHE SOCK STRATEGY\u201d\u00a0 Fundaci\u00f3n El Monte. Sevilla<\/p>\n<p>ARCO\u00a0 06.Galer\u00eda Alfredo Vi\u00f1as. Madrid<\/p>\n<p>\u201cVICEVERSA\u201d. Galer\u00eda Bach Cuatre. Barcelona<\/p>\n<p>\u201cNUNCA FUE A GRANADA\u201d.Galer\u00eda Birimbao. Sevilla<\/p>\n<p>\u00a0<\/p>\n<p><strong>2005<\/strong><\/p>\n<p>\u201cSUCIOS\u201d.Galer\u00eda Paz y Comedias. Valencia.<\/p>\n<p>ARTE SANTANDER 2005. Santander.<\/p>\n<p>VALENCIA.ART. Valencia.<\/p>\n<p>ARCO 05. Madrid.<\/p>\n<p>\u00a0<\/p>\n<p><strong>2003<\/strong><\/p>\n<p>SEVILLA ARTE ACTUAL \u00b403. Galer\u00eda Sandunga. Sevilla.<\/p>\n<p>ARCO 2003. Galer\u00eda Sandunga. Madrid<\/p>\n<p>GENERACI\u00d3N 2003. La casa Encendida. Madrid.<\/p>\n<p><i>\u201cFR\u00c1GILES\u201d.<\/i>\u00a0Galer\u00eda Espacio L\u00edquido. Gij\u00f3n.<\/p>\n<p>\u00a0<\/p>\n<p><strong>2002<\/strong><\/p>\n<p>FORO SUR. Galer\u00eda Sandunga. C\u00e1ceres.<\/p>\n<p>ARCO 02. Galer\u00eda Sandunga. Madrid.<\/p>\n<p><i>\u201cARTEROFILIA\u201d<\/i>\u00a0Galer\u00eda Sandunga. Granada.<\/p>\n<p>\u00a0<\/p>\n<p>\u00a0<\/p>\n<p><strong>2001<\/strong><\/p>\n<p>HOTEL Y ARTE. Galer\u00eda Sandunga. Sevilla.<\/p>\n<p>\u201c<i>SOBRE BLANCO<\/i>\u201d Galer\u00eda Alfredo Vi\u00f1as. M\u00e1laga.<\/p>\n<p>ARCO 01. Galer\u00eda Sandunga. Granada.<\/p>\n<p>\u00a0<\/p>\n<p><strong>2000<\/strong><\/p>\n<p>HOTEL Y ARTE. Galer\u00eda Sandunga. Sevilla.<\/p>\n<p>HOTEL Y ARTE. Galer\u00eda Sandunga. Valencia.<\/p>\n<p><i>\u201c\u00bfGEOMETR\u00cdAS, REDES, FORMAS?\u201d<\/i>\u00a0Galer\u00eda Art Al Rec. Barcelona.<\/p>\n<p><b>\u00a0<\/b><\/p>\n<p><b>\u00a0<\/b><\/p>\n<p><b>\u00a0<\/b><br \/><a id=\"museos\"><\/a><br \/><b>Obras en Museos e Instituciones<\/b><\/p>\n<p><b>\u00a0<\/b><\/p>\n<p>Colecci\u00f3n Municipal. Ayuntamiento de Ceuta.<\/p>\n<p>Colecci\u00f3n Paradores Nacionales de Turismo.<\/p>\n<p>Instituto Andaluz de la Juventud. Junta de Andaluc\u00eda.<\/p>\n<p>Colecci\u00f3n Municipal del Ayuntamiento de Granada.<\/p>\n<p>Colecci\u00f3n Testimoni La Caixa.<\/p>\n<p>Colecci\u00f3n Caja Madrid.<\/p>\n<p>Colecci\u00f3n Grupo Lozano<\/p>\n<p>Colecci\u00f3n Confederaci\u00f3n Empresarios de C\u00e1diz<\/p>\n<p>Colecci\u00f3n Universidad Rey Juan Carlos I.<\/p>\n<p>Colecci\u00f3n El Monte. Sevilla<\/p>\n<p>Colecci\u00f3n Diputaci\u00f3n de M\u00e1laga<\/p>\n<p>Colecci\u00f3n Centro Andaluz de Arte Contempor\u00e1neo (CAAC)<\/p>\n<p>Colecci\u00f3n Fundaci\u00f3n Centenera-Jaraba<\/p>\n<p>Colecci\u00f3n Caja de Extremadura.<\/p>\n<p>Colecci\u00f3n Museo de BBAA de Ceuta<\/p>\n<p>Colecci\u00f3n Caja de \u00c1vila<\/p>\n<p>Colecci\u00f3n Focus- Abengoa<\/p>\n<p>\u00a0<\/p>\n<p><a id=\"premios\"><\/a><br \/><b>Premios<\/b><b>\u00a0<\/b><\/p>\n<p>Premio Grupo Lozano<\/p>\n<p>Premio de dibujo de la Academia de BBAA de Granada<\/p>\n<p>Seleccionado GENERACIONES 2003 Caja Madrid.<\/p>\n<p>Premio de dibujo fundaci\u00f3n Centenera-Jaraba<\/p>\n<p>Premio INICIARTE 2008<\/p>\n<p>Premio ADAJA 2009<\/p>\n<p>Premio CIUDAD ALCAL\u00c1 DE HENARES 2014<\/p>\n\t\t\t\t\t\t\t\t<\/div>\n\t\t\t\t<\/div>\n\t\t\t\t\t<\/div>\n\t\t<\/div>\n\t\t\t\t\t<\/div>\n\t\t<\/section>\n\t\t\t\t<\/div>\n\t\t","protected":false},"excerpt":{"rendered":"<p>Jes\u00fas Zurita Ceuta, 1974 Exposiciones Individuales 2018\u201cBOCA DE ENERG\u00daMENO\u201d Galer\u00eda Artizar. Tenerife \u00a0 2017\u201cTODA LA CARNE ES HIERBA\u201d&#8230;<\/p>\n","protected":false},"author":3,"featured_media":0,"parent":0,"menu_order":0,"comment_status":"closed","ping_status":"closed","template":"","meta":{"footnotes":""},"class_list":["post-44750","page","type-page","status-publish","hentry"],"_links":{"self":[{"href":"https:\/\/artizar.es\/en\/wp-json\/wp\/v2\/pages\/44750","targetHints":{"allow":["GET"]}}],"collection":[{"href":"https:\/\/artizar.es\/en\/wp-json\/wp\/v2\/pages"}],"about":[{"href":"https:\/\/artizar.es\/en\/wp-json\/wp\/v2\/types\/page"}],"author":[{"embeddable":true,"href":"https:\/\/artizar.es\/en\/wp-json\/wp\/v2\/users\/3"}],"replies":[{"embeddable":true,"href":"https:\/\/artizar.es\/en\/wp-json\/wp\/v2\/comments?post=44750"}],"version-history":[{"count":1,"href":"https:\/\/artizar.es\/en\/wp-json\/wp\/v2\/pages\/44750\/revisions"}],"predecessor-version":[{"id":44751,"href":"https:\/\/artizar.es\/en\/wp-json\/wp\/v2\/pages\/44750\/revisions\/44751"}],"wp:attachment":[{"href":"https:\/\/artizar.es\/en\/wp-json\/wp\/v2\/media?parent=44750"}],"curies":[{"name":"wp","href":"https:\/\/api.w.org\/{rel}","templated":true}]}}