{"id":44758,"date":"2025-12-26T18:23:13","date_gmt":"2025-12-26T18:23:13","guid":{"rendered":"https:\/\/artizar.es\/bio-juan-carlos-batista\/"},"modified":"2025-12-26T18:23:14","modified_gmt":"2025-12-26T18:23:14","slug":"bio-juan-carlos-batista","status":"publish","type":"page","link":"https:\/\/artizar.es\/en\/bio-juan-carlos-batista\/","title":{"rendered":"Bio Juan Carlos Batista"},"content":{"rendered":"\t\t<div data-elementor-type=\"wp-page\" data-elementor-id=\"44758\" class=\"elementor elementor-44758 elementor-44521\" data-elementor-settings=\"{&quot;element_pack_global_tooltip_width&quot;:{&quot;unit&quot;:&quot;px&quot;,&quot;size&quot;:&quot;&quot;,&quot;sizes&quot;:[]},&quot;element_pack_global_tooltip_width_tablet&quot;:{&quot;unit&quot;:&quot;px&quot;,&quot;size&quot;:&quot;&quot;,&quot;sizes&quot;:[]},&quot;element_pack_global_tooltip_width_mobile&quot;:{&quot;unit&quot;:&quot;px&quot;,&quot;size&quot;:&quot;&quot;,&quot;sizes&quot;:[]},&quot;element_pack_global_tooltip_padding&quot;:{&quot;unit&quot;:&quot;px&quot;,&quot;top&quot;:&quot;&quot;,&quot;right&quot;:&quot;&quot;,&quot;bottom&quot;:&quot;&quot;,&quot;left&quot;:&quot;&quot;,&quot;isLinked&quot;:true},&quot;element_pack_global_tooltip_padding_tablet&quot;:{&quot;unit&quot;:&quot;px&quot;,&quot;top&quot;:&quot;&quot;,&quot;right&quot;:&quot;&quot;,&quot;bottom&quot;:&quot;&quot;,&quot;left&quot;:&quot;&quot;,&quot;isLinked&quot;:true},&quot;element_pack_global_tooltip_padding_mobile&quot;:{&quot;unit&quot;:&quot;px&quot;,&quot;top&quot;:&quot;&quot;,&quot;right&quot;:&quot;&quot;,&quot;bottom&quot;:&quot;&quot;,&quot;left&quot;:&quot;&quot;,&quot;isLinked&quot;:true},&quot;element_pack_global_tooltip_border_radius&quot;:{&quot;unit&quot;:&quot;px&quot;,&quot;top&quot;:&quot;&quot;,&quot;right&quot;:&quot;&quot;,&quot;bottom&quot;:&quot;&quot;,&quot;left&quot;:&quot;&quot;,&quot;isLinked&quot;:true},&quot;element_pack_global_tooltip_border_radius_tablet&quot;:{&quot;unit&quot;:&quot;px&quot;,&quot;top&quot;:&quot;&quot;,&quot;right&quot;:&quot;&quot;,&quot;bottom&quot;:&quot;&quot;,&quot;left&quot;:&quot;&quot;,&quot;isLinked&quot;:true},&quot;element_pack_global_tooltip_border_radius_mobile&quot;:{&quot;unit&quot;:&quot;px&quot;,&quot;top&quot;:&quot;&quot;,&quot;right&quot;:&quot;&quot;,&quot;bottom&quot;:&quot;&quot;,&quot;left&quot;:&quot;&quot;,&quot;isLinked&quot;:true}}\" data-elementor-post-type=\"page\">\n\t\t\t\t\t\t<section class=\"elementor-section elementor-top-section elementor-element elementor-element-4ba2d87 elementor-section-full_width elementor-section-height-min-height elementor-section-height-default elementor-section-items-middle\" data-id=\"4ba2d87\" data-element_type=\"section\" data-e-type=\"section\" data-settings=\"{&quot;background_background&quot;:&quot;classic&quot;}\">\n\t\t\t\t\t\t<div class=\"elementor-container elementor-column-gap-default\">\n\t\t\t\t\t<div class=\"elementor-column elementor-col-100 elementor-top-column elementor-element elementor-element-57aa4d6\" data-id=\"57aa4d6\" data-element_type=\"column\" data-e-type=\"column\">\n\t\t\t<div class=\"elementor-widget-wrap elementor-element-populated\">\n\t\t\t\t\t\t<div class=\"elementor-element elementor-element-707132d elementor-widget elementor-widget-heading\" data-id=\"707132d\" data-element_type=\"widget\" data-e-type=\"widget\" data-widget_type=\"heading.default\">\n\t\t\t\t<div class=\"elementor-widget-container\">\n\t\t\t\t\t<h2 class=\"elementor-heading-title elementor-size-default\">JUAN carlos batista<\/h2>\t\t\t\t<\/div>\n\t\t\t\t<\/div>\n\t\t\t\t<div class=\"elementor-element elementor-element-9506d76 elementor-widget elementor-widget-heading\" data-id=\"9506d76\" data-element_type=\"widget\" data-e-type=\"widget\" data-widget_type=\"heading.default\">\n\t\t\t\t<div class=\"elementor-widget-container\">\n\t\t\t\t\t<h2 class=\"elementor-heading-title elementor-size-default\">TENERIFE, 1960<\/h2>\t\t\t\t<\/div>\n\t\t\t\t<\/div>\n\t\t\t\t<div class=\"elementor-element elementor-element-01a2d7c elementor-widget elementor-widget-text-editor\" data-id=\"01a2d7c\" data-element_type=\"widget\" data-e-type=\"widget\" data-widget_type=\"text-editor.default\">\n\t\t\t\t<div class=\"elementor-widget-container\">\n\t\t\t\t\t\t\t\t\t<p><strong>EXPOSICIONES (SELECCI\u00d3N)<\/strong><\/p>\n<p><strong>2018<br \/><\/strong><\/p>\n<p><em>Carne triste<\/em>\u00a0(INDIVIDUAL). Casal Solleric. Palma de Mallorca. ES<\/p>\n<p><em>C\u00e1ndido Candide<\/em>. Centro Atl\u00e1ntico de Arte Moderno (CAAM). Las Palmas de Gran Canaria. ES<\/p>\n<p>Estampa. Feria de Arte Contempor\u00e1neo, con N2 Galer\u00eda. Madrid, ES<\/p>\n<p><strong>2017<\/strong><\/p>\n<p><em>Realidad casi humo<\/em>. Centro de Arte La Regenta. Las Palmas de Gran Canaria. (INDIVIDUAL)<\/p>\n<p><em>Tiempo es de que sea tiempo<\/em>. N2 Galer\u00eda. Barcelona. (INDIVIDUAL)<\/p>\n<p><strong>2016<\/strong><\/p>\n<p><em>Realidad casi humo<\/em>. TEA Tenerife Espacio de las Artes. Santa Cruz de Tenerife. (INDIVIDUAL)<\/p>\n<p><em>Cub\u00edculos Keroxen<\/em>, Espacio Cultural El Tanque, Santa Cruz de Tenerife.<\/p>\n<p>\u201cHomenaje a Clara Mu\u00f1oz\u201d, CAAM (Centro Atl\u00e1ntico de Arte Moderno). Las Palmas de Gran Canarias.<\/p>\n<p>\u201cDesde la incertidumbre\u201d, Galer\u00eda de Arte de la ULPGC. Las Palmas de Gran Canarias.<\/p>\n<p><em>An\u00f3nimos en el museo<\/em>. Museo Municipal de Santa Cruz de Tenerife.<\/p>\n<p><strong>2015<\/strong><\/p>\n<p><em>Exposici\u00f3n Surrealismo Tenerife. 80 a\u00f1os despu\u00e9s<\/em>. C\u00edrculo de Bellas Artes de Santa Cruz de Tenerife.<\/p>\n<p><strong>2014<\/strong><\/p>\n<p><em>Memoria de contrabando.<\/em>\u00a0Centro de Arte La Recova. Santa Cruz de Tenerife.<\/p>\n<p><em>Trayecto SAC<\/em>. SAC (Sala de Arte Contempor\u00e1neo). Casa de Cultura-Parque de la Granja. Santa Cruz de Tenerife.<\/p>\n<p><em>Fuerteventura la isla imaginada<\/em>. Centro de Arte Juan Ismael. Fuerteventura.<\/p>\n<p><strong>2013<\/strong><\/p>\n<p><em>El cronista bipolar<\/em>. Galer\u00eda Artizar. La Laguna. Tenerife. (INDIVIDUAL)<\/p>\n<p><em>Presque le hasard.<\/em>\u00a0Museo Bereber de Agadir. Marruecos.<\/p>\n<p><em>Asimetr\u00edas. Visiones en la Colecci\u00f3n del Centro de Fotograf\u00eda.\u00a0<\/em>TEA Tenerife Espacio de las Artes. Tenerife.<\/p>\n<p><em>\u00a0Presque le hasard<\/em>. Instituto Cervantes de Casablanca. Marruecos.<\/p>\n<p><em>ObseSiones insulares .\u00a0<\/em>C\u00edrculo de Bellas Artes de Santa Cruz de Tenerife.<\/p>\n<p><em>Pinta London<\/em>. Galer\u00eda Nieves Fern\u00e1ndez. Londres.<\/p>\n<p><em>El lugar, el reflejo, el fantasma<\/em>. Galer\u00eda Liebre. Madrid.<\/p>\n<p>ARCO. Galer\u00eda Nieves Fern\u00e1ndez. Madrid.<\/p>\n<p><strong>2012<\/strong><\/p>\n<p><em>El paisaje amn\u00e9sico.<\/em>\u00a0OFF PHE12. Galer\u00eda Nieves Fern\u00e1ndez. Madrid. (INDIVIDUAL)<\/p>\n<p><em>Pulse Miami<\/em>. Galer\u00eda Nieves Fern\u00e1ndez. USA.<\/p>\n<p>Ch.ACO\u201912. Galer\u00eda Nieves Fern\u00e1ndez. Chile.<\/p>\n<p><em>Zoolog\u00eda Fant\u00e1stica<\/em>. TEA Tenerife Espacio de Artes. Santa Cruz de Tenerife.<\/p>\n<p><em>Cartograf\u00eda y paisaje en Canarias de lo sublime y lo subliminal<\/em>. La Recova. Santa Cruz de Tenerife.<\/p>\n<p>ARCO. Galer\u00eda Nievez Fern\u00e1ndez. Madrid.<\/p>\n<p><strong>2011<\/strong><\/p>\n<p><em>Rom\u00e1nticos y realistas<\/em>. XI Bienal Internacional de Fotograf\u00eda de Tenerife Fotonoviembre. Espacio Canarias. Madrid.(INDIVIDUAL)<\/p>\n<p><em>Territorio 15.07_28.08<\/em>. Museo de la Naturaleza y el Hombre. Observatorio del Paisaje de Canarias. II Bienal de Canarias Arquitectura, Arte y Paisaje. Santa Cruz de Tenerife.<\/p>\n<p><em>Pulse Miami<\/em>. Galer\u00eda Nieves Fern\u00e1ndez. USA.<\/p>\n<p><em>Batista Blancas Roca.\u00a0<\/em>Casa de los Coronoles. Fuerteventura.<\/p>\n<p><em>El museo Fabulado.<\/em>\u00a0Museo de la Naturaleza y el Hombre. Santa Cruz de Tenerife.<\/p>\n<p><em>Batista Blancas Roca<\/em>. Instituto Canarias Cabrera Pinto. La Laguna. Tenerife.<\/p>\n<p><strong>2010<\/strong><\/p>\n<p><em>La Tierra de los prodigios<\/em>. Abad\u00eda de los Silos. Tenerife. (INDIVIDUAL)<\/p>\n<p><em>Fres das hotel.\u00a0<\/em>Das Hotel. Berl\u00edn.<\/p>\n<p><em>Batista Blancas Roca.\u00a0<\/em>Gabinete Literario. Las Palmas de Gran Canaria.<\/p>\n<p><em>Et in Arcadia Ego<\/em>. TEA Tenerife Espacio de las Artes. Santa Cruz de Tenerife.<\/p>\n<p><em>Reina 39.\u00a0<\/em>Reina 39. Madrid.<\/p>\n<p><strong>2009<\/strong><\/p>\n<p><em>La Colecci\u00f3n 2. La densidad de del aire, la levedad de la tierra.\u00a0<\/em>TEA Tenerife Espacio de las Artes. Santa Cruz de Tenerife.<\/p>\n<p><strong>2008<\/strong><\/p>\n<p>II Bienal de Arquitectura, Arte y Naturaleza de Canarias. TEA Tenerife Espacio de las Artes. Santa Cruz de Tenerife.<\/p>\n<p><em>La Colecci\u00f3n 2<\/em>, TEA Tenerife Espacio de las Artes. Santa Cruz de Tenerife.<\/p>\n<p><em>Canarios por un tubo<\/em>. Sala Juan Francisco Manzano. Matanzas. Cuba.<\/p>\n<p>La II Vinal Bienal de Arte y Vino Tacoronte Acentejo. Antigua Sala CajaCanarias de La Laguna.<\/p>\n<p><em>Rastros<\/em>. Casa de los Coroneles. Fuerteventura.<\/p>\n<p><em>8.1. Distorsiones. Documentos. Nader\u00edas y Relatos<\/em>. CAAM Centro Atl\u00e1ntico de Arte Moderno. Las Palmas de Gran Canaria.<\/p>\n<p><strong>2007<\/strong><\/p>\n<p><em>El animal inconsolable<\/em>. Casa Principal de Salazar. Santa Cruz de la Palma. (INDIVIDUAL)<\/p>\n<p><em>El animal inconsolable<\/em>. Centros de Arte Contempor\u00e1neo. Santa Cruz de<\/p>\n<p>Tenerife. (INDIVIDUAL)<\/p>\n<p><em>Duermevela<\/em>. Galer\u00eda Spectrum Sotos. Zaragoza. (INDIVIDUAL)<\/p>\n<p>IV Bienal de Fotograf\u00eda de Lanzarote. Convento de Santo Domingo. Teguise. Lanzarote.<\/p>\n<p><em>El sue\u00f1o del durmiente<\/em>. Centro de Arte Juan Ismael. Fuerteventura.<\/p>\n<p><em>El sue\u00f1o del durmiente<\/em>. Sala CajaCanarias. Santa Cruz de Tenerife.<\/p>\n<p><em>La isla surreal<\/em>. Centro de Arte Juan Ismael. Fuerteventura.<\/p>\n<p><em>Memoria del paisaje<\/em>. Museo Nacional. Nouakchott. Mauritania.<\/p>\n<p><strong>2006<\/strong><\/p>\n<p>I Bienal de Arquitectura, Arte y Naturaleza de Canarias. Parque Hamilton, Tacoronte y El M\u00e9dano. Tenerife.<\/p>\n<p>FOTOSEPTIEMBRE-USA. City of San Antonio International Center. Texas. USA.<\/p>\n<p>VII Bienal de Miniaturas.\u00a0 Ermita de Bajamar. La Laguna. Tenerife.<\/p>\n<p><em>Encuentro en el parque. Dibujos<\/em>.\u00a0 Parque Garcia Sanabria. Tenerife.<\/p>\n<p>Premio de Escultura Caja Espa\u00f1a 2005. Sala de Exposiciones Consulado del Mar Paseo del Espol\u00f3n. Burgos.<\/p>\n<p>Sala Municipal\u00a0 de Exposiciones Teatro Calder\u00f3n. Valladolid.<\/p>\n<p>Sala de Exposiciones La Salina. Diputaci\u00f3n de Salamanca.<\/p>\n<p>Centro Cultural Caja Espa\u00f1a. Zamora.<\/p>\n<p><em>El paisaje inventado.\u00a0<\/em>Museo de Angra do Hero\u00edsmo. Terceira. Azores. Portugal.<\/p>\n<p><em>Revivir \u00d3scar Dom\u00ednguez<\/em>. Galer\u00eda Artizar. La Laguna. Espa\u00f1a.<\/p>\n<p><em>El paisaje inventado.<\/em>\u00a0Museo da Electricidade. Funchal. Madeiras. Portugal.<\/p>\n<p><strong>2005<\/strong><\/p>\n<p><em>La m\u00e9moire invent\u00e9e<\/em>. Galer\u00eda de la Fnac de Nancy. Francia. (INDIVIDUAL)<\/p>\n<p><em>Desde la ciudad. Fotograf\u00edas<\/em>. Gabinete Literario. Las Palmas de Gran Canaria.<\/p>\n<p><em>El paisaje inventado<\/em>.\u00a0<em>Fotograf\u00edas<\/em>. PADD. Las Palmas\u00a0 de Gran Canaria.<\/p>\n<p><em>Desde la ciudad. Fotograf\u00edas<\/em>. C\u00edrculo de Bellas Artes de Tenerife.<\/p>\n<p><strong>2004<\/strong><\/p>\n<p><em>Made of sterner stuff<\/em>. Glass Art Gallery Simone. Mesiac fotografie Bratislava.\u00a0 Rep\u00fablica de Eslovakia. (INDIVIDUAL)<\/p>\n<p><em>MacDuff Interios<\/em>. Galer\u00eda Jeffrey Charles. Londres<\/p>\n<p>6eme\u00a0 Bienale de L\u2019Art Africain Contemporain. Dak\u00b4artOff\u00a0 2004. Senegal.<\/p>\n<p><em>Paraiso y emigraci\u00f3n<\/em>. Canarias Crea. Real Jard\u00edn Bot\u00e1nico. Madrid.<\/p>\n<p><strong>2003<\/strong><\/p>\n<p><em>Proyecta<\/em>. CAAM Centro Atl\u00e1ntico\u00a0 de Arte Moderno \u2013 San Antonio Abad. Las Palmas de Gran Canaria. (INDIVIDUAL)<\/p>\n<p><em>Esculturas<\/em>. Galer\u00eda\u00a0 Artizar. La Laguna. Tenerife. (INDIVIDUAL)<\/p>\n<p><em>Pathology of War<\/em>. Comisariada por Antonio Zaya. Martinez Gallery. Nueva York. (INDIVIDUAL)<\/p>\n<p>II Bienal Riofisa. C\u00edrculo de Bellas Artes. Madrid.<\/p>\n<p><em>Peque\u00f1os Placeres<\/em>. V Bienal de Miniaturas. La Xina-Art. Barcelona.<\/p>\n<p>ARCO. Centro de Fotograf\u00eda \u00abIsla de Tenerife\u00bb e IODACC. Madrid.<\/p>\n<p><strong>2002<\/strong><\/p>\n<p><em>Patolog\u00edas\u00a0 de Guerra<\/em>. Centro de Fotograf\u00eda \u00abIsla de Tenerife\u00bb. Tenerife. (INDIVIDUAL)<\/p>\n<p><em>Fraude de realidade<\/em>. Fundaci\u00f3n\u00a0 Seoanes. La Coru\u00f1a. Espa\u00f1a.<\/p>\n<p><em>Esto no es una fotograf\u00eda<\/em>. CAAM Centro Atl\u00e1ntico de Arte Moderno. Las Palmas de Gran Canaria.<\/p>\n<p><em>Fuera de Formato<\/em>. C\u00edrculo de Bellas Artes de Santa Cruz de Tenerife.<\/p>\n<p><strong>2001<\/strong><\/p>\n<p><em>Expediciones.<\/em>\u00a0I Bienal de Fotograf\u00eda de Lanzarote. San Bartolom\u00e9. Lanzarote.<\/p>\n<p><em>Tenerife fin de siglo<\/em>. VI Bienal Internacional de Fotograf\u00eda de Tenerife Fotonoviembre. Tegueste. Tenerife.<\/p>\n<p><em>Esto no es una fotograf\u00eda.<\/em>\u00a0Centro de Fotograf\u00eda \u00abIsla de Tenerife\u00bb. Tenerife.<\/p>\n<p><em>African Carpet<\/em>. Grupo Matacan. Galer\u00eda Vegueta. ARCO. Madrid.<\/p>\n<p><strong>2000<\/strong><\/p>\n<p><em>La manzana verde<\/em>. Sala Los Lavaderos. Santa Cruz de Tenerife.<\/p>\n<p><em>Instalaci\u00f3n<\/em>. Espacio\u00a0 Cultural Las\u00a0 Cruces. Madrid.<\/p>\n<p><em>Amnist\u00eda Internacional<\/em>. Ateneo\u00a0 de La Laguna. Tenerife.<\/p>\n<p><em>Empaquetado del arte<\/em>. IV Muestra de Expresi\u00f3n Gr\u00e1fica Contempor\u00e1nea. Tenerife.<\/p>\n<p><em>Poco despu\u00e9s<\/em>. Centro de Arte La Regenta. Las Palmas de Gran Canaria.<\/p>\n<p><strong>1999<\/strong><\/p>\n<p><em>Exposici\u00f3n De Pipas y Esculturas<\/em>. Sala Prebendado Pacheco. Tegueste. Tenerife. (INDIVIDUAL)<\/p>\n<p><em>Trampas de la memoria<\/em>. Ateneo de La Laguna. Tenerife. (INDIVIDUAL)<\/p>\n<p><em>Un Rato Antes, Un Rato Despu\u00e9s<\/em>. Casa de Cultura-Parque de la Granja. Tenerife.<\/p>\n<p><em>Convergencias-Divergencias<\/em>. CAAM Centro Atl\u00e1ntico de Arte Contempor\u00e1neo. Las Palmas de Gran Canaria.<\/p>\n<p><em>El Mar<\/em>. III Bienal de Miniaturas.\u00a0 Ateneo de La Laguna. Tenerife.<\/p>\n<p><em>La Isla Taller<\/em>. Centro de Arte La Recova. Tenerife.<\/p>\n<p><em>Pipas<\/em>. Feria Internacional de C\u00f3rdoba. Argentina.\u00ad\u00ad<\/p>\n<p><strong>1997<\/strong><\/p>\n<p><em>Tienda de Humanidades<\/em>. IV Bienal Internacional de Fotograf\u00eda de Tenerife Fotonoviembre. Universidad de La Laguna. Tenerife. (INDIVIDUAL)<\/p>\n<p><strong>1995<\/strong><\/p>\n<p><em>El Habitat de la Bestia<\/em>. III Bienal Internacional de Fotograf\u00eda de Tenerife Fotonoviembre. Sala Paraninfo, Universidad de La Laguna. Tenerife. (INDIVIDUAL)<\/p>\n<p><strong>OBRA EN COLECCIONES<\/strong><\/p>\n<p>Gobierno de Canarias<\/p>\n<p>TEA Tenerife Espacio de las Artes<\/p>\n<p>Museo Olor Visual. Barcelona<\/p>\n<p>Ateneo de La Laguna.<\/p>\n<p>Ayuntamiento de la Villa de Tegueste<\/p>\n<p>Museo de Angra do Hero\u00edsmo. Terceira. Azores. Portugal<\/p>\n<p>Grup De Re\u00fcll. Alicante<\/p>\n<p>MIAC Museo Internacional de Arte Contempor\u00e1neo de Lanzarote<\/p>\n<p>Gobierno de Navarra<\/p>\n\t\t\t\t\t\t\t\t<\/div>\n\t\t\t\t<\/div>\n\t\t\t\t\t<\/div>\n\t\t<\/div>\n\t\t\t\t\t<\/div>\n\t\t<\/section>\n\t\t\t\t<\/div>\n\t\t","protected":false},"excerpt":{"rendered":"<p>JUAN carlos batista TENERIFE, 1960 EXPOSICIONES (SELECCI\u00d3N) 2018 Carne triste\u00a0(INDIVIDUAL). Casal Solleric. Palma de Mallorca. ES C\u00e1ndido Candide&#8230;.<\/p>\n","protected":false},"author":3,"featured_media":0,"parent":0,"menu_order":0,"comment_status":"closed","ping_status":"closed","template":"","meta":{"footnotes":""},"class_list":["post-44758","page","type-page","status-publish","hentry"],"_links":{"self":[{"href":"https:\/\/artizar.es\/en\/wp-json\/wp\/v2\/pages\/44758","targetHints":{"allow":["GET"]}}],"collection":[{"href":"https:\/\/artizar.es\/en\/wp-json\/wp\/v2\/pages"}],"about":[{"href":"https:\/\/artizar.es\/en\/wp-json\/wp\/v2\/types\/page"}],"author":[{"embeddable":true,"href":"https:\/\/artizar.es\/en\/wp-json\/wp\/v2\/users\/3"}],"replies":[{"embeddable":true,"href":"https:\/\/artizar.es\/en\/wp-json\/wp\/v2\/comments?post=44758"}],"version-history":[{"count":1,"href":"https:\/\/artizar.es\/en\/wp-json\/wp\/v2\/pages\/44758\/revisions"}],"predecessor-version":[{"id":44759,"href":"https:\/\/artizar.es\/en\/wp-json\/wp\/v2\/pages\/44758\/revisions\/44759"}],"wp:attachment":[{"href":"https:\/\/artizar.es\/en\/wp-json\/wp\/v2\/media?parent=44758"}],"curies":[{"name":"wp","href":"https:\/\/api.w.org\/{rel}","templated":true}]}}